{"id":15139,"date":"2024-09-11T22:55:10","date_gmt":"2024-09-11T19:55:10","guid":{"rendered":"https:\/\/www.farklabs.com\/?post_type=event&#038;p=15139"},"modified":"2024-11-08T19:08:06","modified_gmt":"2024-11-08T16:08:06","slug":"info-etkinligi-competence-hub-open-call-eit-urban-mobility","status":"publish","type":"event","link":"https:\/\/www.farklabs.com\/tr\/etkinlik\/info-etkinligi-competence-hub-open-call-eit-urban-mobility\/","title":{"rendered":"\u0130nfo Etkinli\u011fi: Competence Hub Open Call-EIT Urban Mobility"},"content":{"rendered":"\n<p>EIT Urban Mobility RIS Hub T\u00fcrkiye ekibi, <strong><em>17 Eyl\u00fcl Sal\u0131<\/em><\/strong> g\u00fcn\u00fc saat <strong><em>10.00 \u2013 11.00 <\/em><\/strong>aras\u0131nda online olarak <strong><em>EIT Urban Mobility<\/em><\/strong> taraf\u0131ndan organize edilen <strong><em><a href=\"https:\/\/www.eiturbanmobility.eu\/competence-hub-open-call\/\" target=\"_blank\" rel=\"noreferrer noopener\"> Competence Hub Open Call<\/a><\/em><\/strong> \u00e7a\u011fr\u0131s\u0131 hakk\u0131nda bilgilendirme etkinli\u011fi d\u00fczenleyecektir.<\/p>\n\n\n\n<p>\ud83d\udccc <strong>Kay\u0131t olanlara zoom linki mail \u00fczerinden g\u00f6nderilecektir.<\/strong><\/p>\n\n\n\n<hr class=\"wp-block-separator has-alpha-channel-opacity\"\/>\n\n\n\n<p>Avrupa Yenilik ve Teknoloji Enstit\u00fcs\u00fcne (EIT) ba\u011fl\u0131 Kentsel Hareketlilik Bilgi ve Yenilik Toplulu\u011fu (Urban Mobility KIC)) ana hedeflerinden biri, kentsel mobilite alan\u0131ndaki bilgi bo\u015flu\u011funu kapatmak ve ya\u015fanabilir kentsel alanlar i\u00e7in mobilitenin geli\u015fimini sa\u011flamakt\u0131r. Bu, ya\u015fam boyu \u00f6\u011frenme perspektifinde inovasyon ve giri\u015fimcilik becerilerinin te\u015fvik edilmesini de i\u00e7ermektedir.<\/p>\n\n\n\n<p>Mevcut operasyonlar\u0131 iyile\u015ftirmek i\u00e7in s\u00fcrekli olarak yeni e\u011fitim y\u00f6ntemleri, i\u00e7erikler ve i\u015f modelleri geli\u015ftirme ihtiyac\u0131 bulunmaktad\u0131r. Deneysel bir yakla\u015f\u0131ma sahip olmal\u0131 ve i\u015fe yarad\u0131\u011f\u0131 kan\u0131tland\u0131\u011f\u0131nda tekrar edilebilecek ve \u00f6l\u00e7eklendirilebilecek yeni fikirleri test etmeliyiz. H\u0131zl\u0131 ve verimli bir \u015fekilde uygun i\u00e7erik sunabilmek ve \u00fcretebilmek i\u00e7in mevcut olanlardan farkl\u0131 yeni \u00f6\u011frenme formatlar\u0131n\u0131 ve y\u00f6ntemlerini kullanarak yeteneklerimizi geli\u015ftirmemiz gerekiyor.<\/p>\n\n\n\n<p>EIT Urban Mobility&#8217;nin, e\u011fitim portf\u00f6y\u00fcn\u00fcn kalitesi ve etkisi yoluyla y\u00fcksek kaliteli e\u011fitim sunmas\u0131, geni\u015f bir kitleye ve pazara ula\u015fmas\u0131 ve kal\u0131c\u0131 bir etki ile tan\u0131nmas\u0131 zorunludur. Yetkinlik Merkezi faaliyetleri, EIT fonlar\u0131n\u0131n katalize etti\u011fi de\u011feri ekosistem ve EIT Urban Mobility&#8217;nin t\u00fcm ilgili payda\u015flar\u0131 ve \u00fcyeleri i\u00e7in yeni, ek, uzun vadeli de\u011fer yaratmal\u0131 ve bu de\u011feri art\u0131rmal\u0131d\u0131r.<\/p>\n\n\n\n<h2 class=\"wp-block-heading\" id=\"h-competence-hub-acik-cagrinin-ana-ozellikleri\"><a href=\"https:\/\/www.eiturbanmobility.eu\/competence-hub-open-call\/\" target=\"_blank\" rel=\"noreferrer noopener\">Competence Hub A\u00e7\u0131k \u00c7a\u011fr\u0131n\u0131n<\/a> Ana \u00d6zellikleri<\/h2>\n\n\n\n<p>Bu, be\u015f belirli t\u00fcrde etkinli\u011fi hedefleyen uzun vadeli bir a\u00e7\u0131k \u00e7a\u011fr\u0131d\u0131r:<\/p>\n\n\n\n<ul class=\"wp-block-list\">\n<li>CHA1: E-course (SOC and MOOC) production<\/li>\n\n\n\n<li>CHA2: Face-to-face synchronous course (or Applied Course) commercialisation and delivery<\/li>\n\n\n\n<li>CHA3: Applied Course complying with the EIT Urban Mobility Quality System for Non-Degree Education and Training (EIT Label), design and delivery<\/li>\n\n\n\n<li>CHA4: Applied Course complying with the EIT Label, commercialisation and delivery<\/li>\n\n\n\n<li>CHA5: Replication, scaling-up, remodelling and B2B commercialisation of existing courses and trainings (CHA5)<\/li>\n<\/ul>\n\n\n\n<p><strong>\u0130leti\u015fim Bilgileri<\/strong><\/p>\n\n\n\n<p>Ba\u015fvurular\u0131n haz\u0131rlanmas\u0131 s\u0131ras\u0131nda, ba\u015fvuru sahipleri Academy ekibi ile <a href=\"mailto:academycall@eiturbanmobility.eu\" target=\"_blank\" rel=\"noreferrer noopener\">academycall@eiturbanmobility.eu<\/a> adresinden ileti\u015fime ge\u00e7ebilirler.<\/p>\n\n\n\n<p>Detaylar ve ba\u015fvuru i\u00e7in: <a href=\"https:\/\/www.eiturbanmobility.eu\/competence-hub-open-call\/\" target=\"_blank\" rel=\"noreferrer noopener\">https:\/\/www.eiturbanmobility.eu\/competence-hub-open-call\/<\/a><\/p>\n\n\n\n<ul class=\"wp-block-list\">\n<li><strong>\u0130kinci Son Ba\u015fvuru Tarihi:<\/strong> 30 Eyl\u00fcl 2024, saat 17:00 CET<\/li>\n\n\n\n<li><strong>Uygunluk ve Kabul Kontrol\u00fc:<\/strong> Ekim 2024<\/li>\n\n\n\n<li><strong>Tekliflerin De\u011ferlendirilmesi:<\/strong> Ekim-Kas\u0131m 2024<\/li>\n\n\n\n<li><strong>Sonu\u00e7lar\u0131n \u0130letilmesi:<\/strong> Aral\u0131k 2024<\/li>\n\n\n\n<li><strong>Projelerin Tahmini Ba\u015flang\u0131\u00e7 Tarihi:<\/strong> Ocak 2025<\/li>\n<\/ul>\n\n\n\n<p>Bu \u00f6zel etkinli\u011fimize kat\u0131larak EIT UM Competence Hub Open Call<\/p>\n\n\n\n<p>program\u0131 hakk\u0131nda daha fazla bilgi edinmek ve nas\u0131l ba\u015fvuraca\u011f\u0131n\u0131z\u0131 \u00f6\u011frenmek i\u00e7in davetlisiniz.<\/p>\n\n\n\n<hr class=\"wp-block-separator has-alpha-channel-opacity\"\/>\n\n\n\n<p>*<a href=\"https:\/\/www.farklabs.com\/tr\/odak-alanlari\/mobilite\/eit-urban-mobility-ris-hub-turkiye\/\" target=\"_blank\" rel=\"noreferrer noopener\"><strong>EIT Urban Mobility RIS Hub T\u00fcrkiye<\/strong><\/a>\u00a0(Avrupa \u0130novasyon ve Teknoloji Enstit\u00fcs\u00fc Kentsel Hareketlilik B\u00f6lgesel Planlama Merkezi), T\u00fcrkiye\u2019de kentsel hareketlilik alan\u0131nda fark\u0131ndal\u0131\u011f\u0131 art\u0131rmak, yeni kentsel hareketlilik teknolojilerini payla\u015fmak, yerel payda\u015flar\u0131 uluslararas\u0131 EIT Kentsel Hareketlilik toplulu\u011fuyla bulu\u015fturmak \u00fczere,\u00a0<strong>Fark Labs<\/strong>\u00a0ve <strong>Sabanc\u0131 \u00dcniversitesi<\/strong>\u00a0i\u015f birli\u011fiyle faaliyet g\u00f6steriyor. Merkez arac\u0131l\u0131\u011f\u0131yla giri\u015fimlere mentorluk, networking, bilgiye ve finansmana eri\u015fim, EIT ekosistem ortaklar\u0131yla bulu\u015fma gibi olanaklar sunuyor.<\/p>\n","protected":false},"excerpt":{"rendered":"<p>EIT Urban Mobility RIS Hub T\u00fcrkiye ekibi, 17 Eyl\u00fcl Sal\u0131 g\u00fcn\u00fc saat 10.00 \u2013 11.00 aras\u0131nda online olarak EIT Urban Mobility taraf\u0131ndan organize edilen  Competence Hub Open Call \u00e7a\u011fr\u0131s\u0131 hakk\u0131nda bilgilendirme etkinli\u011fi d\u00fczenleyecektir.<\/p>\n","protected":false},"featured_media":15141,"template":"","format":"standard","meta":{"_acf_changed":false,"om_disable_all_campaigns":false,"footnotes":""},"events":[329,330],"class_list":["post-15139","event","type-event","status-publish","format-standard","has-post-thumbnail","hentry","category_event-fark-labs-events-tr","category_event-mobility-tr","entry"],"acf":[],"yoast_head":"<!-- This site is optimized with the Yoast SEO Premium plugin v27.3 (Yoast SEO v27.3) - https:\/\/yoast.com\/product\/yoast-seo-premium-wordpress\/ -->\n<title>\u0130nfo Etkinli\u011fi: Competence Hub Open Call-EIT Urban Mobility<\/title>\n<meta name=\"description\" content=\"Detayl\u0131 bilgi almak i\u00e7in 17 Eyl\u00fcl Sal\u0131 g\u00fcn\u00fc saat 10.00 \u2013 11.00 aras\u0131nda online etkinli\u011fimize davetlisiniz.\" \/>\n<meta name=\"robots\" content=\"index, follow, max-snippet:-1, max-image-preview:large, max-video-preview:-1\" \/>\n<link rel=\"canonical\" href=\"https:\/\/www.farklabs.com\/tr\/etkinlik\/info-etkinligi-competence-hub-open-call-eit-urban-mobility\/\" \/>\n<meta property=\"og:locale\" content=\"tr_TR\" \/>\n<meta property=\"og:type\" content=\"article\" \/>\n<meta property=\"og:title\" content=\"\u0130nfo Etkinli\u011fi: Competence Hub Open Call-EIT Urban Mobility\" \/>\n<meta property=\"og:description\" content=\"Detayl\u0131 bilgi almak i\u00e7in 17 Eyl\u00fcl Sal\u0131 g\u00fcn\u00fc saat 10.00 \u2013 11.00 aras\u0131nda online etkinli\u011fimize davetlisiniz.\" \/>\n<meta property=\"og:url\" content=\"https:\/\/www.farklabs.com\/tr\/etkinlik\/info-etkinligi-competence-hub-open-call-eit-urban-mobility\/\" \/>\n<meta property=\"og:site_name\" content=\"Fark Labs\" \/>\n<meta property=\"article:publisher\" content=\"https:\/\/www.facebook.com\/farklabs\/\" \/>\n<meta property=\"article:modified_time\" content=\"2024-11-08T16:08:06+00:00\" \/>\n<meta property=\"og:image\" content=\"https:\/\/www.farklabs.com\/wp-content\/uploads\/2024\/09\/17_Eylul_2024_EITUrbanMobility_Competence_Hub_Open_Call-1200.jpg\" \/>\n\t<meta property=\"og:image:width\" content=\"1200\" \/>\n\t<meta property=\"og:image:height\" content=\"630\" \/>\n\t<meta property=\"og:image:type\" content=\"image\/jpeg\" \/>\n<meta name=\"twitter:card\" content=\"summary_large_image\" \/>\n<meta name=\"twitter:site\" content=\"@farklabs\" \/>\n<meta name=\"twitter:label1\" content=\"Tahmini okuma s\u00fcresi\" \/>\n\t<meta name=\"twitter:data1\" content=\"2 dakika\" \/>\n<script type=\"application\/ld+json\" class=\"yoast-schema-graph\">{\"@context\":\"https:\\\/\\\/schema.org\",\"@graph\":[{\"@type\":\"WebPage\",\"@id\":\"https:\\\/\\\/www.farklabs.com\\\/tr\\\/etkinlik\\\/info-etkinligi-competence-hub-open-call-eit-urban-mobility\\\/\",\"url\":\"https:\\\/\\\/www.farklabs.com\\\/tr\\\/etkinlik\\\/info-etkinligi-competence-hub-open-call-eit-urban-mobility\\\/\",\"name\":\"\u0130nfo Etkinli\u011fi: Competence Hub Open Call-EIT Urban Mobility\",\"isPartOf\":{\"@id\":\"https:\\\/\\\/www.farklabs.com\\\/#website\"},\"primaryImageOfPage\":{\"@id\":\"https:\\\/\\\/www.farklabs.com\\\/tr\\\/etkinlik\\\/info-etkinligi-competence-hub-open-call-eit-urban-mobility\\\/#primaryimage\"},\"image\":{\"@id\":\"https:\\\/\\\/www.farklabs.com\\\/tr\\\/etkinlik\\\/info-etkinligi-competence-hub-open-call-eit-urban-mobility\\\/#primaryimage\"},\"thumbnailUrl\":\"https:\\\/\\\/www.farklabs.com\\\/wp-content\\\/uploads\\\/2024\\\/09\\\/17_Eylul_2024_EITUrbanMobility_Competence_Hub_Open_Call_1088.jpg\",\"datePublished\":\"2024-09-11T19:55:10+00:00\",\"dateModified\":\"2024-11-08T16:08:06+00:00\",\"description\":\"Detayl\u0131 bilgi almak i\u00e7in 17 Eyl\u00fcl Sal\u0131 g\u00fcn\u00fc saat 10.00 \u2013 11.00 aras\u0131nda online etkinli\u011fimize davetlisiniz.\",\"breadcrumb\":{\"@id\":\"https:\\\/\\\/www.farklabs.com\\\/tr\\\/etkinlik\\\/info-etkinligi-competence-hub-open-call-eit-urban-mobility\\\/#breadcrumb\"},\"inLanguage\":\"tr\",\"potentialAction\":[{\"@type\":\"ReadAction\",\"target\":[\"https:\\\/\\\/www.farklabs.com\\\/tr\\\/etkinlik\\\/info-etkinligi-competence-hub-open-call-eit-urban-mobility\\\/\"]}]},{\"@type\":\"ImageObject\",\"inLanguage\":\"tr\",\"@id\":\"https:\\\/\\\/www.farklabs.com\\\/tr\\\/etkinlik\\\/info-etkinligi-competence-hub-open-call-eit-urban-mobility\\\/#primaryimage\",\"url\":\"https:\\\/\\\/www.farklabs.com\\\/wp-content\\\/uploads\\\/2024\\\/09\\\/17_Eylul_2024_EITUrbanMobility_Competence_Hub_Open_Call_1088.jpg\",\"contentUrl\":\"https:\\\/\\\/www.farklabs.com\\\/wp-content\\\/uploads\\\/2024\\\/09\\\/17_Eylul_2024_EITUrbanMobility_Competence_Hub_Open_Call_1088.jpg\",\"width\":1088,\"height\":496},{\"@type\":\"BreadcrumbList\",\"@id\":\"https:\\\/\\\/www.farklabs.com\\\/tr\\\/etkinlik\\\/info-etkinligi-competence-hub-open-call-eit-urban-mobility\\\/#breadcrumb\",\"itemListElement\":[{\"@type\":\"ListItem\",\"position\":1,\"name\":\"Home\",\"item\":\"https:\\\/\\\/www.farklabs.com\\\/tr\\\/\"},{\"@type\":\"ListItem\",\"position\":2,\"name\":\"Events\",\"item\":\"https:\\\/\\\/www.farklabs.com\\\/event\\\/\"},{\"@type\":\"ListItem\",\"position\":3,\"name\":\"\u0130nfo Etkinli\u011fi: Competence Hub Open Call-EIT Urban Mobility\"}]},{\"@type\":\"WebSite\",\"@id\":\"https:\\\/\\\/www.farklabs.com\\\/#website\",\"url\":\"https:\\\/\\\/www.farklabs.com\\\/\",\"name\":\"Fark Labs\",\"description\":\"Better. Future. Together.\",\"publisher\":{\"@id\":\"https:\\\/\\\/www.farklabs.com\\\/#organization\"},\"potentialAction\":[{\"@type\":\"SearchAction\",\"target\":{\"@type\":\"EntryPoint\",\"urlTemplate\":\"https:\\\/\\\/www.farklabs.com\\\/?s={search_term_string}\"},\"query-input\":{\"@type\":\"PropertyValueSpecification\",\"valueRequired\":true,\"valueName\":\"search_term_string\"}}],\"inLanguage\":\"tr\"},{\"@type\":\"Organization\",\"@id\":\"https:\\\/\\\/www.farklabs.com\\\/#organization\",\"name\":\"Fark Labs\",\"url\":\"https:\\\/\\\/www.farklabs.com\\\/\",\"logo\":{\"@type\":\"ImageObject\",\"inLanguage\":\"tr\",\"@id\":\"https:\\\/\\\/www.farklabs.com\\\/#\\\/schema\\\/logo\\\/image\\\/\",\"url\":\"https:\\\/\\\/www.farklabs.com\\\/wp-content\\\/uploads\\\/2022\\\/04\\\/1-Fark-Labs-logo1.png\",\"contentUrl\":\"https:\\\/\\\/www.farklabs.com\\\/wp-content\\\/uploads\\\/2022\\\/04\\\/1-Fark-Labs-logo1.png\",\"width\":337,\"height\":150,\"caption\":\"Fark Labs\"},\"image\":{\"@id\":\"https:\\\/\\\/www.farklabs.com\\\/#\\\/schema\\\/logo\\\/image\\\/\"},\"sameAs\":[\"https:\\\/\\\/www.facebook.com\\\/farklabs\\\/\",\"https:\\\/\\\/x.com\\\/farklabs\",\"https:\\\/\\\/www.instagram.com\\\/farklabs\\\/\",\"https:\\\/\\\/www.linkedin.com\\\/company\\\/farklabs\\\/\",\"https:\\\/\\\/www.youtube.com\\\/c\\\/farklabs\"]}]}<\/script>\n<!-- \/ Yoast SEO Premium plugin. -->","yoast_head_json":{"title":"\u0130nfo Etkinli\u011fi: Competence Hub Open Call-EIT Urban Mobility","description":"Detayl\u0131 bilgi almak i\u00e7in 17 Eyl\u00fcl Sal\u0131 g\u00fcn\u00fc saat 10.00 \u2013 11.00 aras\u0131nda online etkinli\u011fimize davetlisiniz.","robots":{"index":"index","follow":"follow","max-snippet":"max-snippet:-1","max-image-preview":"max-image-preview:large","max-video-preview":"max-video-preview:-1"},"canonical":"https:\/\/www.farklabs.com\/tr\/etkinlik\/info-etkinligi-competence-hub-open-call-eit-urban-mobility\/","og_locale":"tr_TR","og_type":"article","og_title":"\u0130nfo Etkinli\u011fi: Competence Hub Open Call-EIT Urban Mobility","og_description":"Detayl\u0131 bilgi almak i\u00e7in 17 Eyl\u00fcl Sal\u0131 g\u00fcn\u00fc saat 10.00 \u2013 11.00 aras\u0131nda online etkinli\u011fimize davetlisiniz.","og_url":"https:\/\/www.farklabs.com\/tr\/etkinlik\/info-etkinligi-competence-hub-open-call-eit-urban-mobility\/","og_site_name":"Fark Labs","article_publisher":"https:\/\/www.facebook.com\/farklabs\/","article_modified_time":"2024-11-08T16:08:06+00:00","og_image":[{"width":1200,"height":630,"url":"https:\/\/www.farklabs.com\/wp-content\/uploads\/2024\/09\/17_Eylul_2024_EITUrbanMobility_Competence_Hub_Open_Call-1200.jpg","type":"image\/jpeg"}],"twitter_card":"summary_large_image","twitter_site":"@farklabs","twitter_misc":{"Tahmini okuma s\u00fcresi":"2 dakika"},"schema":{"@context":"https:\/\/schema.org","@graph":[{"@type":"WebPage","@id":"https:\/\/www.farklabs.com\/tr\/etkinlik\/info-etkinligi-competence-hub-open-call-eit-urban-mobility\/","url":"https:\/\/www.farklabs.com\/tr\/etkinlik\/info-etkinligi-competence-hub-open-call-eit-urban-mobility\/","name":"\u0130nfo Etkinli\u011fi: Competence Hub Open Call-EIT Urban Mobility","isPartOf":{"@id":"https:\/\/www.farklabs.com\/#website"},"primaryImageOfPage":{"@id":"https:\/\/www.farklabs.com\/tr\/etkinlik\/info-etkinligi-competence-hub-open-call-eit-urban-mobility\/#primaryimage"},"image":{"@id":"https:\/\/www.farklabs.com\/tr\/etkinlik\/info-etkinligi-competence-hub-open-call-eit-urban-mobility\/#primaryimage"},"thumbnailUrl":"https:\/\/www.farklabs.com\/wp-content\/uploads\/2024\/09\/17_Eylul_2024_EITUrbanMobility_Competence_Hub_Open_Call_1088.jpg","datePublished":"2024-09-11T19:55:10+00:00","dateModified":"2024-11-08T16:08:06+00:00","description":"Detayl\u0131 bilgi almak i\u00e7in 17 Eyl\u00fcl Sal\u0131 g\u00fcn\u00fc saat 10.00 \u2013 11.00 aras\u0131nda online etkinli\u011fimize davetlisiniz.","breadcrumb":{"@id":"https:\/\/www.farklabs.com\/tr\/etkinlik\/info-etkinligi-competence-hub-open-call-eit-urban-mobility\/#breadcrumb"},"inLanguage":"tr","potentialAction":[{"@type":"ReadAction","target":["https:\/\/www.farklabs.com\/tr\/etkinlik\/info-etkinligi-competence-hub-open-call-eit-urban-mobility\/"]}]},{"@type":"ImageObject","inLanguage":"tr","@id":"https:\/\/www.farklabs.com\/tr\/etkinlik\/info-etkinligi-competence-hub-open-call-eit-urban-mobility\/#primaryimage","url":"https:\/\/www.farklabs.com\/wp-content\/uploads\/2024\/09\/17_Eylul_2024_EITUrbanMobility_Competence_Hub_Open_Call_1088.jpg","contentUrl":"https:\/\/www.farklabs.com\/wp-content\/uploads\/2024\/09\/17_Eylul_2024_EITUrbanMobility_Competence_Hub_Open_Call_1088.jpg","width":1088,"height":496},{"@type":"BreadcrumbList","@id":"https:\/\/www.farklabs.com\/tr\/etkinlik\/info-etkinligi-competence-hub-open-call-eit-urban-mobility\/#breadcrumb","itemListElement":[{"@type":"ListItem","position":1,"name":"Home","item":"https:\/\/www.farklabs.com\/tr\/"},{"@type":"ListItem","position":2,"name":"Events","item":"https:\/\/www.farklabs.com\/event\/"},{"@type":"ListItem","position":3,"name":"\u0130nfo Etkinli\u011fi: Competence Hub Open Call-EIT Urban Mobility"}]},{"@type":"WebSite","@id":"https:\/\/www.farklabs.com\/#website","url":"https:\/\/www.farklabs.com\/","name":"Fark Labs","description":"Better. Future. Together.","publisher":{"@id":"https:\/\/www.farklabs.com\/#organization"},"potentialAction":[{"@type":"SearchAction","target":{"@type":"EntryPoint","urlTemplate":"https:\/\/www.farklabs.com\/?s={search_term_string}"},"query-input":{"@type":"PropertyValueSpecification","valueRequired":true,"valueName":"search_term_string"}}],"inLanguage":"tr"},{"@type":"Organization","@id":"https:\/\/www.farklabs.com\/#organization","name":"Fark Labs","url":"https:\/\/www.farklabs.com\/","logo":{"@type":"ImageObject","inLanguage":"tr","@id":"https:\/\/www.farklabs.com\/#\/schema\/logo\/image\/","url":"https:\/\/www.farklabs.com\/wp-content\/uploads\/2022\/04\/1-Fark-Labs-logo1.png","contentUrl":"https:\/\/www.farklabs.com\/wp-content\/uploads\/2022\/04\/1-Fark-Labs-logo1.png","width":337,"height":150,"caption":"Fark Labs"},"image":{"@id":"https:\/\/www.farklabs.com\/#\/schema\/logo\/image\/"},"sameAs":["https:\/\/www.facebook.com\/farklabs\/","https:\/\/x.com\/farklabs","https:\/\/www.instagram.com\/farklabs\/","https:\/\/www.linkedin.com\/company\/farklabs\/","https:\/\/www.youtube.com\/c\/farklabs"]}]}},"_links":{"self":[{"href":"https:\/\/www.farklabs.com\/tr\/wp-json\/wp\/v2\/event\/15139","targetHints":{"allow":["GET"]}}],"collection":[{"href":"https:\/\/www.farklabs.com\/tr\/wp-json\/wp\/v2\/event"}],"about":[{"href":"https:\/\/www.farklabs.com\/tr\/wp-json\/wp\/v2\/types\/event"}],"version-history":[{"count":7,"href":"https:\/\/www.farklabs.com\/tr\/wp-json\/wp\/v2\/event\/15139\/revisions"}],"predecessor-version":[{"id":15313,"href":"https:\/\/www.farklabs.com\/tr\/wp-json\/wp\/v2\/event\/15139\/revisions\/15313"}],"wp:featuredmedia":[{"embeddable":true,"href":"https:\/\/www.farklabs.com\/tr\/wp-json\/wp\/v2\/media\/15141"}],"wp:attachment":[{"href":"https:\/\/www.farklabs.com\/tr\/wp-json\/wp\/v2\/media?parent=15139"}],"wp:term":[{"taxonomy":"category_event","embeddable":true,"href":"https:\/\/www.farklabs.com\/tr\/wp-json\/wp\/v2\/events?post=15139"}],"curies":[{"name":"wp","href":"https:\/\/api.w.org\/{rel}","templated":true}]}}