{"id":15162,"date":"2024-09-19T15:49:09","date_gmt":"2024-09-19T12:49:09","guid":{"rendered":"https:\/\/www.farklabs.com\/?post_type=event&#038;p=15162"},"modified":"2024-11-08T19:07:53","modified_gmt":"2024-11-08T16:07:53","slug":"info-etkinligi-targeted-open-call-2025-eit-urban-mobility","status":"publish","type":"event","link":"https:\/\/www.farklabs.com\/tr\/etkinlik\/info-etkinligi-targeted-open-call-2025-eit-urban-mobility\/","title":{"rendered":"\u0130nfo Etkinli\u011fi: Targeted Open Call 2025-EIT Urban Mobility"},"content":{"rendered":"\n<p>EIT Urban Mobility RIS Hub T\u00fcrkiye ekibi, <strong><em>23  Eyl\u00fcl Pazartesi<\/em><\/strong> g\u00fcn\u00fc saat <strong><em>10.00 \u2013 11.30 <\/em><\/strong>aras\u0131nda online olarak <strong><em>EIT Urban Mobility<\/em><\/strong> taraf\u0131ndan organize edilen <strong><a href=\"https:\/\/www.eiturbanmobility.eu\/targeted-open-call-2025\/\" target=\"_blank\" rel=\"noreferrer noopener\">Targeted Open Call 2025<\/a><\/strong> \u00e7a\u011fr\u0131s\u0131 hakk\u0131nda bilgilendirme etkinli\u011fi d\u00fczenleyecektir.<\/p>\n\n\n\n<p>\ud83d\udccc <strong>Kay\u0131t olanlara zoom linki mail \u00fczerinden g\u00f6nderilecektir.<\/strong><\/p>\n\n\n\n<hr class=\"wp-block-separator has-alpha-channel-opacity\"\/>\n\n\n\n<p><strong><a href=\"https:\/\/www.eiturbanmobility.eu\/targeted-open-call-2025\/\" target=\"_blank\" rel=\"noreferrer noopener\">Hedefli A\u00e7\u0131k \u00c7a\u011fr\u0131 2025<\/a><\/strong><\/p>\n\n\n\n<p>Bu \u00e7a\u011fr\u0131, yak\u0131n zamanda ba\u015flat\u0131lan \u0130novasyonun Hedefli Projeler Program\u0131 kapsam\u0131ndad\u0131r ve \u015fu ama\u00e7larla d\u00fczenlenmi\u015ftir:<br>a) \u0130\u015f plan\u0131 ve stratejik ajandam\u0131zla ilgili olarak inovasyon portf\u00f6y\u00fcm\u00fczdeki eksikliklerin giderilmesi,<br>b) Teknolojik geli\u015fmeler, politika\/d\u00fczenlemeler ve acil olaylar gibi d\u0131\u015f de\u011fi\u015fiklikler ve etkilerle ilgili konular\u0131n ele al\u0131nmas\u0131.<\/p>\n\n\n\n<p><strong>\u00c7a\u011fr\u0131n\u0131n Ana \u00d6zellikleri<\/strong><strong><br><\/strong>\u00c7a\u011fr\u0131, her biri ba\u011f\u0131ms\u0131z bir proje olan d\u00f6rt ayr\u0131 konudan olu\u015fmaktad\u0131r. Her bir konu i\u00e7in ayr\u0131 ayr\u0131 ba\u015fvuru yap\u0131lmas\u0131 gerekmektedir.<\/p>\n\n\n\n<ol class=\"wp-block-list\">\n<li><strong>Konu 1<\/strong>: S\u00fcrd\u00fcr\u00fclebilir kentsel ula\u015f\u0131m i\u00e7in hidrojen dolum istasyonlar\u0131n\u0131n benimsenmesini art\u0131rmak.<\/li>\n\n\n\n<li><strong>Konu 2<\/strong>: Kentsel ula\u015f\u0131mdan kaynaklanan egzoz d\u0131\u015f\u0131 kirlili\u011fin azalt\u0131lmas\u0131.<\/li>\n\n\n\n<li><strong>Konu 3<\/strong>: Vision Zero hedefini ger\u00e7ekle\u015ftirmek ve kentsel alanlardaki savunmas\u0131z yol kullan\u0131c\u0131lar\u0131 i\u00e7in g\u00fcvenli\u011fi art\u0131rmak.<\/li>\n\n\n\n<li><strong>Konu 4<\/strong>: Rekabet\u00e7i ve s\u00fcrd\u00fcr\u00fclebilir bir Avrupa bisiklet end\u00fcstrisini te\u015fvik etmek.<\/li>\n<\/ol>\n\n\n\n<p><strong>Baz\u0131 \u00f6nemli tarihler:<\/strong><\/p>\n\n\n\n<p>\u2013 \u00c7a\u011fr\u0131 a\u00e7\u0131l\u0131\u015f tarihi: 14 A\u011fustos 2024<\/p>\n\n\n\n<p>\u2013 \u00c7a\u011fr\u0131 kapan\u0131\u015f tarihi: 15 Ekim 2024, saat 17.00 CET<\/p>\n\n\n\n<p>\u2013 Uygunluk ve kabul edilebilirlik kontrol\u00fc: Ekim 2024<\/p>\n\n\n\n<p>\u2013 Tekliflerin de\u011ferlendirilmesi: Ekim \u2013 Kas\u0131m 2024<\/p>\n\n\n\n<p>\u2013 Sonu\u00e7lar\u0131n bildirilmesi: Kas\u0131m 2024<\/p>\n\n\n\n<p>\u2013 Ko\u015fullar\u0131n netle\u015ftirilmesi ve bekleme s\u00fcresi: Aral\u0131k 2024<\/p>\n\n\n\n<p>\u2013 Projelerin planlanan ba\u015flang\u0131\u00e7 tarihi: Ocak 2025<\/p>\n\n\n\n<p>Bu \u00f6zel etkinli\u011fimize kat\u0131larak EIT Urban Mobility <strong><a href=\"https:\/\/www.eiturbanmobility.eu\/targeted-open-call-2025\/\" target=\"_blank\" rel=\"noreferrer noopener\">Targeted Open Call 2025<\/a><\/strong> hakk\u0131nda daha fazla bilgi edinmek ve nas\u0131l ba\u015fvuraca\u011f\u0131n\u0131z\u0131 \u00f6\u011frenmek i\u00e7in davetlisiniz.<\/p>\n\n\n\n<hr class=\"wp-block-separator has-alpha-channel-opacity\"\/>\n\n\n\n<p>*<a href=\"https:\/\/www.farklabs.com\/tr\/odak-alanlari\/mobilite\/eit-urban-mobility-ris-hub-turkiye\/\" target=\"_blank\" rel=\"noreferrer noopener\"><strong>EIT Urban Mobility RIS Hub T\u00fcrkiye<\/strong><\/a>\u00a0(Avrupa \u0130novasyon ve Teknoloji Enstit\u00fcs\u00fc Kentsel Hareketlilik B\u00f6lgesel Planlama Merkezi), T\u00fcrkiye\u2019de kentsel hareketlilik alan\u0131nda fark\u0131ndal\u0131\u011f\u0131 art\u0131rmak, yeni kentsel hareketlilik teknolojilerini payla\u015fmak, yerel payda\u015flar\u0131 uluslararas\u0131 EIT Kentsel Hareketlilik toplulu\u011fuyla bulu\u015fturmak \u00fczere,\u00a0<strong>Fark Labs<\/strong>\u00a0ve <strong>Sabanc\u0131 \u00dcniversitesi<\/strong>\u00a0i\u015f birli\u011fiyle faaliyet g\u00f6steriyor. Merkez arac\u0131l\u0131\u011f\u0131yla giri\u015fimlere mentorluk, networking, bilgiye ve finansmana eri\u015fim, EIT ekosistem ortaklar\u0131yla bulu\u015fma gibi olanaklar sunuyor.<\/p>\n","protected":false},"excerpt":{"rendered":"<p>EIT Urban Mobility RIS Hub T\u00fcrkiye ekibi, 23  Eyl\u00fcl Pazartesi g\u00fcn\u00fc saat 10.00 \u2013 11.30 aras\u0131nda online olarak EIT Urban Mobility taraf\u0131ndan organize edilen Targeted Open Call 2025 \u00e7a\u011fr\u0131s\u0131 hakk\u0131nda bilgilendirme etkinli\u011fi d\u00fczenleyecektir.<\/p>\n","protected":false},"featured_media":15165,"template":"","format":"standard","meta":{"_acf_changed":false,"om_disable_all_campaigns":false,"footnotes":""},"events":[329,330],"class_list":["post-15162","event","type-event","status-publish","format-standard","has-post-thumbnail","hentry","category_event-fark-labs-events-tr","category_event-mobility-tr","entry"],"acf":[],"yoast_head":"<!-- This site is optimized with the Yoast SEO Premium plugin v27.3 (Yoast SEO v27.3) - https:\/\/yoast.com\/product\/yoast-seo-premium-wordpress\/ -->\n<title>\u0130nfo Etkinli\u011fi: Targeted Open Call 2025-EIT Urban Mobility<\/title>\n<meta name=\"description\" content=\"Detayl\u0131 bilgi almak i\u00e7in 23 Eyl\u00fcl Pazartesi g\u00fcn\u00fc saat 10.00 \u2013 11.30 aras\u0131nda online etkinli\u011fimize davetlisiniz.\" \/>\n<meta name=\"robots\" content=\"index, follow, max-snippet:-1, max-image-preview:large, max-video-preview:-1\" \/>\n<link rel=\"canonical\" href=\"https:\/\/www.farklabs.com\/tr\/etkinlik\/info-etkinligi-targeted-open-call-2025-eit-urban-mobility\/\" \/>\n<meta property=\"og:locale\" content=\"tr_TR\" \/>\n<meta property=\"og:type\" content=\"article\" \/>\n<meta property=\"og:title\" content=\"\u0130nfo Etkinli\u011fi: Targeted Open Call 2025-EIT Urban Mobility\" \/>\n<meta property=\"og:description\" content=\"Detayl\u0131 bilgi almak i\u00e7in 23 Eyl\u00fcl Pazartesi g\u00fcn\u00fc saat 10.00 \u2013 11.30 aras\u0131nda online etkinli\u011fimize davetlisiniz.\" \/>\n<meta property=\"og:url\" content=\"https:\/\/www.farklabs.com\/tr\/etkinlik\/info-etkinligi-targeted-open-call-2025-eit-urban-mobility\/\" \/>\n<meta property=\"og:site_name\" content=\"Fark Labs\" \/>\n<meta property=\"article:publisher\" content=\"https:\/\/www.facebook.com\/farklabs\/\" \/>\n<meta property=\"article:modified_time\" content=\"2024-11-08T16:07:53+00:00\" \/>\n<meta property=\"og:image\" content=\"https:\/\/www.farklabs.com\/wp-content\/uploads\/2024\/09\/Info_Etkinligi_Targeted_Open_Call_2025_EIT_Urban_Mobility_11200.jpg\" \/>\n\t<meta property=\"og:image:width\" content=\"1200\" \/>\n\t<meta property=\"og:image:height\" content=\"630\" \/>\n\t<meta property=\"og:image:type\" content=\"image\/jpeg\" \/>\n<meta name=\"twitter:card\" content=\"summary_large_image\" \/>\n<meta name=\"twitter:site\" content=\"@farklabs\" \/>\n<meta name=\"twitter:label1\" content=\"Tahmini okuma s\u00fcresi\" \/>\n\t<meta name=\"twitter:data1\" content=\"2 dakika\" \/>\n<script type=\"application\/ld+json\" class=\"yoast-schema-graph\">{\"@context\":\"https:\\\/\\\/schema.org\",\"@graph\":[{\"@type\":\"WebPage\",\"@id\":\"https:\\\/\\\/www.farklabs.com\\\/tr\\\/etkinlik\\\/info-etkinligi-targeted-open-call-2025-eit-urban-mobility\\\/\",\"url\":\"https:\\\/\\\/www.farklabs.com\\\/tr\\\/etkinlik\\\/info-etkinligi-targeted-open-call-2025-eit-urban-mobility\\\/\",\"name\":\"\u0130nfo Etkinli\u011fi: Targeted Open Call 2025-EIT Urban Mobility\",\"isPartOf\":{\"@id\":\"https:\\\/\\\/www.farklabs.com\\\/#website\"},\"primaryImageOfPage\":{\"@id\":\"https:\\\/\\\/www.farklabs.com\\\/tr\\\/etkinlik\\\/info-etkinligi-targeted-open-call-2025-eit-urban-mobility\\\/#primaryimage\"},\"image\":{\"@id\":\"https:\\\/\\\/www.farklabs.com\\\/tr\\\/etkinlik\\\/info-etkinligi-targeted-open-call-2025-eit-urban-mobility\\\/#primaryimage\"},\"thumbnailUrl\":\"https:\\\/\\\/www.farklabs.com\\\/wp-content\\\/uploads\\\/2024\\\/09\\\/Info_Etkinligi_Targeted_Open_Call_2025_EIT_Urban_Mobility_1088.jpg\",\"datePublished\":\"2024-09-19T12:49:09+00:00\",\"dateModified\":\"2024-11-08T16:07:53+00:00\",\"description\":\"Detayl\u0131 bilgi almak i\u00e7in 23 Eyl\u00fcl Pazartesi g\u00fcn\u00fc saat 10.00 \u2013 11.30 aras\u0131nda online etkinli\u011fimize davetlisiniz.\",\"breadcrumb\":{\"@id\":\"https:\\\/\\\/www.farklabs.com\\\/tr\\\/etkinlik\\\/info-etkinligi-targeted-open-call-2025-eit-urban-mobility\\\/#breadcrumb\"},\"inLanguage\":\"tr\",\"potentialAction\":[{\"@type\":\"ReadAction\",\"target\":[\"https:\\\/\\\/www.farklabs.com\\\/tr\\\/etkinlik\\\/info-etkinligi-targeted-open-call-2025-eit-urban-mobility\\\/\"]}]},{\"@type\":\"ImageObject\",\"inLanguage\":\"tr\",\"@id\":\"https:\\\/\\\/www.farklabs.com\\\/tr\\\/etkinlik\\\/info-etkinligi-targeted-open-call-2025-eit-urban-mobility\\\/#primaryimage\",\"url\":\"https:\\\/\\\/www.farklabs.com\\\/wp-content\\\/uploads\\\/2024\\\/09\\\/Info_Etkinligi_Targeted_Open_Call_2025_EIT_Urban_Mobility_1088.jpg\",\"contentUrl\":\"https:\\\/\\\/www.farklabs.com\\\/wp-content\\\/uploads\\\/2024\\\/09\\\/Info_Etkinligi_Targeted_Open_Call_2025_EIT_Urban_Mobility_1088.jpg\",\"width\":1088,\"height\":496},{\"@type\":\"BreadcrumbList\",\"@id\":\"https:\\\/\\\/www.farklabs.com\\\/tr\\\/etkinlik\\\/info-etkinligi-targeted-open-call-2025-eit-urban-mobility\\\/#breadcrumb\",\"itemListElement\":[{\"@type\":\"ListItem\",\"position\":1,\"name\":\"Home\",\"item\":\"https:\\\/\\\/www.farklabs.com\\\/tr\\\/\"},{\"@type\":\"ListItem\",\"position\":2,\"name\":\"Events\",\"item\":\"https:\\\/\\\/www.farklabs.com\\\/event\\\/\"},{\"@type\":\"ListItem\",\"position\":3,\"name\":\"\u0130nfo Etkinli\u011fi: Targeted Open Call 2025-EIT Urban Mobility\"}]},{\"@type\":\"WebSite\",\"@id\":\"https:\\\/\\\/www.farklabs.com\\\/#website\",\"url\":\"https:\\\/\\\/www.farklabs.com\\\/\",\"name\":\"Fark Labs\",\"description\":\"Better. Future. Together.\",\"publisher\":{\"@id\":\"https:\\\/\\\/www.farklabs.com\\\/#organization\"},\"potentialAction\":[{\"@type\":\"SearchAction\",\"target\":{\"@type\":\"EntryPoint\",\"urlTemplate\":\"https:\\\/\\\/www.farklabs.com\\\/?s={search_term_string}\"},\"query-input\":{\"@type\":\"PropertyValueSpecification\",\"valueRequired\":true,\"valueName\":\"search_term_string\"}}],\"inLanguage\":\"tr\"},{\"@type\":\"Organization\",\"@id\":\"https:\\\/\\\/www.farklabs.com\\\/#organization\",\"name\":\"Fark Labs\",\"url\":\"https:\\\/\\\/www.farklabs.com\\\/\",\"logo\":{\"@type\":\"ImageObject\",\"inLanguage\":\"tr\",\"@id\":\"https:\\\/\\\/www.farklabs.com\\\/#\\\/schema\\\/logo\\\/image\\\/\",\"url\":\"https:\\\/\\\/www.farklabs.com\\\/wp-content\\\/uploads\\\/2022\\\/04\\\/1-Fark-Labs-logo1.png\",\"contentUrl\":\"https:\\\/\\\/www.farklabs.com\\\/wp-content\\\/uploads\\\/2022\\\/04\\\/1-Fark-Labs-logo1.png\",\"width\":337,\"height\":150,\"caption\":\"Fark Labs\"},\"image\":{\"@id\":\"https:\\\/\\\/www.farklabs.com\\\/#\\\/schema\\\/logo\\\/image\\\/\"},\"sameAs\":[\"https:\\\/\\\/www.facebook.com\\\/farklabs\\\/\",\"https:\\\/\\\/x.com\\\/farklabs\",\"https:\\\/\\\/www.instagram.com\\\/farklabs\\\/\",\"https:\\\/\\\/www.linkedin.com\\\/company\\\/farklabs\\\/\",\"https:\\\/\\\/www.youtube.com\\\/c\\\/farklabs\"]}]}<\/script>\n<!-- \/ Yoast SEO Premium plugin. -->","yoast_head_json":{"title":"\u0130nfo Etkinli\u011fi: Targeted Open Call 2025-EIT Urban Mobility","description":"Detayl\u0131 bilgi almak i\u00e7in 23 Eyl\u00fcl Pazartesi g\u00fcn\u00fc saat 10.00 \u2013 11.30 aras\u0131nda online etkinli\u011fimize davetlisiniz.","robots":{"index":"index","follow":"follow","max-snippet":"max-snippet:-1","max-image-preview":"max-image-preview:large","max-video-preview":"max-video-preview:-1"},"canonical":"https:\/\/www.farklabs.com\/tr\/etkinlik\/info-etkinligi-targeted-open-call-2025-eit-urban-mobility\/","og_locale":"tr_TR","og_type":"article","og_title":"\u0130nfo Etkinli\u011fi: Targeted Open Call 2025-EIT Urban Mobility","og_description":"Detayl\u0131 bilgi almak i\u00e7in 23 Eyl\u00fcl Pazartesi g\u00fcn\u00fc saat 10.00 \u2013 11.30 aras\u0131nda online etkinli\u011fimize davetlisiniz.","og_url":"https:\/\/www.farklabs.com\/tr\/etkinlik\/info-etkinligi-targeted-open-call-2025-eit-urban-mobility\/","og_site_name":"Fark Labs","article_publisher":"https:\/\/www.facebook.com\/farklabs\/","article_modified_time":"2024-11-08T16:07:53+00:00","og_image":[{"width":1200,"height":630,"url":"https:\/\/www.farklabs.com\/wp-content\/uploads\/2024\/09\/Info_Etkinligi_Targeted_Open_Call_2025_EIT_Urban_Mobility_11200.jpg","type":"image\/jpeg"}],"twitter_card":"summary_large_image","twitter_site":"@farklabs","twitter_misc":{"Tahmini okuma s\u00fcresi":"2 dakika"},"schema":{"@context":"https:\/\/schema.org","@graph":[{"@type":"WebPage","@id":"https:\/\/www.farklabs.com\/tr\/etkinlik\/info-etkinligi-targeted-open-call-2025-eit-urban-mobility\/","url":"https:\/\/www.farklabs.com\/tr\/etkinlik\/info-etkinligi-targeted-open-call-2025-eit-urban-mobility\/","name":"\u0130nfo Etkinli\u011fi: Targeted Open Call 2025-EIT Urban Mobility","isPartOf":{"@id":"https:\/\/www.farklabs.com\/#website"},"primaryImageOfPage":{"@id":"https:\/\/www.farklabs.com\/tr\/etkinlik\/info-etkinligi-targeted-open-call-2025-eit-urban-mobility\/#primaryimage"},"image":{"@id":"https:\/\/www.farklabs.com\/tr\/etkinlik\/info-etkinligi-targeted-open-call-2025-eit-urban-mobility\/#primaryimage"},"thumbnailUrl":"https:\/\/www.farklabs.com\/wp-content\/uploads\/2024\/09\/Info_Etkinligi_Targeted_Open_Call_2025_EIT_Urban_Mobility_1088.jpg","datePublished":"2024-09-19T12:49:09+00:00","dateModified":"2024-11-08T16:07:53+00:00","description":"Detayl\u0131 bilgi almak i\u00e7in 23 Eyl\u00fcl Pazartesi g\u00fcn\u00fc saat 10.00 \u2013 11.30 aras\u0131nda online etkinli\u011fimize davetlisiniz.","breadcrumb":{"@id":"https:\/\/www.farklabs.com\/tr\/etkinlik\/info-etkinligi-targeted-open-call-2025-eit-urban-mobility\/#breadcrumb"},"inLanguage":"tr","potentialAction":[{"@type":"ReadAction","target":["https:\/\/www.farklabs.com\/tr\/etkinlik\/info-etkinligi-targeted-open-call-2025-eit-urban-mobility\/"]}]},{"@type":"ImageObject","inLanguage":"tr","@id":"https:\/\/www.farklabs.com\/tr\/etkinlik\/info-etkinligi-targeted-open-call-2025-eit-urban-mobility\/#primaryimage","url":"https:\/\/www.farklabs.com\/wp-content\/uploads\/2024\/09\/Info_Etkinligi_Targeted_Open_Call_2025_EIT_Urban_Mobility_1088.jpg","contentUrl":"https:\/\/www.farklabs.com\/wp-content\/uploads\/2024\/09\/Info_Etkinligi_Targeted_Open_Call_2025_EIT_Urban_Mobility_1088.jpg","width":1088,"height":496},{"@type":"BreadcrumbList","@id":"https:\/\/www.farklabs.com\/tr\/etkinlik\/info-etkinligi-targeted-open-call-2025-eit-urban-mobility\/#breadcrumb","itemListElement":[{"@type":"ListItem","position":1,"name":"Home","item":"https:\/\/www.farklabs.com\/tr\/"},{"@type":"ListItem","position":2,"name":"Events","item":"https:\/\/www.farklabs.com\/event\/"},{"@type":"ListItem","position":3,"name":"\u0130nfo Etkinli\u011fi: Targeted Open Call 2025-EIT Urban Mobility"}]},{"@type":"WebSite","@id":"https:\/\/www.farklabs.com\/#website","url":"https:\/\/www.farklabs.com\/","name":"Fark Labs","description":"Better. Future. Together.","publisher":{"@id":"https:\/\/www.farklabs.com\/#organization"},"potentialAction":[{"@type":"SearchAction","target":{"@type":"EntryPoint","urlTemplate":"https:\/\/www.farklabs.com\/?s={search_term_string}"},"query-input":{"@type":"PropertyValueSpecification","valueRequired":true,"valueName":"search_term_string"}}],"inLanguage":"tr"},{"@type":"Organization","@id":"https:\/\/www.farklabs.com\/#organization","name":"Fark Labs","url":"https:\/\/www.farklabs.com\/","logo":{"@type":"ImageObject","inLanguage":"tr","@id":"https:\/\/www.farklabs.com\/#\/schema\/logo\/image\/","url":"https:\/\/www.farklabs.com\/wp-content\/uploads\/2022\/04\/1-Fark-Labs-logo1.png","contentUrl":"https:\/\/www.farklabs.com\/wp-content\/uploads\/2022\/04\/1-Fark-Labs-logo1.png","width":337,"height":150,"caption":"Fark Labs"},"image":{"@id":"https:\/\/www.farklabs.com\/#\/schema\/logo\/image\/"},"sameAs":["https:\/\/www.facebook.com\/farklabs\/","https:\/\/x.com\/farklabs","https:\/\/www.instagram.com\/farklabs\/","https:\/\/www.linkedin.com\/company\/farklabs\/","https:\/\/www.youtube.com\/c\/farklabs"]}]}},"_links":{"self":[{"href":"https:\/\/www.farklabs.com\/tr\/wp-json\/wp\/v2\/event\/15162","targetHints":{"allow":["GET"]}}],"collection":[{"href":"https:\/\/www.farklabs.com\/tr\/wp-json\/wp\/v2\/event"}],"about":[{"href":"https:\/\/www.farklabs.com\/tr\/wp-json\/wp\/v2\/types\/event"}],"version-history":[{"count":4,"href":"https:\/\/www.farklabs.com\/tr\/wp-json\/wp\/v2\/event\/15162\/revisions"}],"predecessor-version":[{"id":15312,"href":"https:\/\/www.farklabs.com\/tr\/wp-json\/wp\/v2\/event\/15162\/revisions\/15312"}],"wp:featuredmedia":[{"embeddable":true,"href":"https:\/\/www.farklabs.com\/tr\/wp-json\/wp\/v2\/media\/15165"}],"wp:attachment":[{"href":"https:\/\/www.farklabs.com\/tr\/wp-json\/wp\/v2\/media?parent=15162"}],"wp:term":[{"taxonomy":"category_event","embeddable":true,"href":"https:\/\/www.farklabs.com\/tr\/wp-json\/wp\/v2\/events?post=15162"}],"curies":[{"name":"wp","href":"https:\/\/api.w.org\/{rel}","templated":true}]}}