{"id":15292,"date":"2024-11-08T14:11:03","date_gmt":"2024-11-08T11:11:03","guid":{"rendered":"https:\/\/www.farklabs.com\/?post_type=event&#038;p=15292"},"modified":"2024-11-08T19:24:01","modified_gmt":"2024-11-08T16:24:01","slug":"bilgi-etkinligi-kobi-pazar-genisletme-2025-cagrisi-eit-urban-mobility","status":"publish","type":"event","link":"https:\/\/www.farklabs.com\/tr\/etkinlik\/bilgi-etkinligi-kobi-pazar-genisletme-2025-cagrisi-eit-urban-mobility\/","title":{"rendered":"Bilgi Etkinli\u011fi: KOB\u0130 Pazar Geni\u015fletme 2025 \u00c7a\u011fr\u0131s\u0131 &#8211; EIT Urban Mobility"},"content":{"rendered":"\n<p>EIT Urban Mobility RIS Hub T\u00fcrkiye ekibi , <strong><em>13 Kas\u0131m \u00c7ar\u015famba <\/em><\/strong>g\u00fcn\u00fc saat <strong><em>10.00 \u2013 11.30 <\/em><\/strong>aras\u0131nda <strong><a href=\"https:\/\/www.eiturbanmobility.eu\/sme-market-expansion-call-2\/\" target=\"_blank\" rel=\"noreferrer noopener\"><strong>&nbsp;EIT Urban Mobility KOB\u0130 Pazar Geni\u015fletme 2025 \u00c7a\u011fr\u0131s\u0131<\/strong><\/a><\/strong> (<strong><em>SME Market Expansion Call 2025<\/em><\/strong>) hakk\u0131nda online bilgilendirme etkinli\u011fi d\u00fczenleyecektir.<\/p>\n\n\n\n<p>\ud83d\udccc <strong>Kay\u0131t olanlara zoom linki mail \u00fczerinden g\u00f6nderilecektir.<\/strong><\/p>\n\n\n\n<hr class=\"wp-block-separator has-alpha-channel-opacity\"\/>\n\n\n\n<p><strong><a href=\"https:\/\/www.eiturbanmobility.eu\/sme-market-expansion-call-2\/\" target=\"_blank\" rel=\"noreferrer noopener\">EIT Urban Mobility KOB\u0130 Pazar Geni\u015fletme \u00c7a\u011fr\u0131s\u0131<\/a><\/strong> (<strong><em>SME Market Expansion Call 2025<\/em><\/strong>) <\/p>\n\n\n\n<p>2025 y\u0131l\u0131 projeleri kapsam\u0131nda d\u00fczenlenen \u00fc\u00e7\u00fcnc\u00fc KOB\u0130 Pazar Geni\u015fletme \u00c7a\u011fr\u0131s\u0131, k\u00fc\u00e7\u00fck ve orta \u00f6l\u00e7ekli i\u015fletmelere (KOB\u0130) yenilik\u00e7i \u00e7\u00f6z\u00fcmlerle kentsel hareketlili\u011fin kritik sorunlar\u0131na yan\u0131t verme f\u0131rsat\u0131 sunuyor. Bu \u00e7a\u011fr\u0131, KOB\u0130&#8217;lerin yeniliklerini ger\u00e7ek d\u00fcnyada uygulay\u0131p etkisini kan\u0131tlamalar\u0131 amac\u0131yla olu\u015fturulmu\u015ftur. edit<\/p>\n\n\n\n<p>Tek faydalan\u0131c\u0131l\u0131 olan bu \u00e7a\u011fr\u0131, en ileri d\u00fczeydeki yenilikleri test etmek ve g\u00f6stermek isteyen bir son m\u00fc\u015fteri (kamu veya \u00f6zel bir kurulu\u015f) taraf\u0131ndan desteklenen KOB\u0130\u2019lerin ba\u015fvurular\u0131n\u0131 bekliyor. Bu programa kat\u0131larak KOB\u0130&#8217;ler, yaln\u0131zca \u00e7\u00f6z\u00fcmlerini do\u011frulamakla kalmayacak, ayn\u0131 zamanda Avrupa pazar\u0131nda de\u011ferli bir g\u00f6r\u00fcn\u00fcrl\u00fck ve g\u00fcven kazanma f\u0131rsat\u0131 da elde edecekler.<\/p>\n\n\n\n<p>\u00c7a\u011fr\u0131, i\u015f b\u00fcy\u00fcmesine, ba\u015far\u0131l\u0131 yeniliklerin yeni pazarlara \u00f6l\u00e7eklenip \u00e7o\u011falt\u0131lmas\u0131na odaklan\u0131yor; bu da i\u015ftirakler kurarak faaliyet alanlar\u0131n\u0131 geni\u015fletmek isteyen h\u0131rsl\u0131 KOB\u0130&#8217;ler i\u00e7in ideal bir platform sunuyor.<\/p>\n\n\n\n<p>Ba\u015far\u0131l\u0131 ba\u015fvuru sahipleri, proje ba\u015f\u0131na <strong>59.500 \u20ac&#8217;<\/strong>ya kadar EIT deste\u011fi alabilecekler. Mali deste\u011fin \u00f6tesinde, bu \u00e7a\u011fr\u0131n\u0131n amac\u0131, EIT Urban Mobility ekosistemi i\u00e7inde i\u015f birli\u011fini g\u00fc\u00e7lendirmek, prosed\u00fcrleri sadele\u015ftirmek ve hem kamu hem de \u00f6zel sekt\u00f6rle yeni ortakl\u0131klar kurarak kentsel hareketlilikte s\u00fcrd\u00fcr\u00fclebilir b\u00fcy\u00fcme ve inovasyon i\u00e7in bir yol a\u00e7makt\u0131r.<\/p>\n\n\n\n<p>Bu \u00e7a\u011fr\u0131ya sunulan projelerin, EIT Urban Mobility&#8217;nin vizyon ve misyonuyla uyumlu olmas\u0131 ve stratejik hedeflerimize \u00f6nemli katk\u0131lar sa\u011flamas\u0131 gerekmektedir.&nbsp;<\/p>\n\n\n\n<p><strong>\u00c7a\u011fr\u0131 konular\u0131:<\/strong><\/p>\n\n\n\n<p><strong>Konu 1:<\/strong> Toplu ta\u015f\u0131ma<br><strong>Konu 2: <\/strong>Kentsel lojistik<br><strong>Konu 3:<\/strong> Ula\u015f\u0131m\u0131n elektriklendirilmesi ve alternatif yak\u0131tlar<br><strong>Konu 4:<\/strong> Hareketlilik veri y\u00f6netimi<br><strong>Konu 5<\/strong>: Sa\u011fl\u0131k ve hareketlilik<\/p>\n\n\n\n<p>\ud83d\udccc <strong>Kay\u0131t olanlara zoom linki mail \u00fczerinden g\u00f6nderilecektir.<\/strong><\/p>\n\n\n\n<hr class=\"wp-block-separator has-alpha-channel-opacity\"\/>\n\n\n\n<p>*<a href=\"https:\/\/www.farklabs.com\/tr\/odak-alanlari\/mobilite\/eit-urban-mobility-ris-hub-turkiye\/\" target=\"_blank\" rel=\"noreferrer noopener\"><strong>EIT Urban Mobility RIS Hub T\u00fcrkiye<\/strong><\/a>&nbsp;(Avrupa \u0130novasyon ve Teknoloji Enstit\u00fcs\u00fc Kentsel Hareketlilik B\u00f6lgesel Planlama Merkezi), T\u00fcrkiye\u2019de kentsel hareketlilik alan\u0131nda fark\u0131ndal\u0131\u011f\u0131 art\u0131rmak, yeni kentsel hareketlilik teknolojilerini payla\u015fmak, yerel payda\u015flar\u0131 uluslararas\u0131 EIT Kentsel Hareketlilik toplulu\u011fuyla bulu\u015fturmak \u00fczere,&nbsp;<strong>Fark Labs<\/strong>&nbsp;ve <strong>Sabanc\u0131 \u00dcniversitesi<\/strong>&nbsp;i\u015f birli\u011finde faaliyet g\u00f6steriyor. Merkez arac\u0131l\u0131\u011f\u0131yla giri\u015fimlere mentorluk, networking, bilgiye ve finansmana eri\u015fim, EIT ekosistem ortaklar\u0131yla bulu\u015fma gibi olanaklar sunuyor.<\/p>\n","protected":false},"excerpt":{"rendered":"<p>EIT Urban Mobility RIS Hub T\u00fcrkiye ekibi , 13 Kas\u0131m \u00c7ar\u015famba g\u00fcn\u00fc saat 10.00 \u2013 11.30 aras\u0131nda \u00a0EIT Urban Mobility KOB\u0130 Pazar Geni\u015fletme 2025 \u00c7a\u011fr\u0131s\u0131 (SME Market Expansion Call 2025) hakk\u0131nda online bilgilendirme etkinli\u011fi d\u00fczenleyecektir.<\/p>\n","protected":false},"featured_media":15299,"template":"","format":"standard","meta":{"_acf_changed":false,"om_disable_all_campaigns":false,"footnotes":""},"events":[329,330],"class_list":["post-15292","event","type-event","status-publish","format-standard","has-post-thumbnail","hentry","category_event-fark-labs-events-tr","category_event-mobility-tr","entry"],"acf":[],"yoast_head":"<!-- This site is optimized with the Yoast SEO Premium plugin v27.3 (Yoast SEO v27.3) - https:\/\/yoast.com\/product\/yoast-seo-premium-wordpress\/ -->\n<title>Bilgi Etkinli\u011fi: KOB\u0130 Pazar Geni\u015fletme 2025 \u00c7a\u011fr\u0131s\u0131 - EIT Urban Mobility<\/title>\n<meta name=\"description\" content=\"Detayl\u0131 bilgi almak i\u00e7in 1 Kas\u0131m Cuma g\u00fcn\u00fc saat 10.00 \u2013 12.00 aras\u0131nda online etkinli\u011fimize davetlisiniz.\" \/>\n<meta name=\"robots\" content=\"index, follow, max-snippet:-1, max-image-preview:large, max-video-preview:-1\" \/>\n<link rel=\"canonical\" href=\"https:\/\/www.farklabs.com\/tr\/etkinlik\/bilgi-etkinligi-kobi-pazar-genisletme-2025-cagrisi-eit-urban-mobility\/\" \/>\n<meta property=\"og:locale\" content=\"tr_TR\" \/>\n<meta property=\"og:type\" content=\"article\" \/>\n<meta property=\"og:title\" content=\"Bilgi Etkinli\u011fi: KOB\u0130 Pazar Geni\u015fletme 2025 \u00c7a\u011fr\u0131s\u0131 - EIT Urban Mobility\" \/>\n<meta property=\"og:description\" content=\"Detayl\u0131 bilgi almak i\u00e7in 13 Kas\u0131m \u00c7ar\u015famba g\u00fcn\u00fc saat 10.00 \u2013 11.30 aras\u0131ndaki online etkinli\u011fimize davetlisiniz.\" \/>\n<meta property=\"og:url\" content=\"https:\/\/www.farklabs.com\/tr\/etkinlik\/bilgi-etkinligi-kobi-pazar-genisletme-2025-cagrisi-eit-urban-mobility\/\" \/>\n<meta property=\"og:site_name\" content=\"Fark Labs\" \/>\n<meta property=\"article:publisher\" content=\"https:\/\/www.facebook.com\/farklabs\/\" \/>\n<meta property=\"article:modified_time\" content=\"2024-11-08T16:24:01+00:00\" \/>\n<meta property=\"og:image\" content=\"https:\/\/www.farklabs.com\/wp-content\/uploads\/2024\/11\/EIT-Urban_Mobility_KOBI-Pazar_Genisletme_SME_2025-1200.jpg\" \/>\n\t<meta property=\"og:image:width\" content=\"1200\" \/>\n\t<meta property=\"og:image:height\" content=\"630\" \/>\n\t<meta property=\"og:image:type\" content=\"image\/jpeg\" \/>\n<meta name=\"twitter:card\" content=\"summary_large_image\" \/>\n<meta name=\"twitter:description\" content=\"Detayl\u0131 bilgi almak i\u00e7in 13 Kas\u0131m \u00c7ar\u015famba g\u00fcn\u00fc saat 10.00 \u2013 11.30 aras\u0131ndaki online etkinli\u011fimize davetlisiniz.\" \/>\n<meta name=\"twitter:site\" content=\"@farklabs\" \/>\n<meta name=\"twitter:label1\" content=\"Tahmini okuma s\u00fcresi\" \/>\n\t<meta name=\"twitter:data1\" content=\"2 dakika\" \/>\n<script type=\"application\/ld+json\" class=\"yoast-schema-graph\">{\"@context\":\"https:\\\/\\\/schema.org\",\"@graph\":[{\"@type\":\"WebPage\",\"@id\":\"https:\\\/\\\/www.farklabs.com\\\/tr\\\/etkinlik\\\/bilgi-etkinligi-kobi-pazar-genisletme-2025-cagrisi-eit-urban-mobility\\\/\",\"url\":\"https:\\\/\\\/www.farklabs.com\\\/tr\\\/etkinlik\\\/bilgi-etkinligi-kobi-pazar-genisletme-2025-cagrisi-eit-urban-mobility\\\/\",\"name\":\"Bilgi Etkinli\u011fi: KOB\u0130 Pazar Geni\u015fletme 2025 \u00c7a\u011fr\u0131s\u0131 - EIT Urban Mobility\",\"isPartOf\":{\"@id\":\"https:\\\/\\\/www.farklabs.com\\\/#website\"},\"primaryImageOfPage\":{\"@id\":\"https:\\\/\\\/www.farklabs.com\\\/tr\\\/etkinlik\\\/bilgi-etkinligi-kobi-pazar-genisletme-2025-cagrisi-eit-urban-mobility\\\/#primaryimage\"},\"image\":{\"@id\":\"https:\\\/\\\/www.farklabs.com\\\/tr\\\/etkinlik\\\/bilgi-etkinligi-kobi-pazar-genisletme-2025-cagrisi-eit-urban-mobility\\\/#primaryimage\"},\"thumbnailUrl\":\"https:\\\/\\\/www.farklabs.com\\\/wp-content\\\/uploads\\\/2024\\\/11\\\/EIT-Urban_Mobility_KOBI-Pazar_Genisletme_SME_2025-1088.jpg\",\"datePublished\":\"2024-11-08T11:11:03+00:00\",\"dateModified\":\"2024-11-08T16:24:01+00:00\",\"description\":\"Detayl\u0131 bilgi almak i\u00e7in 1 Kas\u0131m Cuma g\u00fcn\u00fc saat 10.00 \u2013 12.00 aras\u0131nda online etkinli\u011fimize davetlisiniz.\",\"breadcrumb\":{\"@id\":\"https:\\\/\\\/www.farklabs.com\\\/tr\\\/etkinlik\\\/bilgi-etkinligi-kobi-pazar-genisletme-2025-cagrisi-eit-urban-mobility\\\/#breadcrumb\"},\"inLanguage\":\"tr\",\"potentialAction\":[{\"@type\":\"ReadAction\",\"target\":[\"https:\\\/\\\/www.farklabs.com\\\/tr\\\/etkinlik\\\/bilgi-etkinligi-kobi-pazar-genisletme-2025-cagrisi-eit-urban-mobility\\\/\"]}]},{\"@type\":\"ImageObject\",\"inLanguage\":\"tr\",\"@id\":\"https:\\\/\\\/www.farklabs.com\\\/tr\\\/etkinlik\\\/bilgi-etkinligi-kobi-pazar-genisletme-2025-cagrisi-eit-urban-mobility\\\/#primaryimage\",\"url\":\"https:\\\/\\\/www.farklabs.com\\\/wp-content\\\/uploads\\\/2024\\\/11\\\/EIT-Urban_Mobility_KOBI-Pazar_Genisletme_SME_2025-1088.jpg\",\"contentUrl\":\"https:\\\/\\\/www.farklabs.com\\\/wp-content\\\/uploads\\\/2024\\\/11\\\/EIT-Urban_Mobility_KOBI-Pazar_Genisletme_SME_2025-1088.jpg\",\"width\":1088,\"height\":496},{\"@type\":\"BreadcrumbList\",\"@id\":\"https:\\\/\\\/www.farklabs.com\\\/tr\\\/etkinlik\\\/bilgi-etkinligi-kobi-pazar-genisletme-2025-cagrisi-eit-urban-mobility\\\/#breadcrumb\",\"itemListElement\":[{\"@type\":\"ListItem\",\"position\":1,\"name\":\"Home\",\"item\":\"https:\\\/\\\/www.farklabs.com\\\/tr\\\/\"},{\"@type\":\"ListItem\",\"position\":2,\"name\":\"Events\",\"item\":\"https:\\\/\\\/www.farklabs.com\\\/event\\\/\"},{\"@type\":\"ListItem\",\"position\":3,\"name\":\"Bilgi Etkinli\u011fi: KOB\u0130 Pazar Geni\u015fletme 2025 \u00c7a\u011fr\u0131s\u0131 &#8211; EIT Urban Mobility\"}]},{\"@type\":\"WebSite\",\"@id\":\"https:\\\/\\\/www.farklabs.com\\\/#website\",\"url\":\"https:\\\/\\\/www.farklabs.com\\\/\",\"name\":\"Fark Labs\",\"description\":\"Better. Future. Together.\",\"publisher\":{\"@id\":\"https:\\\/\\\/www.farklabs.com\\\/#organization\"},\"potentialAction\":[{\"@type\":\"SearchAction\",\"target\":{\"@type\":\"EntryPoint\",\"urlTemplate\":\"https:\\\/\\\/www.farklabs.com\\\/?s={search_term_string}\"},\"query-input\":{\"@type\":\"PropertyValueSpecification\",\"valueRequired\":true,\"valueName\":\"search_term_string\"}}],\"inLanguage\":\"tr\"},{\"@type\":\"Organization\",\"@id\":\"https:\\\/\\\/www.farklabs.com\\\/#organization\",\"name\":\"Fark Labs\",\"url\":\"https:\\\/\\\/www.farklabs.com\\\/\",\"logo\":{\"@type\":\"ImageObject\",\"inLanguage\":\"tr\",\"@id\":\"https:\\\/\\\/www.farklabs.com\\\/#\\\/schema\\\/logo\\\/image\\\/\",\"url\":\"https:\\\/\\\/www.farklabs.com\\\/wp-content\\\/uploads\\\/2022\\\/04\\\/1-Fark-Labs-logo1.png\",\"contentUrl\":\"https:\\\/\\\/www.farklabs.com\\\/wp-content\\\/uploads\\\/2022\\\/04\\\/1-Fark-Labs-logo1.png\",\"width\":337,\"height\":150,\"caption\":\"Fark Labs\"},\"image\":{\"@id\":\"https:\\\/\\\/www.farklabs.com\\\/#\\\/schema\\\/logo\\\/image\\\/\"},\"sameAs\":[\"https:\\\/\\\/www.facebook.com\\\/farklabs\\\/\",\"https:\\\/\\\/x.com\\\/farklabs\",\"https:\\\/\\\/www.instagram.com\\\/farklabs\\\/\",\"https:\\\/\\\/www.linkedin.com\\\/company\\\/farklabs\\\/\",\"https:\\\/\\\/www.youtube.com\\\/c\\\/farklabs\"]}]}<\/script>\n<!-- \/ Yoast SEO Premium plugin. -->","yoast_head_json":{"title":"Bilgi Etkinli\u011fi: KOB\u0130 Pazar Geni\u015fletme 2025 \u00c7a\u011fr\u0131s\u0131 - EIT Urban Mobility","description":"Detayl\u0131 bilgi almak i\u00e7in 1 Kas\u0131m Cuma g\u00fcn\u00fc saat 10.00 \u2013 12.00 aras\u0131nda online etkinli\u011fimize davetlisiniz.","robots":{"index":"index","follow":"follow","max-snippet":"max-snippet:-1","max-image-preview":"max-image-preview:large","max-video-preview":"max-video-preview:-1"},"canonical":"https:\/\/www.farklabs.com\/tr\/etkinlik\/bilgi-etkinligi-kobi-pazar-genisletme-2025-cagrisi-eit-urban-mobility\/","og_locale":"tr_TR","og_type":"article","og_title":"Bilgi Etkinli\u011fi: KOB\u0130 Pazar Geni\u015fletme 2025 \u00c7a\u011fr\u0131s\u0131 - EIT Urban Mobility","og_description":"Detayl\u0131 bilgi almak i\u00e7in 13 Kas\u0131m \u00c7ar\u015famba g\u00fcn\u00fc saat 10.00 \u2013 11.30 aras\u0131ndaki online etkinli\u011fimize davetlisiniz.","og_url":"https:\/\/www.farklabs.com\/tr\/etkinlik\/bilgi-etkinligi-kobi-pazar-genisletme-2025-cagrisi-eit-urban-mobility\/","og_site_name":"Fark Labs","article_publisher":"https:\/\/www.facebook.com\/farklabs\/","article_modified_time":"2024-11-08T16:24:01+00:00","og_image":[{"width":1200,"height":630,"url":"https:\/\/www.farklabs.com\/wp-content\/uploads\/2024\/11\/EIT-Urban_Mobility_KOBI-Pazar_Genisletme_SME_2025-1200.jpg","type":"image\/jpeg"}],"twitter_card":"summary_large_image","twitter_description":"Detayl\u0131 bilgi almak i\u00e7in 13 Kas\u0131m \u00c7ar\u015famba g\u00fcn\u00fc saat 10.00 \u2013 11.30 aras\u0131ndaki online etkinli\u011fimize davetlisiniz.","twitter_site":"@farklabs","twitter_misc":{"Tahmini okuma s\u00fcresi":"2 dakika"},"schema":{"@context":"https:\/\/schema.org","@graph":[{"@type":"WebPage","@id":"https:\/\/www.farklabs.com\/tr\/etkinlik\/bilgi-etkinligi-kobi-pazar-genisletme-2025-cagrisi-eit-urban-mobility\/","url":"https:\/\/www.farklabs.com\/tr\/etkinlik\/bilgi-etkinligi-kobi-pazar-genisletme-2025-cagrisi-eit-urban-mobility\/","name":"Bilgi Etkinli\u011fi: KOB\u0130 Pazar Geni\u015fletme 2025 \u00c7a\u011fr\u0131s\u0131 - EIT Urban Mobility","isPartOf":{"@id":"https:\/\/www.farklabs.com\/#website"},"primaryImageOfPage":{"@id":"https:\/\/www.farklabs.com\/tr\/etkinlik\/bilgi-etkinligi-kobi-pazar-genisletme-2025-cagrisi-eit-urban-mobility\/#primaryimage"},"image":{"@id":"https:\/\/www.farklabs.com\/tr\/etkinlik\/bilgi-etkinligi-kobi-pazar-genisletme-2025-cagrisi-eit-urban-mobility\/#primaryimage"},"thumbnailUrl":"https:\/\/www.farklabs.com\/wp-content\/uploads\/2024\/11\/EIT-Urban_Mobility_KOBI-Pazar_Genisletme_SME_2025-1088.jpg","datePublished":"2024-11-08T11:11:03+00:00","dateModified":"2024-11-08T16:24:01+00:00","description":"Detayl\u0131 bilgi almak i\u00e7in 1 Kas\u0131m Cuma g\u00fcn\u00fc saat 10.00 \u2013 12.00 aras\u0131nda online etkinli\u011fimize davetlisiniz.","breadcrumb":{"@id":"https:\/\/www.farklabs.com\/tr\/etkinlik\/bilgi-etkinligi-kobi-pazar-genisletme-2025-cagrisi-eit-urban-mobility\/#breadcrumb"},"inLanguage":"tr","potentialAction":[{"@type":"ReadAction","target":["https:\/\/www.farklabs.com\/tr\/etkinlik\/bilgi-etkinligi-kobi-pazar-genisletme-2025-cagrisi-eit-urban-mobility\/"]}]},{"@type":"ImageObject","inLanguage":"tr","@id":"https:\/\/www.farklabs.com\/tr\/etkinlik\/bilgi-etkinligi-kobi-pazar-genisletme-2025-cagrisi-eit-urban-mobility\/#primaryimage","url":"https:\/\/www.farklabs.com\/wp-content\/uploads\/2024\/11\/EIT-Urban_Mobility_KOBI-Pazar_Genisletme_SME_2025-1088.jpg","contentUrl":"https:\/\/www.farklabs.com\/wp-content\/uploads\/2024\/11\/EIT-Urban_Mobility_KOBI-Pazar_Genisletme_SME_2025-1088.jpg","width":1088,"height":496},{"@type":"BreadcrumbList","@id":"https:\/\/www.farklabs.com\/tr\/etkinlik\/bilgi-etkinligi-kobi-pazar-genisletme-2025-cagrisi-eit-urban-mobility\/#breadcrumb","itemListElement":[{"@type":"ListItem","position":1,"name":"Home","item":"https:\/\/www.farklabs.com\/tr\/"},{"@type":"ListItem","position":2,"name":"Events","item":"https:\/\/www.farklabs.com\/event\/"},{"@type":"ListItem","position":3,"name":"Bilgi Etkinli\u011fi: KOB\u0130 Pazar Geni\u015fletme 2025 \u00c7a\u011fr\u0131s\u0131 &#8211; EIT Urban Mobility"}]},{"@type":"WebSite","@id":"https:\/\/www.farklabs.com\/#website","url":"https:\/\/www.farklabs.com\/","name":"Fark Labs","description":"Better. Future. Together.","publisher":{"@id":"https:\/\/www.farklabs.com\/#organization"},"potentialAction":[{"@type":"SearchAction","target":{"@type":"EntryPoint","urlTemplate":"https:\/\/www.farklabs.com\/?s={search_term_string}"},"query-input":{"@type":"PropertyValueSpecification","valueRequired":true,"valueName":"search_term_string"}}],"inLanguage":"tr"},{"@type":"Organization","@id":"https:\/\/www.farklabs.com\/#organization","name":"Fark Labs","url":"https:\/\/www.farklabs.com\/","logo":{"@type":"ImageObject","inLanguage":"tr","@id":"https:\/\/www.farklabs.com\/#\/schema\/logo\/image\/","url":"https:\/\/www.farklabs.com\/wp-content\/uploads\/2022\/04\/1-Fark-Labs-logo1.png","contentUrl":"https:\/\/www.farklabs.com\/wp-content\/uploads\/2022\/04\/1-Fark-Labs-logo1.png","width":337,"height":150,"caption":"Fark Labs"},"image":{"@id":"https:\/\/www.farklabs.com\/#\/schema\/logo\/image\/"},"sameAs":["https:\/\/www.facebook.com\/farklabs\/","https:\/\/x.com\/farklabs","https:\/\/www.instagram.com\/farklabs\/","https:\/\/www.linkedin.com\/company\/farklabs\/","https:\/\/www.youtube.com\/c\/farklabs"]}]}},"_links":{"self":[{"href":"https:\/\/www.farklabs.com\/tr\/wp-json\/wp\/v2\/event\/15292","targetHints":{"allow":["GET"]}}],"collection":[{"href":"https:\/\/www.farklabs.com\/tr\/wp-json\/wp\/v2\/event"}],"about":[{"href":"https:\/\/www.farklabs.com\/tr\/wp-json\/wp\/v2\/types\/event"}],"version-history":[{"count":9,"href":"https:\/\/www.farklabs.com\/tr\/wp-json\/wp\/v2\/event\/15292\/revisions"}],"predecessor-version":[{"id":15317,"href":"https:\/\/www.farklabs.com\/tr\/wp-json\/wp\/v2\/event\/15292\/revisions\/15317"}],"wp:featuredmedia":[{"embeddable":true,"href":"https:\/\/www.farklabs.com\/tr\/wp-json\/wp\/v2\/media\/15299"}],"wp:attachment":[{"href":"https:\/\/www.farklabs.com\/tr\/wp-json\/wp\/v2\/media?parent=15292"}],"wp:term":[{"taxonomy":"category_event","embeddable":true,"href":"https:\/\/www.farklabs.com\/tr\/wp-json\/wp\/v2\/events?post=15292"}],"curies":[{"name":"wp","href":"https:\/\/api.w.org\/{rel}","templated":true}]}}