{"id":16244,"date":"2025-04-03T15:08:39","date_gmt":"2025-04-03T12:08:39","guid":{"rendered":"https:\/\/www.farklabs.com\/?post_type=event&#038;p=16244"},"modified":"2025-04-03T17:08:38","modified_gmt":"2025-04-03T14:08:38","slug":"eit-urban-mobility-market-readiness-accelerator-2025-programlari-online-bilgilendirme-toplantisi","status":"publish","type":"event","link":"https:\/\/www.farklabs.com\/tr\/etkinlik\/eit-urban-mobility-market-readiness-accelerator-2025-programlari-online-bilgilendirme-toplantisi\/","title":{"rendered":"EIT Urban Mobility &#8220;Market Readiness Accelerator 2025&#8221; Programlar\u0131 Online Bilgilendirme Toplant\u0131s\u0131"},"content":{"rendered":"\n<p>E\u011fer bir kentsel mobilite giri\u015fimi olarak \u00f6l\u00e7eklenmeye, yeni pazarlara a\u00e7\u0131lmaya haz\u0131r hissediyorsan\u0131z bu bilgi toplant\u0131s\u0131n\u0131 ka\u00e7\u0131rmay\u0131n.<\/p>\n\n\n\n<p>\ud83d\udcc5&nbsp;<strong>Tarih:<\/strong>&nbsp;11 Nisan Cuma<br>\ud83d\udd58&nbsp;<strong>Saat:<\/strong>&nbsp;10.00 &#8211; 11.00<br>\ud83d\udccd&nbsp;<strong>Yer:<\/strong>&nbsp;Zoom <strong>*Link kay\u0131t olanlara g\u00f6nderilecek.<\/strong><\/p>\n\n\n\n<p>\ud83d\udd17\u00a0<strong>HEMEN KAYIT OL:<\/strong> <a href=\"https:\/\/lu.ma\/al9n6y5r\">lu.ma\/al9n6y5r<\/a><\/p>\n\n\n\n<p>&#8212;&#8212;&#8212;<\/p>\n\n\n\n<p>\u200b\u00dc\u00e7 farkl\u0131 EIT Urban Mobility\u00a0<a href=\"https:\/\/www.eiturbanmobility.eu\/eit-urban-mobility-announces-the-launch-of-2025-accelerators\/\" target=\"_blank\" rel=\"noreferrer noopener\"><strong>Market Readiness Accelerator 2025<\/strong><\/a>\u00a0programlar\u0131 i\u00e7in ba\u015fvurular ba\u015flad\u0131! <strong>\ud83d\ude80<\/strong><\/p>\n\n\n\n<h2 class=\"wp-block-heading\" id=\"h-nbsp-nbsp-future-mobility-nbsp-accelerate2move\">\u200b&nbsp;\ud83d\udd39&nbsp;<strong>Future Mobility:<\/strong><strong><a href=\"https:\/\/www.eiturbanmobility.eu\/what-we-offer\/support-to-startups\/accelerate-startup\/future-mobility\/\" target=\"_blank\" rel=\"noreferrer noopener\">&nbsp;Accelerate2Move<\/a><\/strong><\/h2>\n\n\n\n<p>\u200bBu program, yapay zeka, Blockchain, 5G, V2X ve IoT gibi teknolojileri kullanarak s\u00fcrd\u00fcr\u00fclebilir kentsel mobiliteyi \u015fekillendiren giri\u015fimlere destek sa\u011flar.<\/p>\n\n\n\n<p>\u200b\ud83d\udccd <strong>Detaylar:<\/strong>&nbsp;<a href=\"https:\/\/www.eiturbanmobility.eu\/what-we-offer\/support-to-startups\/accelerate-startup\/future-mobility\/\" target=\"_blank\" rel=\"noreferrer noopener\">https:\/\/www.eiturbanmobility.eu\/what-we-offer\/support-to-startups\/accelerate-startup\/future-mobility\/<\/a><\/p>\n\n\n\n<h2 class=\"wp-block-heading\" id=\"h-nbsp-inclusive-mobility-nbsp-better-mobility-accelerator\">\u200b&nbsp;\ud83d\udd39 Inclusive Mobility:&nbsp;<a href=\"https:\/\/www.eiturbanmobility.eu\/what-we-offer\/support-to-startups\/accelerate-startup\/inclusive-mobility\/\" target=\"_blank\" rel=\"noreferrer noopener\"><strong>Better Mobility Accelerator<\/strong><\/a><\/h2>\n\n\n\n<p>\u200bYenilik\u00e7i ve kapsay\u0131c\u0131 \u00e7\u00f6z\u00fcmler geli\u015ftiren giri\u015fimleri desteklemeye odaklanan bu program, mobilite alan\u0131nda \u00f6nemli f\u0131rsatlar sunar.<\/p>\n\n\n\n<p>\u200b\ud83d\udccd<strong> Detaylar:&nbsp;<\/strong><a href=\"https:\/\/www.eiturbanmobility.eu\/what-we-offer\/support-to-startups\/accelerate-startup\/inclusive-mobility\/\" target=\"_blank\" rel=\"noreferrer noopener\">https:\/\/www.eiturbanmobility.eu\/what-we-offer\/support-to-startups\/accelerate-startup\/inclusive-mobility\/<\/a><\/p>\n\n\n\n<h2 class=\"wp-block-heading\" id=\"h-smart-mobility-smart-mobility-accelerator\">\u200b\ud83d\udd39 Smart Mobility:<a href=\"https:\/\/www.eiturbanmobility.eu\/what-we-offer\/support-to-startups\/accelerate-startup\/smart-mobility-accelerator\/\" target=\"_blank\" rel=\"noreferrer noopener\"><strong>\u00a0Smart Mobility Accelerator<\/strong><\/a><\/h2>\n\n\n\n<p>\u200bTa\u015f\u0131mac\u0131l\u0131k ve ak\u0131ll\u0131 mobilite alan\u0131nda gelece\u011fin liderlerini hedefleyen bu program, giri\u015fimlerin ve \u015firketlerin b\u00fcy\u00fcmesine yard\u0131mc\u0131 olmak i\u00e7in kapsaml\u0131 bir m\u00fcfredat sunar.<\/p>\n\n\n\n<p>\u200b\ud83d\udccd<strong> Detaylar:<\/strong>&nbsp;<a href=\"https:\/\/www.eiturbanmobility.eu\/what-we-offer\/support-to-startups\/accelerate-startup\/smart-mobility-accelerator\/\" target=\"_blank\" rel=\"noreferrer noopener\">https:\/\/www.eiturbanmobility.eu\/what-we-offer\/support-to-startups\/accelerate-startup\/smart-mobility-accelerator\/<\/a><\/p>\n\n\n\n<p>\u200b<strong>Her program; uzman rehberli\u011finde mentorluk, stratejik a\u011f olu\u015fturma ve benzersiz b\u00fcy\u00fcme f\u0131rsatlar\u0131 sunuyor. <\/strong><\/p>\n\n\n\n<h2 class=\"wp-block-heading\" id=\"h-etkinlige-katil-sureci-ogren-girisimini-hizlandir\"><strong>\u200bEtkinli\u011fe kat\u0131l, s\u00fcreci \u00f6\u011fren, giri\u015fimini h\u0131zland\u0131r!<\/strong><\/h2>\n\n\n\n<p><\/p>\n","protected":false},"excerpt":{"rendered":"<p>\u200b\u00dc\u00e7 farkl\u0131 EIT Urban Mobility Market Readiness Accelerator 2025 programlar\u0131 i\u00e7in ba\u015fvurular ba\u015flad\u0131!<\/p>\n","protected":false},"featured_media":16245,"template":"","format":"standard","meta":{"_acf_changed":false,"om_disable_all_campaigns":false,"footnotes":""},"events":[329,330],"class_list":["post-16244","event","type-event","status-publish","format-standard","has-post-thumbnail","hentry","category_event-fark-labs-events-tr","category_event-mobility-tr","entry"],"acf":[],"yoast_head":"<!-- This site is optimized with the Yoast SEO Premium plugin v27.3 (Yoast SEO v27.3) - https:\/\/yoast.com\/product\/yoast-seo-premium-wordpress\/ -->\n<title>EIT Urban Mobility Market Readiness Accelerator 2025 | Online Bilgilendirme Toplant\u0131s\u0131<\/title>\n<meta name=\"description\" content=\"EIT Urban Mobility Market Readiness Accelerator 2025 programlar\u0131 hakk\u0131nda bilgi almak i\u00e7in 11 Nisan\u2019daki online toplant\u0131ya kat\u0131l\u0131n. Kentsel mobilite giri\u015fiminizi b\u00fcy\u00fctme f\u0131rsat\u0131n\u0131 ka\u00e7\u0131rmay\u0131n!\" \/>\n<meta name=\"robots\" content=\"index, follow, max-snippet:-1, max-image-preview:large, max-video-preview:-1\" \/>\n<link rel=\"canonical\" href=\"https:\/\/www.farklabs.com\/tr\/etkinlik\/eit-urban-mobility-market-readiness-accelerator-2025-programlari-online-bilgilendirme-toplantisi\/\" \/>\n<meta property=\"og:locale\" content=\"tr_TR\" \/>\n<meta property=\"og:type\" content=\"article\" \/>\n<meta property=\"og:title\" content=\"EIT Urban Mobility &quot;Market Readiness Accelerator 2025&quot; Programlar\u0131 Online Bilgilendirme Toplant\u0131s\u0131\" \/>\n<meta property=\"og:description\" content=\"EIT Urban Mobility Market Readiness Accelerator 2025 programlar\u0131 hakk\u0131nda bilgi almak i\u00e7in 11 Nisan\u2019daki online toplant\u0131ya kat\u0131l\u0131n. Kentsel mobilite giri\u015fiminizi b\u00fcy\u00fctme f\u0131rsat\u0131n\u0131 ka\u00e7\u0131rmay\u0131n!\" \/>\n<meta property=\"og:url\" content=\"https:\/\/www.farklabs.com\/tr\/etkinlik\/eit-urban-mobility-market-readiness-accelerator-2025-programlari-online-bilgilendirme-toplantisi\/\" \/>\n<meta property=\"og:site_name\" content=\"Fark Labs\" \/>\n<meta property=\"article:publisher\" content=\"https:\/\/www.facebook.com\/farklabs\/\" \/>\n<meta property=\"article:modified_time\" content=\"2025-04-03T14:08:38+00:00\" \/>\n<meta property=\"og:image\" content=\"https:\/\/www.farklabs.com\/wp-content\/uploads\/2025\/04\/EIT-Urban-Mobility_Market-Readiness-Accelerator-2025_Programlari-Online-Bilgilendirme-Toplantisi-1200x630-1.jpg\" \/>\n\t<meta property=\"og:image:width\" content=\"1200\" \/>\n\t<meta property=\"og:image:height\" content=\"630\" \/>\n\t<meta property=\"og:image:type\" content=\"image\/jpeg\" \/>\n<meta name=\"twitter:card\" content=\"summary_large_image\" \/>\n<meta name=\"twitter:site\" content=\"@farklabs\" \/>\n<meta name=\"twitter:label1\" content=\"Tahmini okuma s\u00fcresi\" \/>\n\t<meta name=\"twitter:data1\" content=\"1 dakika\" \/>\n<script type=\"application\/ld+json\" class=\"yoast-schema-graph\">{\"@context\":\"https:\\\/\\\/schema.org\",\"@graph\":[{\"@type\":\"WebPage\",\"@id\":\"https:\\\/\\\/www.farklabs.com\\\/tr\\\/etkinlik\\\/eit-urban-mobility-market-readiness-accelerator-2025-programlari-online-bilgilendirme-toplantisi\\\/\",\"url\":\"https:\\\/\\\/www.farklabs.com\\\/tr\\\/etkinlik\\\/eit-urban-mobility-market-readiness-accelerator-2025-programlari-online-bilgilendirme-toplantisi\\\/\",\"name\":\"EIT Urban Mobility Market Readiness Accelerator 2025 | Online Bilgilendirme Toplant\u0131s\u0131\",\"isPartOf\":{\"@id\":\"https:\\\/\\\/www.farklabs.com\\\/#website\"},\"primaryImageOfPage\":{\"@id\":\"https:\\\/\\\/www.farklabs.com\\\/tr\\\/etkinlik\\\/eit-urban-mobility-market-readiness-accelerator-2025-programlari-online-bilgilendirme-toplantisi\\\/#primaryimage\"},\"image\":{\"@id\":\"https:\\\/\\\/www.farklabs.com\\\/tr\\\/etkinlik\\\/eit-urban-mobility-market-readiness-accelerator-2025-programlari-online-bilgilendirme-toplantisi\\\/#primaryimage\"},\"thumbnailUrl\":\"https:\\\/\\\/www.farklabs.com\\\/wp-content\\\/uploads\\\/2025\\\/04\\\/1088.jpg\",\"datePublished\":\"2025-04-03T12:08:39+00:00\",\"dateModified\":\"2025-04-03T14:08:38+00:00\",\"description\":\"EIT Urban Mobility Market Readiness Accelerator 2025 programlar\u0131 hakk\u0131nda bilgi almak i\u00e7in 11 Nisan\u2019daki online toplant\u0131ya kat\u0131l\u0131n. Kentsel mobilite giri\u015fiminizi b\u00fcy\u00fctme f\u0131rsat\u0131n\u0131 ka\u00e7\u0131rmay\u0131n!\",\"breadcrumb\":{\"@id\":\"https:\\\/\\\/www.farklabs.com\\\/tr\\\/etkinlik\\\/eit-urban-mobility-market-readiness-accelerator-2025-programlari-online-bilgilendirme-toplantisi\\\/#breadcrumb\"},\"inLanguage\":\"tr\",\"potentialAction\":[{\"@type\":\"ReadAction\",\"target\":[\"https:\\\/\\\/www.farklabs.com\\\/tr\\\/etkinlik\\\/eit-urban-mobility-market-readiness-accelerator-2025-programlari-online-bilgilendirme-toplantisi\\\/\"]}]},{\"@type\":\"ImageObject\",\"inLanguage\":\"tr\",\"@id\":\"https:\\\/\\\/www.farklabs.com\\\/tr\\\/etkinlik\\\/eit-urban-mobility-market-readiness-accelerator-2025-programlari-online-bilgilendirme-toplantisi\\\/#primaryimage\",\"url\":\"https:\\\/\\\/www.farklabs.com\\\/wp-content\\\/uploads\\\/2025\\\/04\\\/1088.jpg\",\"contentUrl\":\"https:\\\/\\\/www.farklabs.com\\\/wp-content\\\/uploads\\\/2025\\\/04\\\/1088.jpg\",\"width\":1088,\"height\":496},{\"@type\":\"BreadcrumbList\",\"@id\":\"https:\\\/\\\/www.farklabs.com\\\/tr\\\/etkinlik\\\/eit-urban-mobility-market-readiness-accelerator-2025-programlari-online-bilgilendirme-toplantisi\\\/#breadcrumb\",\"itemListElement\":[{\"@type\":\"ListItem\",\"position\":1,\"name\":\"Home\",\"item\":\"https:\\\/\\\/www.farklabs.com\\\/tr\\\/\"},{\"@type\":\"ListItem\",\"position\":2,\"name\":\"Events\",\"item\":\"https:\\\/\\\/www.farklabs.com\\\/event\\\/\"},{\"@type\":\"ListItem\",\"position\":3,\"name\":\"EIT Urban Mobility &#8220;Market Readiness Accelerator 2025&#8221; Programlar\u0131 Online Bilgilendirme Toplant\u0131s\u0131\"}]},{\"@type\":\"WebSite\",\"@id\":\"https:\\\/\\\/www.farklabs.com\\\/#website\",\"url\":\"https:\\\/\\\/www.farklabs.com\\\/\",\"name\":\"Fark Labs\",\"description\":\"Better. Future. Together.\",\"publisher\":{\"@id\":\"https:\\\/\\\/www.farklabs.com\\\/#organization\"},\"potentialAction\":[{\"@type\":\"SearchAction\",\"target\":{\"@type\":\"EntryPoint\",\"urlTemplate\":\"https:\\\/\\\/www.farklabs.com\\\/?s={search_term_string}\"},\"query-input\":{\"@type\":\"PropertyValueSpecification\",\"valueRequired\":true,\"valueName\":\"search_term_string\"}}],\"inLanguage\":\"tr\"},{\"@type\":\"Organization\",\"@id\":\"https:\\\/\\\/www.farklabs.com\\\/#organization\",\"name\":\"Fark Labs\",\"url\":\"https:\\\/\\\/www.farklabs.com\\\/\",\"logo\":{\"@type\":\"ImageObject\",\"inLanguage\":\"tr\",\"@id\":\"https:\\\/\\\/www.farklabs.com\\\/#\\\/schema\\\/logo\\\/image\\\/\",\"url\":\"https:\\\/\\\/www.farklabs.com\\\/wp-content\\\/uploads\\\/2022\\\/04\\\/1-Fark-Labs-logo1.png\",\"contentUrl\":\"https:\\\/\\\/www.farklabs.com\\\/wp-content\\\/uploads\\\/2022\\\/04\\\/1-Fark-Labs-logo1.png\",\"width\":337,\"height\":150,\"caption\":\"Fark Labs\"},\"image\":{\"@id\":\"https:\\\/\\\/www.farklabs.com\\\/#\\\/schema\\\/logo\\\/image\\\/\"},\"sameAs\":[\"https:\\\/\\\/www.facebook.com\\\/farklabs\\\/\",\"https:\\\/\\\/x.com\\\/farklabs\",\"https:\\\/\\\/www.instagram.com\\\/farklabs\\\/\",\"https:\\\/\\\/www.linkedin.com\\\/company\\\/farklabs\\\/\",\"https:\\\/\\\/www.youtube.com\\\/c\\\/farklabs\"]}]}<\/script>\n<!-- \/ Yoast SEO Premium plugin. -->","yoast_head_json":{"title":"EIT Urban Mobility Market Readiness Accelerator 2025 | Online Bilgilendirme Toplant\u0131s\u0131","description":"EIT Urban Mobility Market Readiness Accelerator 2025 programlar\u0131 hakk\u0131nda bilgi almak i\u00e7in 11 Nisan\u2019daki online toplant\u0131ya kat\u0131l\u0131n. Kentsel mobilite giri\u015fiminizi b\u00fcy\u00fctme f\u0131rsat\u0131n\u0131 ka\u00e7\u0131rmay\u0131n!","robots":{"index":"index","follow":"follow","max-snippet":"max-snippet:-1","max-image-preview":"max-image-preview:large","max-video-preview":"max-video-preview:-1"},"canonical":"https:\/\/www.farklabs.com\/tr\/etkinlik\/eit-urban-mobility-market-readiness-accelerator-2025-programlari-online-bilgilendirme-toplantisi\/","og_locale":"tr_TR","og_type":"article","og_title":"EIT Urban Mobility \"Market Readiness Accelerator 2025\" Programlar\u0131 Online Bilgilendirme Toplant\u0131s\u0131","og_description":"EIT Urban Mobility Market Readiness Accelerator 2025 programlar\u0131 hakk\u0131nda bilgi almak i\u00e7in 11 Nisan\u2019daki online toplant\u0131ya kat\u0131l\u0131n. Kentsel mobilite giri\u015fiminizi b\u00fcy\u00fctme f\u0131rsat\u0131n\u0131 ka\u00e7\u0131rmay\u0131n!","og_url":"https:\/\/www.farklabs.com\/tr\/etkinlik\/eit-urban-mobility-market-readiness-accelerator-2025-programlari-online-bilgilendirme-toplantisi\/","og_site_name":"Fark Labs","article_publisher":"https:\/\/www.facebook.com\/farklabs\/","article_modified_time":"2025-04-03T14:08:38+00:00","og_image":[{"width":1200,"height":630,"url":"https:\/\/www.farklabs.com\/wp-content\/uploads\/2025\/04\/EIT-Urban-Mobility_Market-Readiness-Accelerator-2025_Programlari-Online-Bilgilendirme-Toplantisi-1200x630-1.jpg","type":"image\/jpeg"}],"twitter_card":"summary_large_image","twitter_site":"@farklabs","twitter_misc":{"Tahmini okuma s\u00fcresi":"1 dakika"},"schema":{"@context":"https:\/\/schema.org","@graph":[{"@type":"WebPage","@id":"https:\/\/www.farklabs.com\/tr\/etkinlik\/eit-urban-mobility-market-readiness-accelerator-2025-programlari-online-bilgilendirme-toplantisi\/","url":"https:\/\/www.farklabs.com\/tr\/etkinlik\/eit-urban-mobility-market-readiness-accelerator-2025-programlari-online-bilgilendirme-toplantisi\/","name":"EIT Urban Mobility Market Readiness Accelerator 2025 | Online Bilgilendirme Toplant\u0131s\u0131","isPartOf":{"@id":"https:\/\/www.farklabs.com\/#website"},"primaryImageOfPage":{"@id":"https:\/\/www.farklabs.com\/tr\/etkinlik\/eit-urban-mobility-market-readiness-accelerator-2025-programlari-online-bilgilendirme-toplantisi\/#primaryimage"},"image":{"@id":"https:\/\/www.farklabs.com\/tr\/etkinlik\/eit-urban-mobility-market-readiness-accelerator-2025-programlari-online-bilgilendirme-toplantisi\/#primaryimage"},"thumbnailUrl":"https:\/\/www.farklabs.com\/wp-content\/uploads\/2025\/04\/1088.jpg","datePublished":"2025-04-03T12:08:39+00:00","dateModified":"2025-04-03T14:08:38+00:00","description":"EIT Urban Mobility Market Readiness Accelerator 2025 programlar\u0131 hakk\u0131nda bilgi almak i\u00e7in 11 Nisan\u2019daki online toplant\u0131ya kat\u0131l\u0131n. Kentsel mobilite giri\u015fiminizi b\u00fcy\u00fctme f\u0131rsat\u0131n\u0131 ka\u00e7\u0131rmay\u0131n!","breadcrumb":{"@id":"https:\/\/www.farklabs.com\/tr\/etkinlik\/eit-urban-mobility-market-readiness-accelerator-2025-programlari-online-bilgilendirme-toplantisi\/#breadcrumb"},"inLanguage":"tr","potentialAction":[{"@type":"ReadAction","target":["https:\/\/www.farklabs.com\/tr\/etkinlik\/eit-urban-mobility-market-readiness-accelerator-2025-programlari-online-bilgilendirme-toplantisi\/"]}]},{"@type":"ImageObject","inLanguage":"tr","@id":"https:\/\/www.farklabs.com\/tr\/etkinlik\/eit-urban-mobility-market-readiness-accelerator-2025-programlari-online-bilgilendirme-toplantisi\/#primaryimage","url":"https:\/\/www.farklabs.com\/wp-content\/uploads\/2025\/04\/1088.jpg","contentUrl":"https:\/\/www.farklabs.com\/wp-content\/uploads\/2025\/04\/1088.jpg","width":1088,"height":496},{"@type":"BreadcrumbList","@id":"https:\/\/www.farklabs.com\/tr\/etkinlik\/eit-urban-mobility-market-readiness-accelerator-2025-programlari-online-bilgilendirme-toplantisi\/#breadcrumb","itemListElement":[{"@type":"ListItem","position":1,"name":"Home","item":"https:\/\/www.farklabs.com\/tr\/"},{"@type":"ListItem","position":2,"name":"Events","item":"https:\/\/www.farklabs.com\/event\/"},{"@type":"ListItem","position":3,"name":"EIT Urban Mobility &#8220;Market Readiness Accelerator 2025&#8221; Programlar\u0131 Online Bilgilendirme Toplant\u0131s\u0131"}]},{"@type":"WebSite","@id":"https:\/\/www.farklabs.com\/#website","url":"https:\/\/www.farklabs.com\/","name":"Fark Labs","description":"Better. Future. Together.","publisher":{"@id":"https:\/\/www.farklabs.com\/#organization"},"potentialAction":[{"@type":"SearchAction","target":{"@type":"EntryPoint","urlTemplate":"https:\/\/www.farklabs.com\/?s={search_term_string}"},"query-input":{"@type":"PropertyValueSpecification","valueRequired":true,"valueName":"search_term_string"}}],"inLanguage":"tr"},{"@type":"Organization","@id":"https:\/\/www.farklabs.com\/#organization","name":"Fark Labs","url":"https:\/\/www.farklabs.com\/","logo":{"@type":"ImageObject","inLanguage":"tr","@id":"https:\/\/www.farklabs.com\/#\/schema\/logo\/image\/","url":"https:\/\/www.farklabs.com\/wp-content\/uploads\/2022\/04\/1-Fark-Labs-logo1.png","contentUrl":"https:\/\/www.farklabs.com\/wp-content\/uploads\/2022\/04\/1-Fark-Labs-logo1.png","width":337,"height":150,"caption":"Fark Labs"},"image":{"@id":"https:\/\/www.farklabs.com\/#\/schema\/logo\/image\/"},"sameAs":["https:\/\/www.facebook.com\/farklabs\/","https:\/\/x.com\/farklabs","https:\/\/www.instagram.com\/farklabs\/","https:\/\/www.linkedin.com\/company\/farklabs\/","https:\/\/www.youtube.com\/c\/farklabs"]}]}},"_links":{"self":[{"href":"https:\/\/www.farklabs.com\/tr\/wp-json\/wp\/v2\/event\/16244","targetHints":{"allow":["GET"]}}],"collection":[{"href":"https:\/\/www.farklabs.com\/tr\/wp-json\/wp\/v2\/event"}],"about":[{"href":"https:\/\/www.farklabs.com\/tr\/wp-json\/wp\/v2\/types\/event"}],"version-history":[{"count":11,"href":"https:\/\/www.farklabs.com\/tr\/wp-json\/wp\/v2\/event\/16244\/revisions"}],"predecessor-version":[{"id":16266,"href":"https:\/\/www.farklabs.com\/tr\/wp-json\/wp\/v2\/event\/16244\/revisions\/16266"}],"wp:featuredmedia":[{"embeddable":true,"href":"https:\/\/www.farklabs.com\/tr\/wp-json\/wp\/v2\/media\/16245"}],"wp:attachment":[{"href":"https:\/\/www.farklabs.com\/tr\/wp-json\/wp\/v2\/media?parent=16244"}],"wp:term":[{"taxonomy":"category_event","embeddable":true,"href":"https:\/\/www.farklabs.com\/tr\/wp-json\/wp\/v2\/events?post=16244"}],"curies":[{"name":"wp","href":"https:\/\/api.w.org\/{rel}","templated":true}]}}