{"id":17539,"date":"2025-07-23T14:49:24","date_gmt":"2025-07-23T11:49:24","guid":{"rendered":"https:\/\/www.farklabs.com\/?post_type=event&#038;p=17539"},"modified":"2025-07-23T14:49:25","modified_gmt":"2025-07-23T11:49:25","slug":"eit-urban-mobility-ris-education-cagrisi-online-bilgilendirme-etkinligi","status":"publish","type":"event","link":"https:\/\/www.farklabs.com\/tr\/etkinlik\/eit-urban-mobility-ris-education-cagrisi-online-bilgilendirme-etkinligi\/","title":{"rendered":"EIT Urban Mobility RIS Education \u00c7a\u011fr\u0131s\u0131 Online Bilgilendirme Etkinli\u011fi"},"content":{"rendered":"\n<p>E\u011fitim programlar\u0131n\u0131zla \u015fehirlerin gelece\u011fine katk\u0131 sunmaya haz\u0131r m\u0131s\u0131n\u0131z? <a href=\"https:\/\/www.eiturbanmobility.eu\/call-for-proposals\/ris-education-open-call-2026\/\" target=\"_blank\" rel=\"noreferrer noopener\">EIT Urban Mobility\u2019nin RIS Education Open Call 2026<\/a> \u00e7a\u011fr\u0131s\u0131, kentsel hareketlilik alan\u0131nda e\u011fitim yoluyla d\u00f6n\u00fc\u015f\u00fcm yaratmak isteyen \u00fcniversiteleri, belediyeleri, STK\u2019lar\u0131 ve \u00f6zel sekt\u00f6r temsilcilerini bekliyor!<\/p>\n\n\n\n<p>Bu kapsamda d\u00fczenleyece\u011fimiz online bilgilendirme toplant\u0131s\u0131nda, \u00e7a\u011fr\u0131ya dair t\u00fcm detaylar\u0131 ve ba\u015fvuru s\u00fcrecini birlikte inceleyece\u011fiz. Etkinli\u011fe kat\u0131larak, hangi t\u00fcr projelerin desteklendi\u011fini \u00f6\u011frenebilir, akl\u0131n\u0131zdaki sorulara yan\u0131t bulabilir ve kendi ba\u015fvuru s\u00fcrecinize sa\u011flam bir temel atabilirsiniz.<\/p>\n\n\n\n<p>\ud83d\udcc5 Tarih: 30 Temmuz 2025 \u2013 \u00c7ar\u015famba<br>\ud83d\udd59 Saat: 10.00 &#8211; 12.00<br>\ud83d\udccd Yer: Zoom<br>\ud83d\udd17 Kay\u0131t: <a href=\"http:\/\/lu.ma\/30temmuz\" target=\"_blank\" rel=\"noreferrer noopener\">lu.ma\/30temmuz<\/a><\/p>\n\n\n\n<p><strong>RIS Education Open Call 2026 kapsam\u0131nda desteklenecek projeler:<\/strong><\/p>\n\n\n\n<ul class=\"wp-block-list\">\n<li>\u00dcniversite dersleri ve k\u0131sa e\u011fitim mod\u00fclleri<\/li>\n\n\n\n<li>Yaz\/k\u0131\u015f okullar\u0131 ve uygulamal\u0131 at\u00f6lyeler<\/li>\n\n\n\n<li>Dijital e\u011fitim i\u00e7erikleri ve yerel fark\u0131ndal\u0131k kampanyalar\u0131<\/li>\n\n\n\n<li>Kentsel mobilite alan\u0131nda beceri ve yetkinlik kazand\u0131ran her t\u00fcrl\u00fc e\u011fitim giri\u015fimi<\/li>\n<\/ul>\n\n\n\n<p>Bu \u00e7a\u011fr\u0131, RIS b\u00f6lgelerinde (T\u00fcrkiye dahil) yer alan y\u00fcksek\u00f6\u011fretim kurumlar\u0131, yerel y\u00f6netimler, kamu kurumlar\u0131, STK\u2019lar ve \u00f6zel sekt\u00f6r akt\u00f6rlerinin ba\u015fvurusuna a\u00e7\u0131kt\u0131r.<\/p>\n\n\n\n<p><strong>\u00c7a\u011fr\u0131n\u0131n amac\u0131:<\/strong><br>Kentsel hareketlilikte bilgi, yetkinlik ve fark\u0131ndal\u0131k art\u0131rmay\u0131 hedefleyen etkili e\u011fitim projelerini desteklemek.<\/p>\n\n\n\n<p><strong>Son ba\u015fvuru tarihi:<\/strong> 10 Eyl\u00fcl 2025 \u2013 17:00 (CET)<br><strong>Detaylar ve ba\u015fvuru dok\u00fcmanlar\u0131:<\/strong><br><a class=\"\" href=\"https:\/\/www.eiturbanmobility.eu\/call-for-proposals\/ris-education-open-call-2026\/\">https:\/\/www.eiturbanmobility.eu\/call-for-proposals\/ris-education-open-call-2026\/<\/a><\/p>\n\n\n\n<p>Kentsel mobilitenin gelece\u011finde s\u00f6z sahibi olmak istiyorsan\u0131z bu \u00e7a\u011fr\u0131y\u0131 ka\u00e7\u0131rmay\u0131n. E\u011fitim yoluyla etki yaratmak isteyen t\u00fcm kurumlar\u0131 bilgilendirme toplant\u0131m\u0131za bekliyoruz.<\/p>\n\n\n\n<h3 class=\"wp-block-heading\" id=\"h-kayit-olan-katilimcilara-etkinlik-oncesi-zoom-erisim-linki-email-ile-gonderilecektir\"><strong><em>Kay\u0131t olan kat\u0131l\u0131mc\u0131lara, etkinlik \u00f6ncesi Zoom eri\u015fim linki email ile g\u00f6nderilecektir.<\/em><\/strong><\/h3>\n\n\n\n<p><\/p>\n","protected":false},"excerpt":{"rendered":"<p>EIT Urban Mobility RIS Education Open Call 2026 Bilgilendirme Etkinli\u011fi<\/p>\n","protected":false},"featured_media":17545,"template":"","format":"standard","meta":{"_acf_changed":false,"om_disable_all_campaigns":false,"footnotes":""},"events":[329],"class_list":["post-17539","event","type-event","status-publish","format-standard","has-post-thumbnail","hentry","category_event-fark-labs-events-tr","entry"],"acf":[],"yoast_head":"<!-- This site is optimized with the Yoast SEO Premium plugin v27.3 (Yoast SEO v27.3) - https:\/\/yoast.com\/product\/yoast-seo-premium-wordpress\/ -->\n<title>RIS Education Call 2026 Bilgilendirme Etkinli\u011fi<\/title>\n<meta name=\"description\" content=\"RIS Education Open Call 2026 hakk\u0131nda bilgi almak i\u00e7in 30 Temmuz\u2019daki online toplant\u0131ya kat\u0131l\u0131n. E\u011fitimle \u015fehirlerde d\u00f6n\u00fc\u015f\u00fcm yarat\u0131n!\" \/>\n<meta name=\"robots\" content=\"index, follow, max-snippet:-1, max-image-preview:large, max-video-preview:-1\" \/>\n<link rel=\"canonical\" href=\"https:\/\/www.farklabs.com\/tr\/etkinlik\/eit-urban-mobility-ris-education-cagrisi-online-bilgilendirme-etkinligi\/\" \/>\n<meta property=\"og:locale\" content=\"tr_TR\" \/>\n<meta property=\"og:type\" content=\"article\" \/>\n<meta property=\"og:title\" content=\"RIS Education 2026 \u00c7a\u011fr\u0131s\u0131: Online Bilgilendirme Toplant\u0131s\u0131\" \/>\n<meta property=\"og:description\" content=\"RIS Education Open Call 2026 hakk\u0131nda bilgi almak i\u00e7in 30 Temmuz\u2019daki online toplant\u0131ya kat\u0131l\u0131n. E\u011fitimle \u015fehirlerde d\u00f6n\u00fc\u015f\u00fcm yarat\u0131n!\" \/>\n<meta property=\"og:url\" content=\"https:\/\/www.farklabs.com\/tr\/etkinlik\/eit-urban-mobility-ris-education-cagrisi-online-bilgilendirme-etkinligi\/\" \/>\n<meta property=\"og:site_name\" content=\"Fark Labs\" \/>\n<meta property=\"article:publisher\" content=\"https:\/\/www.facebook.com\/farklabs\/\" \/>\n<meta property=\"article:modified_time\" content=\"2025-07-23T11:49:25+00:00\" \/>\n<meta property=\"og:image\" content=\"https:\/\/www.farklabs.com\/wp-content\/uploads\/2025\/07\/Eit-UM-Ris-Education-Call-1088.jpg\" \/>\n\t<meta property=\"og:image:width\" content=\"1088\" \/>\n\t<meta property=\"og:image:height\" content=\"496\" \/>\n\t<meta property=\"og:image:type\" content=\"image\/jpeg\" \/>\n<meta name=\"twitter:card\" content=\"summary_large_image\" \/>\n<meta name=\"twitter:title\" content=\"E\u011fitimle D\u00f6n\u00fc\u015f\u00fcm Zaman\u0131! RIS Education \u00c7a\u011fr\u0131s\u0131 Ba\u015fl\u0131yor\" \/>\n<meta name=\"twitter:description\" content=\"RIS Education Call 2026 hakk\u0131nda t\u00fcm detaylar\u0131 \u00f6\u011frenmek i\u00e7in 30 Temmuz\u2019da online toplant\u0131ya kat\u0131l\u0131n. \u015eehirler e\u011fitimle d\u00f6n\u00fc\u015f\u00fcyor!\" \/>\n<meta name=\"twitter:image\" content=\"https:\/\/www.farklabs.com\/wp-content\/uploads\/2025\/07\/Eit-UM-Ris-Education-Call-1088.jpg\" \/>\n<meta name=\"twitter:site\" content=\"@farklabs\" \/>\n<meta name=\"twitter:label1\" content=\"Tahmini okuma s\u00fcresi\" \/>\n\t<meta name=\"twitter:data1\" content=\"2 dakika\" \/>\n<script type=\"application\/ld+json\" class=\"yoast-schema-graph\">{\"@context\":\"https:\\\/\\\/schema.org\",\"@graph\":[{\"@type\":\"WebPage\",\"@id\":\"https:\\\/\\\/www.farklabs.com\\\/tr\\\/etkinlik\\\/eit-urban-mobility-ris-education-cagrisi-online-bilgilendirme-etkinligi\\\/\",\"url\":\"https:\\\/\\\/www.farklabs.com\\\/tr\\\/etkinlik\\\/eit-urban-mobility-ris-education-cagrisi-online-bilgilendirme-etkinligi\\\/\",\"name\":\"RIS Education Call 2026 Bilgilendirme Etkinli\u011fi\",\"isPartOf\":{\"@id\":\"https:\\\/\\\/www.farklabs.com\\\/#website\"},\"primaryImageOfPage\":{\"@id\":\"https:\\\/\\\/www.farklabs.com\\\/tr\\\/etkinlik\\\/eit-urban-mobility-ris-education-cagrisi-online-bilgilendirme-etkinligi\\\/#primaryimage\"},\"image\":{\"@id\":\"https:\\\/\\\/www.farklabs.com\\\/tr\\\/etkinlik\\\/eit-urban-mobility-ris-education-cagrisi-online-bilgilendirme-etkinligi\\\/#primaryimage\"},\"thumbnailUrl\":\"https:\\\/\\\/www.farklabs.com\\\/wp-content\\\/uploads\\\/2025\\\/07\\\/Eit-UM-Ris-Education-Call-1088.jpg\",\"datePublished\":\"2025-07-23T11:49:24+00:00\",\"dateModified\":\"2025-07-23T11:49:25+00:00\",\"description\":\"RIS Education Open Call 2026 hakk\u0131nda bilgi almak i\u00e7in 30 Temmuz\u2019daki online toplant\u0131ya kat\u0131l\u0131n. E\u011fitimle \u015fehirlerde d\u00f6n\u00fc\u015f\u00fcm yarat\u0131n!\",\"breadcrumb\":{\"@id\":\"https:\\\/\\\/www.farklabs.com\\\/tr\\\/etkinlik\\\/eit-urban-mobility-ris-education-cagrisi-online-bilgilendirme-etkinligi\\\/#breadcrumb\"},\"inLanguage\":\"tr\",\"potentialAction\":[{\"@type\":\"ReadAction\",\"target\":[\"https:\\\/\\\/www.farklabs.com\\\/tr\\\/etkinlik\\\/eit-urban-mobility-ris-education-cagrisi-online-bilgilendirme-etkinligi\\\/\"]}]},{\"@type\":\"ImageObject\",\"inLanguage\":\"tr\",\"@id\":\"https:\\\/\\\/www.farklabs.com\\\/tr\\\/etkinlik\\\/eit-urban-mobility-ris-education-cagrisi-online-bilgilendirme-etkinligi\\\/#primaryimage\",\"url\":\"https:\\\/\\\/www.farklabs.com\\\/wp-content\\\/uploads\\\/2025\\\/07\\\/Eit-UM-Ris-Education-Call-1088.jpg\",\"contentUrl\":\"https:\\\/\\\/www.farklabs.com\\\/wp-content\\\/uploads\\\/2025\\\/07\\\/Eit-UM-Ris-Education-Call-1088.jpg\",\"width\":1088,\"height\":496},{\"@type\":\"BreadcrumbList\",\"@id\":\"https:\\\/\\\/www.farklabs.com\\\/tr\\\/etkinlik\\\/eit-urban-mobility-ris-education-cagrisi-online-bilgilendirme-etkinligi\\\/#breadcrumb\",\"itemListElement\":[{\"@type\":\"ListItem\",\"position\":1,\"name\":\"Home\",\"item\":\"https:\\\/\\\/www.farklabs.com\\\/tr\\\/\"},{\"@type\":\"ListItem\",\"position\":2,\"name\":\"Events\",\"item\":\"https:\\\/\\\/www.farklabs.com\\\/event\\\/\"},{\"@type\":\"ListItem\",\"position\":3,\"name\":\"EIT Urban Mobility RIS Education \u00c7a\u011fr\u0131s\u0131 Online Bilgilendirme Etkinli\u011fi\"}]},{\"@type\":\"WebSite\",\"@id\":\"https:\\\/\\\/www.farklabs.com\\\/#website\",\"url\":\"https:\\\/\\\/www.farklabs.com\\\/\",\"name\":\"Fark Labs\",\"description\":\"Better. Future. Together.\",\"publisher\":{\"@id\":\"https:\\\/\\\/www.farklabs.com\\\/#organization\"},\"potentialAction\":[{\"@type\":\"SearchAction\",\"target\":{\"@type\":\"EntryPoint\",\"urlTemplate\":\"https:\\\/\\\/www.farklabs.com\\\/?s={search_term_string}\"},\"query-input\":{\"@type\":\"PropertyValueSpecification\",\"valueRequired\":true,\"valueName\":\"search_term_string\"}}],\"inLanguage\":\"tr\"},{\"@type\":\"Organization\",\"@id\":\"https:\\\/\\\/www.farklabs.com\\\/#organization\",\"name\":\"Fark Labs\",\"url\":\"https:\\\/\\\/www.farklabs.com\\\/\",\"logo\":{\"@type\":\"ImageObject\",\"inLanguage\":\"tr\",\"@id\":\"https:\\\/\\\/www.farklabs.com\\\/#\\\/schema\\\/logo\\\/image\\\/\",\"url\":\"https:\\\/\\\/www.farklabs.com\\\/wp-content\\\/uploads\\\/2022\\\/04\\\/1-Fark-Labs-logo1.png\",\"contentUrl\":\"https:\\\/\\\/www.farklabs.com\\\/wp-content\\\/uploads\\\/2022\\\/04\\\/1-Fark-Labs-logo1.png\",\"width\":337,\"height\":150,\"caption\":\"Fark Labs\"},\"image\":{\"@id\":\"https:\\\/\\\/www.farklabs.com\\\/#\\\/schema\\\/logo\\\/image\\\/\"},\"sameAs\":[\"https:\\\/\\\/www.facebook.com\\\/farklabs\\\/\",\"https:\\\/\\\/x.com\\\/farklabs\",\"https:\\\/\\\/www.instagram.com\\\/farklabs\\\/\",\"https:\\\/\\\/www.linkedin.com\\\/company\\\/farklabs\\\/\",\"https:\\\/\\\/www.youtube.com\\\/c\\\/farklabs\"]}]}<\/script>\n<!-- \/ Yoast SEO Premium plugin. -->","yoast_head_json":{"title":"RIS Education Call 2026 Bilgilendirme Etkinli\u011fi","description":"RIS Education Open Call 2026 hakk\u0131nda bilgi almak i\u00e7in 30 Temmuz\u2019daki online toplant\u0131ya kat\u0131l\u0131n. E\u011fitimle \u015fehirlerde d\u00f6n\u00fc\u015f\u00fcm yarat\u0131n!","robots":{"index":"index","follow":"follow","max-snippet":"max-snippet:-1","max-image-preview":"max-image-preview:large","max-video-preview":"max-video-preview:-1"},"canonical":"https:\/\/www.farklabs.com\/tr\/etkinlik\/eit-urban-mobility-ris-education-cagrisi-online-bilgilendirme-etkinligi\/","og_locale":"tr_TR","og_type":"article","og_title":"RIS Education 2026 \u00c7a\u011fr\u0131s\u0131: Online Bilgilendirme Toplant\u0131s\u0131","og_description":"RIS Education Open Call 2026 hakk\u0131nda bilgi almak i\u00e7in 30 Temmuz\u2019daki online toplant\u0131ya kat\u0131l\u0131n. E\u011fitimle \u015fehirlerde d\u00f6n\u00fc\u015f\u00fcm yarat\u0131n!","og_url":"https:\/\/www.farklabs.com\/tr\/etkinlik\/eit-urban-mobility-ris-education-cagrisi-online-bilgilendirme-etkinligi\/","og_site_name":"Fark Labs","article_publisher":"https:\/\/www.facebook.com\/farklabs\/","article_modified_time":"2025-07-23T11:49:25+00:00","og_image":[{"width":1088,"height":496,"url":"https:\/\/www.farklabs.com\/wp-content\/uploads\/2025\/07\/Eit-UM-Ris-Education-Call-1088.jpg","type":"image\/jpeg"}],"twitter_card":"summary_large_image","twitter_title":"E\u011fitimle D\u00f6n\u00fc\u015f\u00fcm Zaman\u0131! RIS Education \u00c7a\u011fr\u0131s\u0131 Ba\u015fl\u0131yor","twitter_description":"RIS Education Call 2026 hakk\u0131nda t\u00fcm detaylar\u0131 \u00f6\u011frenmek i\u00e7in 30 Temmuz\u2019da online toplant\u0131ya kat\u0131l\u0131n. \u015eehirler e\u011fitimle d\u00f6n\u00fc\u015f\u00fcyor!","twitter_image":"https:\/\/www.farklabs.com\/wp-content\/uploads\/2025\/07\/Eit-UM-Ris-Education-Call-1088.jpg","twitter_site":"@farklabs","twitter_misc":{"Tahmini okuma s\u00fcresi":"2 dakika"},"schema":{"@context":"https:\/\/schema.org","@graph":[{"@type":"WebPage","@id":"https:\/\/www.farklabs.com\/tr\/etkinlik\/eit-urban-mobility-ris-education-cagrisi-online-bilgilendirme-etkinligi\/","url":"https:\/\/www.farklabs.com\/tr\/etkinlik\/eit-urban-mobility-ris-education-cagrisi-online-bilgilendirme-etkinligi\/","name":"RIS Education Call 2026 Bilgilendirme Etkinli\u011fi","isPartOf":{"@id":"https:\/\/www.farklabs.com\/#website"},"primaryImageOfPage":{"@id":"https:\/\/www.farklabs.com\/tr\/etkinlik\/eit-urban-mobility-ris-education-cagrisi-online-bilgilendirme-etkinligi\/#primaryimage"},"image":{"@id":"https:\/\/www.farklabs.com\/tr\/etkinlik\/eit-urban-mobility-ris-education-cagrisi-online-bilgilendirme-etkinligi\/#primaryimage"},"thumbnailUrl":"https:\/\/www.farklabs.com\/wp-content\/uploads\/2025\/07\/Eit-UM-Ris-Education-Call-1088.jpg","datePublished":"2025-07-23T11:49:24+00:00","dateModified":"2025-07-23T11:49:25+00:00","description":"RIS Education Open Call 2026 hakk\u0131nda bilgi almak i\u00e7in 30 Temmuz\u2019daki online toplant\u0131ya kat\u0131l\u0131n. E\u011fitimle \u015fehirlerde d\u00f6n\u00fc\u015f\u00fcm yarat\u0131n!","breadcrumb":{"@id":"https:\/\/www.farklabs.com\/tr\/etkinlik\/eit-urban-mobility-ris-education-cagrisi-online-bilgilendirme-etkinligi\/#breadcrumb"},"inLanguage":"tr","potentialAction":[{"@type":"ReadAction","target":["https:\/\/www.farklabs.com\/tr\/etkinlik\/eit-urban-mobility-ris-education-cagrisi-online-bilgilendirme-etkinligi\/"]}]},{"@type":"ImageObject","inLanguage":"tr","@id":"https:\/\/www.farklabs.com\/tr\/etkinlik\/eit-urban-mobility-ris-education-cagrisi-online-bilgilendirme-etkinligi\/#primaryimage","url":"https:\/\/www.farklabs.com\/wp-content\/uploads\/2025\/07\/Eit-UM-Ris-Education-Call-1088.jpg","contentUrl":"https:\/\/www.farklabs.com\/wp-content\/uploads\/2025\/07\/Eit-UM-Ris-Education-Call-1088.jpg","width":1088,"height":496},{"@type":"BreadcrumbList","@id":"https:\/\/www.farklabs.com\/tr\/etkinlik\/eit-urban-mobility-ris-education-cagrisi-online-bilgilendirme-etkinligi\/#breadcrumb","itemListElement":[{"@type":"ListItem","position":1,"name":"Home","item":"https:\/\/www.farklabs.com\/tr\/"},{"@type":"ListItem","position":2,"name":"Events","item":"https:\/\/www.farklabs.com\/event\/"},{"@type":"ListItem","position":3,"name":"EIT Urban Mobility RIS Education \u00c7a\u011fr\u0131s\u0131 Online Bilgilendirme Etkinli\u011fi"}]},{"@type":"WebSite","@id":"https:\/\/www.farklabs.com\/#website","url":"https:\/\/www.farklabs.com\/","name":"Fark Labs","description":"Better. Future. Together.","publisher":{"@id":"https:\/\/www.farklabs.com\/#organization"},"potentialAction":[{"@type":"SearchAction","target":{"@type":"EntryPoint","urlTemplate":"https:\/\/www.farklabs.com\/?s={search_term_string}"},"query-input":{"@type":"PropertyValueSpecification","valueRequired":true,"valueName":"search_term_string"}}],"inLanguage":"tr"},{"@type":"Organization","@id":"https:\/\/www.farklabs.com\/#organization","name":"Fark Labs","url":"https:\/\/www.farklabs.com\/","logo":{"@type":"ImageObject","inLanguage":"tr","@id":"https:\/\/www.farklabs.com\/#\/schema\/logo\/image\/","url":"https:\/\/www.farklabs.com\/wp-content\/uploads\/2022\/04\/1-Fark-Labs-logo1.png","contentUrl":"https:\/\/www.farklabs.com\/wp-content\/uploads\/2022\/04\/1-Fark-Labs-logo1.png","width":337,"height":150,"caption":"Fark Labs"},"image":{"@id":"https:\/\/www.farklabs.com\/#\/schema\/logo\/image\/"},"sameAs":["https:\/\/www.facebook.com\/farklabs\/","https:\/\/x.com\/farklabs","https:\/\/www.instagram.com\/farklabs\/","https:\/\/www.linkedin.com\/company\/farklabs\/","https:\/\/www.youtube.com\/c\/farklabs"]}]}},"_links":{"self":[{"href":"https:\/\/www.farklabs.com\/tr\/wp-json\/wp\/v2\/event\/17539","targetHints":{"allow":["GET"]}}],"collection":[{"href":"https:\/\/www.farklabs.com\/tr\/wp-json\/wp\/v2\/event"}],"about":[{"href":"https:\/\/www.farklabs.com\/tr\/wp-json\/wp\/v2\/types\/event"}],"version-history":[{"count":3,"href":"https:\/\/www.farklabs.com\/tr\/wp-json\/wp\/v2\/event\/17539\/revisions"}],"predecessor-version":[{"id":17550,"href":"https:\/\/www.farklabs.com\/tr\/wp-json\/wp\/v2\/event\/17539\/revisions\/17550"}],"wp:featuredmedia":[{"embeddable":true,"href":"https:\/\/www.farklabs.com\/tr\/wp-json\/wp\/v2\/media\/17545"}],"wp:attachment":[{"href":"https:\/\/www.farklabs.com\/tr\/wp-json\/wp\/v2\/media?parent=17539"}],"wp:term":[{"taxonomy":"category_event","embeddable":true,"href":"https:\/\/www.farklabs.com\/tr\/wp-json\/wp\/v2\/events?post=17539"}],"curies":[{"name":"wp","href":"https:\/\/api.w.org\/{rel}","templated":true}]}}