{"id":17598,"date":"2025-08-25T11:30:33","date_gmt":"2025-08-25T08:30:33","guid":{"rendered":"https:\/\/www.farklabs.com\/?post_type=event&#038;p=17598"},"modified":"2025-08-25T11:30:34","modified_gmt":"2025-08-25T08:30:34","slug":"fark-labs-iaa-mobility-2025te","status":"publish","type":"event","link":"https:\/\/www.farklabs.com\/tr\/etkinlik\/fark-labs-iaa-mobility-2025te\/","title":{"rendered":"Fark Labs, IAA Mobility 2025\u2019te!"},"content":{"rendered":"\n<p><strong>9\u201312 Eyl\u00fcl 2025 <\/strong>tarihlerinde Fark Labs, M\u00fcnih\u2019te ger\u00e7ekle\u015fecek <strong><a href=\"https:\/\/www.iaa-mobility.com\/en\/visitors?utm_campaign=IAA_Besucher&amp;utm_medium=paidSearch_mmg&amp;utm_source=google&amp;utm_content=sea&amp;utm_creative_format=sonstiges&amp;utm_marketing_tactic=performance&amp;gad_source=1&amp;gad_campaignid=22896657978&amp;gbraid=0AAAAABWRuTjjdpLFdT7EF_m_jmymDrKrP&amp;gclid=CjwKCAjwk7DFBhBAEiwAeYbJsdJOMWjWaIYc2RNVJeAAuQnN1-xsWSn8eNRADRiA06FmuAiYEKOXLRoCgTgQAvD_BwE\" target=\"_blank\" rel=\"noreferrer noopener\">IAA Mobility 2025<\/a><\/strong> kapsam\u0131nda k\u00fcresel mobilite ekosisteminde yerini al\u0131yor. Gelece\u011fin mobilite vizyonumuzu payla\u015fmak, yenilik\u00e7iler, sekt\u00f6r liderleri ve i\u015f ortaklar\u0131yla bir araya gelmek i\u00e7in M\u00fcnih\u2019te olaca\u011f\u0131z.<\/p>\n\n\n\n<p>\ud83d\udccd Bizi ziyaret edin: <strong>Munich Trade Fair Center, Hall A2 | Booth B323<\/strong><\/p>\n\n\n\n<p>Birlikte mobilitenin yeni neslini \u015fekillendirmek i\u00e7in gelin, ba\u011flant\u0131 kural\u0131m.<\/p>\n","protected":false},"excerpt":{"rendered":"<p>9\u201312 Eyl\u00fcl 2025 tarihlerinde Fark Labs, M\u00fcnih\u2019te ger\u00e7ekle\u015fecek IAA Mobility 2025 kapsam\u0131nda k\u00fcresel mobilite ekosisteminde yerini al\u0131yor. Gelece\u011fin mobilite vizyonumuzu payla\u015fmak, yenilik\u00e7iler, sekt\u00f6r liderleri ve i\u015f ortaklar\u0131yla bir araya gelmek i\u00e7in M\u00fcnih\u2019te olaca\u011f\u0131z. \ud83d\udccd Bizi ziyaret edin: Munich Trade Fair Center, Hall A2 | Booth B323 Birlikte mobilitenin yeni neslini \u015fekillendirmek i\u00e7in gelin, ba\u011flant\u0131 kural\u0131m.<\/p>\n","protected":false},"featured_media":17590,"template":"","format":"standard","meta":{"_acf_changed":false,"om_disable_all_campaigns":false,"footnotes":""},"events":[329,330],"class_list":["post-17598","event","type-event","status-publish","format-standard","has-post-thumbnail","hentry","category_event-fark-labs-events-tr","category_event-mobility-tr","entry"],"acf":[],"yoast_head":"<!-- This site is optimized with the Yoast SEO Premium plugin v27.3 (Yoast SEO v27.3) - https:\/\/yoast.com\/product\/yoast-seo-premium-wordpress\/ -->\n<title>Fark Labs, IAA Mobility 2025\u2019te<\/title>\n<meta name=\"description\" content=\"Fark Labs, 9\u201312 Eyl\u00fcl\u2019de IAA Mobility 2025\u2019te! Gelece\u011fin mobilite vizyonunu ve yenilik\u00e7i \u00e7\u00f6z\u00fcmlerimizi ke\u015ffedin.\" \/>\n<meta name=\"robots\" content=\"index, follow, max-snippet:-1, max-image-preview:large, max-video-preview:-1\" \/>\n<link rel=\"canonical\" href=\"https:\/\/www.farklabs.com\/tr\/etkinlik\/fark-labs-iaa-mobility-2025te\/\" \/>\n<meta property=\"og:locale\" content=\"tr_TR\" \/>\n<meta property=\"og:type\" content=\"article\" \/>\n<meta property=\"og:title\" content=\"Fark Labs, IAA Mobility 2025\u2019te!\" \/>\n<meta property=\"og:description\" content=\"9\u201312 Eyl\u00fcl\u2019de M\u00fcnih\u2019te ger\u00e7ekle\u015fecek IAA Mobility 2025\u2019te gelece\u011fin mobilite vizyonumuzu payla\u015f\u0131yoruz. Yenilik\u00e7iler, liderler ve i\u015f ortaklar\u0131yla bir araya geliyoruz.\" \/>\n<meta property=\"og:url\" content=\"https:\/\/www.farklabs.com\/tr\/etkinlik\/fark-labs-iaa-mobility-2025te\/\" \/>\n<meta property=\"og:site_name\" content=\"Fark Labs\" \/>\n<meta property=\"article:publisher\" content=\"https:\/\/www.facebook.com\/farklabs\/\" \/>\n<meta property=\"article:modified_time\" content=\"2025-08-25T08:30:34+00:00\" \/>\n<meta property=\"og:image\" content=\"https:\/\/www.farklabs.com\/wp-content\/uploads\/2025\/08\/1200.jpg\" \/>\n\t<meta property=\"og:image:width\" content=\"1200\" \/>\n\t<meta property=\"og:image:height\" content=\"628\" \/>\n\t<meta property=\"og:image:type\" content=\"image\/jpeg\" \/>\n<meta name=\"twitter:card\" content=\"summary_large_image\" \/>\n<meta name=\"twitter:title\" content=\"Fark Labs, IAA Mobility 2025\u2019te!\" \/>\n<meta name=\"twitter:description\" content=\"Fark Labs, 9\u201312 Eyl\u00fcl\u2019de #IAAMobility 2025\u2019te! Gelece\u011fin mobilite vizyonunu payla\u015fmak ve sekt\u00f6r\u00fcn liderleriyle bulu\u015fmak i\u00e7in oraday\u0131z.\" \/>\n<meta name=\"twitter:site\" content=\"@farklabs\" \/>\n<meta name=\"twitter:label1\" content=\"Tahmini okuma s\u00fcresi\" \/>\n\t<meta name=\"twitter:data1\" content=\"1 dakika\" \/>\n<script type=\"application\/ld+json\" class=\"yoast-schema-graph\">{\"@context\":\"https:\\\/\\\/schema.org\",\"@graph\":[{\"@type\":\"WebPage\",\"@id\":\"https:\\\/\\\/www.farklabs.com\\\/tr\\\/etkinlik\\\/fark-labs-iaa-mobility-2025te\\\/\",\"url\":\"https:\\\/\\\/www.farklabs.com\\\/tr\\\/etkinlik\\\/fark-labs-iaa-mobility-2025te\\\/\",\"name\":\"Fark Labs, IAA Mobility 2025\u2019te\",\"isPartOf\":{\"@id\":\"https:\\\/\\\/www.farklabs.com\\\/#website\"},\"primaryImageOfPage\":{\"@id\":\"https:\\\/\\\/www.farklabs.com\\\/tr\\\/etkinlik\\\/fark-labs-iaa-mobility-2025te\\\/#primaryimage\"},\"image\":{\"@id\":\"https:\\\/\\\/www.farklabs.com\\\/tr\\\/etkinlik\\\/fark-labs-iaa-mobility-2025te\\\/#primaryimage\"},\"thumbnailUrl\":\"https:\\\/\\\/www.farklabs.com\\\/wp-content\\\/uploads\\\/2025\\\/08\\\/1088.jpg\",\"datePublished\":\"2025-08-25T08:30:33+00:00\",\"dateModified\":\"2025-08-25T08:30:34+00:00\",\"description\":\"Fark Labs, 9\u201312 Eyl\u00fcl\u2019de IAA Mobility 2025\u2019te! Gelece\u011fin mobilite vizyonunu ve yenilik\u00e7i \u00e7\u00f6z\u00fcmlerimizi ke\u015ffedin.\",\"breadcrumb\":{\"@id\":\"https:\\\/\\\/www.farklabs.com\\\/tr\\\/etkinlik\\\/fark-labs-iaa-mobility-2025te\\\/#breadcrumb\"},\"inLanguage\":\"tr\",\"potentialAction\":[{\"@type\":\"ReadAction\",\"target\":[\"https:\\\/\\\/www.farklabs.com\\\/tr\\\/etkinlik\\\/fark-labs-iaa-mobility-2025te\\\/\"]}]},{\"@type\":\"ImageObject\",\"inLanguage\":\"tr\",\"@id\":\"https:\\\/\\\/www.farklabs.com\\\/tr\\\/etkinlik\\\/fark-labs-iaa-mobility-2025te\\\/#primaryimage\",\"url\":\"https:\\\/\\\/www.farklabs.com\\\/wp-content\\\/uploads\\\/2025\\\/08\\\/1088.jpg\",\"contentUrl\":\"https:\\\/\\\/www.farklabs.com\\\/wp-content\\\/uploads\\\/2025\\\/08\\\/1088.jpg\",\"width\":1088,\"height\":496},{\"@type\":\"BreadcrumbList\",\"@id\":\"https:\\\/\\\/www.farklabs.com\\\/tr\\\/etkinlik\\\/fark-labs-iaa-mobility-2025te\\\/#breadcrumb\",\"itemListElement\":[{\"@type\":\"ListItem\",\"position\":1,\"name\":\"Home\",\"item\":\"https:\\\/\\\/www.farklabs.com\\\/tr\\\/\"},{\"@type\":\"ListItem\",\"position\":2,\"name\":\"Events\",\"item\":\"https:\\\/\\\/www.farklabs.com\\\/event\\\/\"},{\"@type\":\"ListItem\",\"position\":3,\"name\":\"Fark Labs, IAA Mobility 2025\u2019te!\"}]},{\"@type\":\"WebSite\",\"@id\":\"https:\\\/\\\/www.farklabs.com\\\/#website\",\"url\":\"https:\\\/\\\/www.farklabs.com\\\/\",\"name\":\"Fark Labs\",\"description\":\"Better. Future. Together.\",\"publisher\":{\"@id\":\"https:\\\/\\\/www.farklabs.com\\\/#organization\"},\"potentialAction\":[{\"@type\":\"SearchAction\",\"target\":{\"@type\":\"EntryPoint\",\"urlTemplate\":\"https:\\\/\\\/www.farklabs.com\\\/?s={search_term_string}\"},\"query-input\":{\"@type\":\"PropertyValueSpecification\",\"valueRequired\":true,\"valueName\":\"search_term_string\"}}],\"inLanguage\":\"tr\"},{\"@type\":\"Organization\",\"@id\":\"https:\\\/\\\/www.farklabs.com\\\/#organization\",\"name\":\"Fark Labs\",\"url\":\"https:\\\/\\\/www.farklabs.com\\\/\",\"logo\":{\"@type\":\"ImageObject\",\"inLanguage\":\"tr\",\"@id\":\"https:\\\/\\\/www.farklabs.com\\\/#\\\/schema\\\/logo\\\/image\\\/\",\"url\":\"https:\\\/\\\/www.farklabs.com\\\/wp-content\\\/uploads\\\/2022\\\/04\\\/1-Fark-Labs-logo1.png\",\"contentUrl\":\"https:\\\/\\\/www.farklabs.com\\\/wp-content\\\/uploads\\\/2022\\\/04\\\/1-Fark-Labs-logo1.png\",\"width\":337,\"height\":150,\"caption\":\"Fark Labs\"},\"image\":{\"@id\":\"https:\\\/\\\/www.farklabs.com\\\/#\\\/schema\\\/logo\\\/image\\\/\"},\"sameAs\":[\"https:\\\/\\\/www.facebook.com\\\/farklabs\\\/\",\"https:\\\/\\\/x.com\\\/farklabs\",\"https:\\\/\\\/www.instagram.com\\\/farklabs\\\/\",\"https:\\\/\\\/www.linkedin.com\\\/company\\\/farklabs\\\/\",\"https:\\\/\\\/www.youtube.com\\\/c\\\/farklabs\"]}]}<\/script>\n<!-- \/ Yoast SEO Premium plugin. -->","yoast_head_json":{"title":"Fark Labs, IAA Mobility 2025\u2019te","description":"Fark Labs, 9\u201312 Eyl\u00fcl\u2019de IAA Mobility 2025\u2019te! Gelece\u011fin mobilite vizyonunu ve yenilik\u00e7i \u00e7\u00f6z\u00fcmlerimizi ke\u015ffedin.","robots":{"index":"index","follow":"follow","max-snippet":"max-snippet:-1","max-image-preview":"max-image-preview:large","max-video-preview":"max-video-preview:-1"},"canonical":"https:\/\/www.farklabs.com\/tr\/etkinlik\/fark-labs-iaa-mobility-2025te\/","og_locale":"tr_TR","og_type":"article","og_title":"Fark Labs, IAA Mobility 2025\u2019te!","og_description":"9\u201312 Eyl\u00fcl\u2019de M\u00fcnih\u2019te ger\u00e7ekle\u015fecek IAA Mobility 2025\u2019te gelece\u011fin mobilite vizyonumuzu payla\u015f\u0131yoruz. Yenilik\u00e7iler, liderler ve i\u015f ortaklar\u0131yla bir araya geliyoruz.","og_url":"https:\/\/www.farklabs.com\/tr\/etkinlik\/fark-labs-iaa-mobility-2025te\/","og_site_name":"Fark Labs","article_publisher":"https:\/\/www.facebook.com\/farklabs\/","article_modified_time":"2025-08-25T08:30:34+00:00","og_image":[{"width":1200,"height":628,"url":"https:\/\/www.farklabs.com\/wp-content\/uploads\/2025\/08\/1200.jpg","type":"image\/jpeg"}],"twitter_card":"summary_large_image","twitter_title":"Fark Labs, IAA Mobility 2025\u2019te!","twitter_description":"Fark Labs, 9\u201312 Eyl\u00fcl\u2019de #IAAMobility 2025\u2019te! Gelece\u011fin mobilite vizyonunu payla\u015fmak ve sekt\u00f6r\u00fcn liderleriyle bulu\u015fmak i\u00e7in oraday\u0131z.","twitter_site":"@farklabs","twitter_misc":{"Tahmini okuma s\u00fcresi":"1 dakika"},"schema":{"@context":"https:\/\/schema.org","@graph":[{"@type":"WebPage","@id":"https:\/\/www.farklabs.com\/tr\/etkinlik\/fark-labs-iaa-mobility-2025te\/","url":"https:\/\/www.farklabs.com\/tr\/etkinlik\/fark-labs-iaa-mobility-2025te\/","name":"Fark Labs, IAA Mobility 2025\u2019te","isPartOf":{"@id":"https:\/\/www.farklabs.com\/#website"},"primaryImageOfPage":{"@id":"https:\/\/www.farklabs.com\/tr\/etkinlik\/fark-labs-iaa-mobility-2025te\/#primaryimage"},"image":{"@id":"https:\/\/www.farklabs.com\/tr\/etkinlik\/fark-labs-iaa-mobility-2025te\/#primaryimage"},"thumbnailUrl":"https:\/\/www.farklabs.com\/wp-content\/uploads\/2025\/08\/1088.jpg","datePublished":"2025-08-25T08:30:33+00:00","dateModified":"2025-08-25T08:30:34+00:00","description":"Fark Labs, 9\u201312 Eyl\u00fcl\u2019de IAA Mobility 2025\u2019te! Gelece\u011fin mobilite vizyonunu ve yenilik\u00e7i \u00e7\u00f6z\u00fcmlerimizi ke\u015ffedin.","breadcrumb":{"@id":"https:\/\/www.farklabs.com\/tr\/etkinlik\/fark-labs-iaa-mobility-2025te\/#breadcrumb"},"inLanguage":"tr","potentialAction":[{"@type":"ReadAction","target":["https:\/\/www.farklabs.com\/tr\/etkinlik\/fark-labs-iaa-mobility-2025te\/"]}]},{"@type":"ImageObject","inLanguage":"tr","@id":"https:\/\/www.farklabs.com\/tr\/etkinlik\/fark-labs-iaa-mobility-2025te\/#primaryimage","url":"https:\/\/www.farklabs.com\/wp-content\/uploads\/2025\/08\/1088.jpg","contentUrl":"https:\/\/www.farklabs.com\/wp-content\/uploads\/2025\/08\/1088.jpg","width":1088,"height":496},{"@type":"BreadcrumbList","@id":"https:\/\/www.farklabs.com\/tr\/etkinlik\/fark-labs-iaa-mobility-2025te\/#breadcrumb","itemListElement":[{"@type":"ListItem","position":1,"name":"Home","item":"https:\/\/www.farklabs.com\/tr\/"},{"@type":"ListItem","position":2,"name":"Events","item":"https:\/\/www.farklabs.com\/event\/"},{"@type":"ListItem","position":3,"name":"Fark Labs, IAA Mobility 2025\u2019te!"}]},{"@type":"WebSite","@id":"https:\/\/www.farklabs.com\/#website","url":"https:\/\/www.farklabs.com\/","name":"Fark Labs","description":"Better. Future. Together.","publisher":{"@id":"https:\/\/www.farklabs.com\/#organization"},"potentialAction":[{"@type":"SearchAction","target":{"@type":"EntryPoint","urlTemplate":"https:\/\/www.farklabs.com\/?s={search_term_string}"},"query-input":{"@type":"PropertyValueSpecification","valueRequired":true,"valueName":"search_term_string"}}],"inLanguage":"tr"},{"@type":"Organization","@id":"https:\/\/www.farklabs.com\/#organization","name":"Fark Labs","url":"https:\/\/www.farklabs.com\/","logo":{"@type":"ImageObject","inLanguage":"tr","@id":"https:\/\/www.farklabs.com\/#\/schema\/logo\/image\/","url":"https:\/\/www.farklabs.com\/wp-content\/uploads\/2022\/04\/1-Fark-Labs-logo1.png","contentUrl":"https:\/\/www.farklabs.com\/wp-content\/uploads\/2022\/04\/1-Fark-Labs-logo1.png","width":337,"height":150,"caption":"Fark Labs"},"image":{"@id":"https:\/\/www.farklabs.com\/#\/schema\/logo\/image\/"},"sameAs":["https:\/\/www.facebook.com\/farklabs\/","https:\/\/x.com\/farklabs","https:\/\/www.instagram.com\/farklabs\/","https:\/\/www.linkedin.com\/company\/farklabs\/","https:\/\/www.youtube.com\/c\/farklabs"]}]}},"_links":{"self":[{"href":"https:\/\/www.farklabs.com\/tr\/wp-json\/wp\/v2\/event\/17598","targetHints":{"allow":["GET"]}}],"collection":[{"href":"https:\/\/www.farklabs.com\/tr\/wp-json\/wp\/v2\/event"}],"about":[{"href":"https:\/\/www.farklabs.com\/tr\/wp-json\/wp\/v2\/types\/event"}],"version-history":[{"count":3,"href":"https:\/\/www.farklabs.com\/tr\/wp-json\/wp\/v2\/event\/17598\/revisions"}],"predecessor-version":[{"id":17603,"href":"https:\/\/www.farklabs.com\/tr\/wp-json\/wp\/v2\/event\/17598\/revisions\/17603"}],"wp:featuredmedia":[{"embeddable":true,"href":"https:\/\/www.farklabs.com\/tr\/wp-json\/wp\/v2\/media\/17590"}],"wp:attachment":[{"href":"https:\/\/www.farklabs.com\/tr\/wp-json\/wp\/v2\/media?parent=17598"}],"wp:term":[{"taxonomy":"category_event","embeddable":true,"href":"https:\/\/www.farklabs.com\/tr\/wp-json\/wp\/v2\/events?post=17598"}],"curies":[{"name":"wp","href":"https:\/\/api.w.org\/{rel}","templated":true}]}}