{"id":18031,"date":"2025-11-12T13:21:26","date_gmt":"2025-11-12T10:21:26","guid":{"rendered":"https:\/\/www.farklabs.com\/?post_type=event&#038;p=18031"},"modified":"2025-11-13T12:13:31","modified_gmt":"2025-11-13T09:13:31","slug":"bilgilendirme-toplantisi-2025-citythonu-antalya","status":"publish","type":"event","link":"https:\/\/www.farklabs.com\/tr\/etkinlik\/bilgilendirme-toplantisi-2025-citythonu-antalya\/","title":{"rendered":"Bilgilendirme Toplant\u0131s\u0131: 2025 Citython Antalya"},"content":{"rendered":"\n<h4 class=\"wp-block-heading\" id=\"h-turizm-kaynakli-ulasim-sorunlarina-surdurulebilir-cozumler-gelistirmeye-hazir-misiniz\"><strong><strong>Turizm Kaynakl\u0131 Ula\u015f\u0131m Sorunlar\u0131na S\u00fcrd\u00fcr\u00fclebilir \u00c7\u00f6z\u00fcmler Geli\u015ftirmeye Haz\u0131r M\u0131s\u0131n\u0131z?<\/strong><\/strong><\/h4>\n\n\n\n<p>EIT Urban Mobility T\u00fcrkiye Temsilcili\u011fi, <strong>Fark Labs<\/strong>, <strong>Sabanc\u0131 \u00dcniversitesi<\/strong>, <strong>Antalya B\u00fcy\u00fck\u015fehir Belediyesi<\/strong>, <strong>YT\u00dc Y\u0131ld\u0131z Teknopark<\/strong>, <strong>Antalya OSB Teknopark<\/strong>, <strong>MobilityMINT<\/strong> ve <strong>HUB Antalya<\/strong> i\u015f birli\u011fiyle d\u00fczenlenen <strong>2025 Kentsel Hareketlilik Citythonu Antalya<\/strong> hakk\u0131nda merak edilen t\u00fcm detaylar bu online bilgilendirme toplant\u0131s\u0131nda payla\u015f\u0131lacak.<\/p>\n\n\n\n<div class=\"wp-block-group is-vertical is-layout-flex wp-container-core-group-is-layout-8cf370e7 wp-block-group-is-layout-flex\">\n<p>\ud83d\udccd\u00a0<strong>LCV i\u00e7in<\/strong>: <a href=\"https:\/\/luma.com\/citythonantalya\" target=\"_blank\" rel=\"noreferrer noopener\">https:\/\/luma.com\/citythonantalya<\/a><\/p>\n<\/div>\n\n\n\n<h3 class=\"wp-block-heading\"><strong>Bu oturumda:<\/strong><\/h3>\n\n\n\n<p>\u2705 G\u00fcncellenen takvimi \u00f6\u011frenecek,<br>\u2705 Ba\u015fvuru s\u00fcreci ve se\u00e7im kriterleri hakk\u0131nda bilgi sahibi olacak,<br>\u2705 Bu y\u0131l\u0131n temas\u0131na dair beklentileri ve hedefleri dinleyeceksiniz.<\/p>\n\n\n\n<p>Ayr\u0131ca program payda\u015flar\u0131, kat\u0131l\u0131mc\u0131 ekipleri s\u00fcre\u00e7te nelerin bekledi\u011fini ve Antalya\u2019n\u0131n \u015fehir i\u00e7i mobilite d\u00f6n\u00fc\u015f\u00fcm\u00fc i\u00e7in hangi \u00e7\u00f6z\u00fcmleri arad\u0131\u011f\u0131n\u0131 payla\u015facak. Kat\u0131l\u0131mc\u0131lar, <strong>Citython\u2019un<\/strong> odakland\u0131\u011f\u0131 ger\u00e7ek bir \u015fehir i\u00e7i mobilite problemine \u00e7\u00f6z\u00fcm \u00fcretmek i\u00e7in ekipler halinde \u00e7al\u0131\u015facak; fikirlerini mentorluk deste\u011fiyle <strong>prototipe d\u00f6n\u00fc\u015ft\u00fcrme f\u0131rsat\u0131<\/strong> bulacak.<\/p>\n\n\n\n<h3 class=\"wp-block-heading\" id=\"h-bu-yilin-temasi\"><strong>Bu y\u0131l\u0131n temas\u0131:<\/strong><\/h3>\n\n\n\n<p><strong>\u201cTurizmin yaratt\u0131\u011f\u0131 \u015fehir i\u00e7i ula\u015f\u0131m sorunlar\u0131na y\u00f6nelik ak\u0131ll\u0131 ve s\u00fcrd\u00fcr\u00fclebilir hareketlilik \u00e7\u00f6z\u00fcmleri geli\u015ftirmek.\u201d<\/strong><\/p>\n\n\n\n<p><strong>Citython etkinli\u011fi tarihleri:<\/strong>&nbsp;18\u201320 Aral\u0131k 2025<br>Bu bilgilendirme toplant\u0131s\u0131na kat\u0131larak etkinlik hakk\u0131nda daha fazla bilgi edinin ve nas\u0131l katk\u0131 sa\u011flayabilece\u011finizi ke\u015ffedin.<\/p>\n\n\n\n<figure class=\"wp-block-embed is-type-wp-embed is-provider-fark-labs wp-block-embed-fark-labs\"><div class=\"wp-block-embed__wrapper\">\n<blockquote class=\"wp-embedded-content\" data-secret=\"6WkSiiTosK\"><a href=\"https:\/\/www.farklabs.com\/focus-areas\/mobility\/eit-urban-mobility-turkiye-representative\/urban-mobility-citython-antalya-2025\/\">Urban Mobility Citython Antalya 2025<\/a><\/blockquote><iframe loading=\"lazy\" class=\"wp-embedded-content\" sandbox=\"allow-scripts\" security=\"restricted\" style=\"position: absolute; visibility: hidden;\" title=\"&#8220;Urban Mobility Citython Antalya 2025&#8221; &#8212; Fark Labs\" src=\"https:\/\/www.farklabs.com\/focus-areas\/mobility\/eit-urban-mobility-turkiye-representative\/urban-mobility-citython-antalya-2025\/embed\/#?secret=T21AmDTHfP#?secret=6WkSiiTosK\" data-secret=\"6WkSiiTosK\" width=\"600\" height=\"338\" frameborder=\"0\" marginwidth=\"0\" marginheight=\"0\" scrolling=\"no\"><\/iframe>\n<\/div><\/figure>\n\n\n\n<p>\ud83d\ude80 Mobilite \u00e7\u00f6z\u00fcmlerinin gelece\u011fini \u015fekillendirmek i\u00e7in aram\u0131za kat\u0131l\u0131n! <\/p>\n","protected":false},"excerpt":{"rendered":"<p>Turizm Kaynakl\u0131 Ula\u015f\u0131m Sorunlar\u0131na S\u00fcrd\u00fcr\u00fclebilir \u00c7\u00f6z\u00fcmler Geli\u015ftirmeye Haz\u0131r M\u0131s\u0131n\u0131z? EIT Urban Mobility T\u00fcrkiye Temsilcili\u011fi, Fark Labs, Sabanc\u0131 \u00dcniversitesi, Antalya B\u00fcy\u00fck\u015fehir Belediyesi, YT\u00dc Y\u0131ld\u0131z Teknopark, Antalya OSB Teknopark, MobilityMINT ve HUB Antalya i\u015f birli\u011fiyle d\u00fczenlenen 2025 Kentsel Hareketlilik Citythonu Antalya hakk\u0131nda merak edilen t\u00fcm detaylar bu online bilgilendirme toplant\u0131s\u0131nda payla\u015f\u0131lacak. \ud83d\udccd\u00a0LCV i\u00e7in: https:\/\/luma.com\/citythonantalya Bu oturumda: \u2705&hellip; <a class=\"more-link\" href=\"https:\/\/www.farklabs.com\/tr\/etkinlik\/bilgilendirme-toplantisi-2025-citythonu-antalya\/\">Continue reading <span class=\"screen-reader-text\">Bilgilendirme Toplant\u0131s\u0131: 2025 Citython Antalya<\/span><\/a><\/p>\n","protected":false},"featured_media":18032,"template":"","format":"standard","meta":{"_acf_changed":false,"om_disable_all_campaigns":false,"footnotes":""},"events":[329,330],"class_list":["post-18031","event","type-event","status-publish","format-standard","has-post-thumbnail","hentry","category_event-fark-labs-events-tr","category_event-mobility-tr","entry"],"acf":[],"yoast_head":"<!-- This site is optimized with the Yoast SEO Premium plugin v27.3 (Yoast SEO v27.3) - https:\/\/yoast.com\/product\/yoast-seo-premium-wordpress\/ -->\n<title>Citython Antalya 2025 | Ak\u0131ll\u0131 ve S\u00fcrd\u00fcr\u00fclebilir Mobilite \u00c7\u00f6z\u00fcmleri<\/title>\n<meta name=\"description\" content=\"Kentsel Hareketlilik Citythonu Antalya 2025\u2019e kat\u0131l\u0131n. Turizm kaynakl\u0131 \u015fehir i\u00e7i ula\u015f\u0131m sorunlar\u0131na s\u00fcrd\u00fcr\u00fclebilir ve ak\u0131ll\u0131 mobilite \u00e7\u00f6z\u00fcmleri geli\u015ftirin. Ba\u015fvuru yap\u0131n.\" \/>\n<meta name=\"robots\" content=\"index, follow, max-snippet:-1, max-image-preview:large, max-video-preview:-1\" \/>\n<link rel=\"canonical\" href=\"https:\/\/www.farklabs.com\/tr\/etkinlik\/bilgilendirme-toplantisi-2025-citythonu-antalya\/\" \/>\n<meta property=\"og:locale\" content=\"tr_TR\" \/>\n<meta property=\"og:type\" content=\"article\" \/>\n<meta property=\"og:title\" content=\"Citython Antalya 2025 Bilgilendirme Toplant\u0131s\u0131\" \/>\n<meta property=\"og:description\" content=\"Citython Antalya 2025 hakk\u0131nda t\u00fcm detaylar\u0131 \u00f6\u011frenmek i\u00e7in online bilgilendirme toplant\u0131s\u0131na kat\u0131l\u0131n. Takvim, ba\u015fvuru s\u00fcreci ve tema a\u00e7\u0131klanacak. Kat\u0131l\u0131m \u00fccretsiz \u2014 kay\u0131t olun.\" \/>\n<meta property=\"og:url\" content=\"https:\/\/www.farklabs.com\/tr\/etkinlik\/bilgilendirme-toplantisi-2025-citythonu-antalya\/\" \/>\n<meta property=\"og:site_name\" content=\"Fark Labs\" \/>\n<meta property=\"article:publisher\" content=\"https:\/\/www.facebook.com\/farklabs\/\" \/>\n<meta property=\"article:modified_time\" content=\"2025-11-13T09:13:31+00:00\" \/>\n<meta property=\"og:image\" content=\"https:\/\/www.farklabs.com\/wp-content\/uploads\/2025\/11\/804304415-1088x496-1.png\" \/>\n\t<meta property=\"og:image:width\" content=\"1088\" \/>\n\t<meta property=\"og:image:height\" content=\"496\" \/>\n\t<meta property=\"og:image:type\" content=\"image\/png\" \/>\n<meta name=\"twitter:card\" content=\"summary_large_image\" \/>\n<meta name=\"twitter:title\" content=\"Citython Antalya 2025 Bilgilendirme Toplant\u0131s\u0131\" \/>\n<meta name=\"twitter:description\" content=\"Ba\u015fvuru s\u00fcreci, takvim ve bu y\u0131lki tema hakk\u0131nda t\u00fcm detaylar\u0131 \u00f6\u011frenmek i\u00e7in online bilgilendirme toplant\u0131s\u0131na kat\u0131l\u0131n. Kay\u0131t: luma.com\/citythonantalya\" \/>\n<meta name=\"twitter:site\" content=\"@farklabs\" \/>\n<meta name=\"twitter:label1\" content=\"Tahmini okuma s\u00fcresi\" \/>\n\t<meta name=\"twitter:data1\" content=\"1 dakika\" \/>\n<script type=\"application\/ld+json\" class=\"yoast-schema-graph\">{\"@context\":\"https:\\\/\\\/schema.org\",\"@graph\":[{\"@type\":\"WebPage\",\"@id\":\"https:\\\/\\\/www.farklabs.com\\\/tr\\\/etkinlik\\\/bilgilendirme-toplantisi-2025-citythonu-antalya\\\/\",\"url\":\"https:\\\/\\\/www.farklabs.com\\\/tr\\\/etkinlik\\\/bilgilendirme-toplantisi-2025-citythonu-antalya\\\/\",\"name\":\"Citython Antalya 2025 | Ak\u0131ll\u0131 ve S\u00fcrd\u00fcr\u00fclebilir Mobilite \u00c7\u00f6z\u00fcmleri\",\"isPartOf\":{\"@id\":\"https:\\\/\\\/www.farklabs.com\\\/#website\"},\"primaryImageOfPage\":{\"@id\":\"https:\\\/\\\/www.farklabs.com\\\/tr\\\/etkinlik\\\/bilgilendirme-toplantisi-2025-citythonu-antalya\\\/#primaryimage\"},\"image\":{\"@id\":\"https:\\\/\\\/www.farklabs.com\\\/tr\\\/etkinlik\\\/bilgilendirme-toplantisi-2025-citythonu-antalya\\\/#primaryimage\"},\"thumbnailUrl\":\"https:\\\/\\\/www.farklabs.com\\\/wp-content\\\/uploads\\\/2025\\\/11\\\/804304415-1088x496-1.png\",\"datePublished\":\"2025-11-12T10:21:26+00:00\",\"dateModified\":\"2025-11-13T09:13:31+00:00\",\"description\":\"Kentsel Hareketlilik Citythonu Antalya 2025\u2019e kat\u0131l\u0131n. Turizm kaynakl\u0131 \u015fehir i\u00e7i ula\u015f\u0131m sorunlar\u0131na s\u00fcrd\u00fcr\u00fclebilir ve ak\u0131ll\u0131 mobilite \u00e7\u00f6z\u00fcmleri geli\u015ftirin. Ba\u015fvuru yap\u0131n.\",\"breadcrumb\":{\"@id\":\"https:\\\/\\\/www.farklabs.com\\\/tr\\\/etkinlik\\\/bilgilendirme-toplantisi-2025-citythonu-antalya\\\/#breadcrumb\"},\"inLanguage\":\"tr\",\"potentialAction\":[{\"@type\":\"ReadAction\",\"target\":[\"https:\\\/\\\/www.farklabs.com\\\/tr\\\/etkinlik\\\/bilgilendirme-toplantisi-2025-citythonu-antalya\\\/\"]}]},{\"@type\":\"ImageObject\",\"inLanguage\":\"tr\",\"@id\":\"https:\\\/\\\/www.farklabs.com\\\/tr\\\/etkinlik\\\/bilgilendirme-toplantisi-2025-citythonu-antalya\\\/#primaryimage\",\"url\":\"https:\\\/\\\/www.farklabs.com\\\/wp-content\\\/uploads\\\/2025\\\/11\\\/804304415-1088x496-1.png\",\"contentUrl\":\"https:\\\/\\\/www.farklabs.com\\\/wp-content\\\/uploads\\\/2025\\\/11\\\/804304415-1088x496-1.png\",\"width\":1088,\"height\":496},{\"@type\":\"BreadcrumbList\",\"@id\":\"https:\\\/\\\/www.farklabs.com\\\/tr\\\/etkinlik\\\/bilgilendirme-toplantisi-2025-citythonu-antalya\\\/#breadcrumb\",\"itemListElement\":[{\"@type\":\"ListItem\",\"position\":1,\"name\":\"Home\",\"item\":\"https:\\\/\\\/www.farklabs.com\\\/tr\\\/\"},{\"@type\":\"ListItem\",\"position\":2,\"name\":\"Events\",\"item\":\"https:\\\/\\\/www.farklabs.com\\\/event\\\/\"},{\"@type\":\"ListItem\",\"position\":3,\"name\":\"Bilgilendirme Toplant\u0131s\u0131: 2025 Citython Antalya\"}]},{\"@type\":\"WebSite\",\"@id\":\"https:\\\/\\\/www.farklabs.com\\\/#website\",\"url\":\"https:\\\/\\\/www.farklabs.com\\\/\",\"name\":\"Fark Labs\",\"description\":\"Better. Future. Together.\",\"publisher\":{\"@id\":\"https:\\\/\\\/www.farklabs.com\\\/#organization\"},\"potentialAction\":[{\"@type\":\"SearchAction\",\"target\":{\"@type\":\"EntryPoint\",\"urlTemplate\":\"https:\\\/\\\/www.farklabs.com\\\/?s={search_term_string}\"},\"query-input\":{\"@type\":\"PropertyValueSpecification\",\"valueRequired\":true,\"valueName\":\"search_term_string\"}}],\"inLanguage\":\"tr\"},{\"@type\":\"Organization\",\"@id\":\"https:\\\/\\\/www.farklabs.com\\\/#organization\",\"name\":\"Fark Labs\",\"url\":\"https:\\\/\\\/www.farklabs.com\\\/\",\"logo\":{\"@type\":\"ImageObject\",\"inLanguage\":\"tr\",\"@id\":\"https:\\\/\\\/www.farklabs.com\\\/#\\\/schema\\\/logo\\\/image\\\/\",\"url\":\"https:\\\/\\\/www.farklabs.com\\\/wp-content\\\/uploads\\\/2022\\\/04\\\/1-Fark-Labs-logo1.png\",\"contentUrl\":\"https:\\\/\\\/www.farklabs.com\\\/wp-content\\\/uploads\\\/2022\\\/04\\\/1-Fark-Labs-logo1.png\",\"width\":337,\"height\":150,\"caption\":\"Fark Labs\"},\"image\":{\"@id\":\"https:\\\/\\\/www.farklabs.com\\\/#\\\/schema\\\/logo\\\/image\\\/\"},\"sameAs\":[\"https:\\\/\\\/www.facebook.com\\\/farklabs\\\/\",\"https:\\\/\\\/x.com\\\/farklabs\",\"https:\\\/\\\/www.instagram.com\\\/farklabs\\\/\",\"https:\\\/\\\/www.linkedin.com\\\/company\\\/farklabs\\\/\",\"https:\\\/\\\/www.youtube.com\\\/c\\\/farklabs\"]}]}<\/script>\n<!-- \/ Yoast SEO Premium plugin. -->","yoast_head_json":{"title":"Citython Antalya 2025 | Ak\u0131ll\u0131 ve S\u00fcrd\u00fcr\u00fclebilir Mobilite \u00c7\u00f6z\u00fcmleri","description":"Kentsel Hareketlilik Citythonu Antalya 2025\u2019e kat\u0131l\u0131n. Turizm kaynakl\u0131 \u015fehir i\u00e7i ula\u015f\u0131m sorunlar\u0131na s\u00fcrd\u00fcr\u00fclebilir ve ak\u0131ll\u0131 mobilite \u00e7\u00f6z\u00fcmleri geli\u015ftirin. Ba\u015fvuru yap\u0131n.","robots":{"index":"index","follow":"follow","max-snippet":"max-snippet:-1","max-image-preview":"max-image-preview:large","max-video-preview":"max-video-preview:-1"},"canonical":"https:\/\/www.farklabs.com\/tr\/etkinlik\/bilgilendirme-toplantisi-2025-citythonu-antalya\/","og_locale":"tr_TR","og_type":"article","og_title":"Citython Antalya 2025 Bilgilendirme Toplant\u0131s\u0131","og_description":"Citython Antalya 2025 hakk\u0131nda t\u00fcm detaylar\u0131 \u00f6\u011frenmek i\u00e7in online bilgilendirme toplant\u0131s\u0131na kat\u0131l\u0131n. Takvim, ba\u015fvuru s\u00fcreci ve tema a\u00e7\u0131klanacak. Kat\u0131l\u0131m \u00fccretsiz \u2014 kay\u0131t olun.","og_url":"https:\/\/www.farklabs.com\/tr\/etkinlik\/bilgilendirme-toplantisi-2025-citythonu-antalya\/","og_site_name":"Fark Labs","article_publisher":"https:\/\/www.facebook.com\/farklabs\/","article_modified_time":"2025-11-13T09:13:31+00:00","og_image":[{"width":1088,"height":496,"url":"https:\/\/www.farklabs.com\/wp-content\/uploads\/2025\/11\/804304415-1088x496-1.png","type":"image\/png"}],"twitter_card":"summary_large_image","twitter_title":"Citython Antalya 2025 Bilgilendirme Toplant\u0131s\u0131","twitter_description":"Ba\u015fvuru s\u00fcreci, takvim ve bu y\u0131lki tema hakk\u0131nda t\u00fcm detaylar\u0131 \u00f6\u011frenmek i\u00e7in online bilgilendirme toplant\u0131s\u0131na kat\u0131l\u0131n. Kay\u0131t: luma.com\/citythonantalya","twitter_site":"@farklabs","twitter_misc":{"Tahmini okuma s\u00fcresi":"1 dakika"},"schema":{"@context":"https:\/\/schema.org","@graph":[{"@type":"WebPage","@id":"https:\/\/www.farklabs.com\/tr\/etkinlik\/bilgilendirme-toplantisi-2025-citythonu-antalya\/","url":"https:\/\/www.farklabs.com\/tr\/etkinlik\/bilgilendirme-toplantisi-2025-citythonu-antalya\/","name":"Citython Antalya 2025 | Ak\u0131ll\u0131 ve S\u00fcrd\u00fcr\u00fclebilir Mobilite \u00c7\u00f6z\u00fcmleri","isPartOf":{"@id":"https:\/\/www.farklabs.com\/#website"},"primaryImageOfPage":{"@id":"https:\/\/www.farklabs.com\/tr\/etkinlik\/bilgilendirme-toplantisi-2025-citythonu-antalya\/#primaryimage"},"image":{"@id":"https:\/\/www.farklabs.com\/tr\/etkinlik\/bilgilendirme-toplantisi-2025-citythonu-antalya\/#primaryimage"},"thumbnailUrl":"https:\/\/www.farklabs.com\/wp-content\/uploads\/2025\/11\/804304415-1088x496-1.png","datePublished":"2025-11-12T10:21:26+00:00","dateModified":"2025-11-13T09:13:31+00:00","description":"Kentsel Hareketlilik Citythonu Antalya 2025\u2019e kat\u0131l\u0131n. Turizm kaynakl\u0131 \u015fehir i\u00e7i ula\u015f\u0131m sorunlar\u0131na s\u00fcrd\u00fcr\u00fclebilir ve ak\u0131ll\u0131 mobilite \u00e7\u00f6z\u00fcmleri geli\u015ftirin. Ba\u015fvuru yap\u0131n.","breadcrumb":{"@id":"https:\/\/www.farklabs.com\/tr\/etkinlik\/bilgilendirme-toplantisi-2025-citythonu-antalya\/#breadcrumb"},"inLanguage":"tr","potentialAction":[{"@type":"ReadAction","target":["https:\/\/www.farklabs.com\/tr\/etkinlik\/bilgilendirme-toplantisi-2025-citythonu-antalya\/"]}]},{"@type":"ImageObject","inLanguage":"tr","@id":"https:\/\/www.farklabs.com\/tr\/etkinlik\/bilgilendirme-toplantisi-2025-citythonu-antalya\/#primaryimage","url":"https:\/\/www.farklabs.com\/wp-content\/uploads\/2025\/11\/804304415-1088x496-1.png","contentUrl":"https:\/\/www.farklabs.com\/wp-content\/uploads\/2025\/11\/804304415-1088x496-1.png","width":1088,"height":496},{"@type":"BreadcrumbList","@id":"https:\/\/www.farklabs.com\/tr\/etkinlik\/bilgilendirme-toplantisi-2025-citythonu-antalya\/#breadcrumb","itemListElement":[{"@type":"ListItem","position":1,"name":"Home","item":"https:\/\/www.farklabs.com\/tr\/"},{"@type":"ListItem","position":2,"name":"Events","item":"https:\/\/www.farklabs.com\/event\/"},{"@type":"ListItem","position":3,"name":"Bilgilendirme Toplant\u0131s\u0131: 2025 Citython Antalya"}]},{"@type":"WebSite","@id":"https:\/\/www.farklabs.com\/#website","url":"https:\/\/www.farklabs.com\/","name":"Fark Labs","description":"Better. Future. Together.","publisher":{"@id":"https:\/\/www.farklabs.com\/#organization"},"potentialAction":[{"@type":"SearchAction","target":{"@type":"EntryPoint","urlTemplate":"https:\/\/www.farklabs.com\/?s={search_term_string}"},"query-input":{"@type":"PropertyValueSpecification","valueRequired":true,"valueName":"search_term_string"}}],"inLanguage":"tr"},{"@type":"Organization","@id":"https:\/\/www.farklabs.com\/#organization","name":"Fark Labs","url":"https:\/\/www.farklabs.com\/","logo":{"@type":"ImageObject","inLanguage":"tr","@id":"https:\/\/www.farklabs.com\/#\/schema\/logo\/image\/","url":"https:\/\/www.farklabs.com\/wp-content\/uploads\/2022\/04\/1-Fark-Labs-logo1.png","contentUrl":"https:\/\/www.farklabs.com\/wp-content\/uploads\/2022\/04\/1-Fark-Labs-logo1.png","width":337,"height":150,"caption":"Fark Labs"},"image":{"@id":"https:\/\/www.farklabs.com\/#\/schema\/logo\/image\/"},"sameAs":["https:\/\/www.facebook.com\/farklabs\/","https:\/\/x.com\/farklabs","https:\/\/www.instagram.com\/farklabs\/","https:\/\/www.linkedin.com\/company\/farklabs\/","https:\/\/www.youtube.com\/c\/farklabs"]}]}},"_links":{"self":[{"href":"https:\/\/www.farklabs.com\/tr\/wp-json\/wp\/v2\/event\/18031","targetHints":{"allow":["GET"]}}],"collection":[{"href":"https:\/\/www.farklabs.com\/tr\/wp-json\/wp\/v2\/event"}],"about":[{"href":"https:\/\/www.farklabs.com\/tr\/wp-json\/wp\/v2\/types\/event"}],"version-history":[{"count":7,"href":"https:\/\/www.farklabs.com\/tr\/wp-json\/wp\/v2\/event\/18031\/revisions"}],"predecessor-version":[{"id":18055,"href":"https:\/\/www.farklabs.com\/tr\/wp-json\/wp\/v2\/event\/18031\/revisions\/18055"}],"wp:featuredmedia":[{"embeddable":true,"href":"https:\/\/www.farklabs.com\/tr\/wp-json\/wp\/v2\/media\/18032"}],"wp:attachment":[{"href":"https:\/\/www.farklabs.com\/tr\/wp-json\/wp\/v2\/media?parent=18031"}],"wp:term":[{"taxonomy":"category_event","embeddable":true,"href":"https:\/\/www.farklabs.com\/tr\/wp-json\/wp\/v2\/events?post=18031"}],"curies":[{"name":"wp","href":"https:\/\/api.w.org\/{rel}","templated":true}]}}