{"id":17769,"date":"2025-10-21T13:51:46","date_gmt":"2025-10-21T10:51:46","guid":{"rendered":"https:\/\/www.farklabs.com\/?page_id=17769"},"modified":"2025-11-10T22:46:56","modified_gmt":"2025-11-10T19:46:56","slug":"kentsel-hareketlilik-citythonu-antalya-2025","status":"publish","type":"page","link":"https:\/\/www.farklabs.com\/tr\/odak-alanlari\/mobilite\/eit-urban-mobility-turkiye-temsilcisi\/kentsel-hareketlilik-citythonu-antalya-2025\/","title":{"rendered":"Kentsel Hareketlilik Citythonu Antalya 2025"},"content":{"rendered":"\n<div class=\"wp-block-group gray-zone small closer\"><div class=\"wp-block-group__inner-container is-layout-flow wp-block-group-is-layout-flow\">\n<p><strong>Kentsel Hareketlilik Citythonu Antalya 2025<\/strong>, EIT Urban Mobility T\u00fcrkiye Temsilcili\u011fi ve EIT Urban Mobility taraf\u0131ndan desteklenen <strong>MobilityMint<\/strong> i\u015f birli\u011fiyle, <strong>Antalya B\u00fcy\u00fck\u015fehir Belediyesi<\/strong> ortakl\u0131\u011f\u0131nda d\u00fczenlenmektedir.<\/p>\n\n\n\n<p>Program, Antalya\u2019n\u0131n kentsel hareketlilik alan\u0131nda kar\u015f\u0131la\u015ft\u0131\u011f\u0131 zorluklara yenilik\u00e7i, s\u00fcrd\u00fcr\u00fclebilir ve uygulanabilir \u00e7\u00f6z\u00fcmler geli\u015ftirmeyi hedefliyor. <strong>18\u201320 Aral\u0131k 2025<\/strong> tarihleri aras\u0131nda ger\u00e7ekle\u015fecek Citython\u2019da, kat\u0131l\u0131mc\u0131 ekipler uzman mentorlar\u0131n deste\u011fiyle <em>\u201cTurizmin Yaratt\u0131\u011f\u0131 Kent \u0130\u00e7i Ula\u015f\u0131m Sorunlar\u0131n\u0131n \u00c7\u00f6z\u00fcm\u00fc\u201d<\/em> temas\u0131na odaklanacak. Finalde se\u00e7ilen fikirler, Antalya B\u00fcy\u00fck\u015fehir Belediyesi taraf\u0131ndan hayata ge\u00e7irilecek.<\/p>\n\n\n\n\n\n<div class=\"wp-block-columns are-vertically-aligned-center is-layout-flex wp-container-core-columns-is-layout-9d6595d7 wp-block-columns-is-layout-flex\">\n<div class=\"wp-block-column is-vertically-aligned-center is-layout-flow wp-block-column-is-layout-flow\" style=\"flex-basis:200px\">\n<p class=\"putton urban\"><a href=\"https:\/\/forms.gle\/v4owbXP3MsDkfpKJ6\" target=\"_blank\" rel=\"noreferrer noopener\">HEMEN BA\u015eVUR<\/a><\/p>\n<\/div>\n\n\n\n<div class=\"wp-block-column is-vertically-aligned-center is-layout-flow wp-block-column-is-layout-flow\">\n<p class=\"label urban-orange\"><strong>Son Ba\u015fvuru Tarihi:<\/strong> 10 Aral\u0131k 2025<\/p>\n<\/div>\n<\/div>\n<\/div><\/div>\n\n\n\n<div class=\"wp-block-group urban-zone small closer\"><div class=\"wp-block-group__inner-container is-layout-flow wp-block-group-is-layout-flow\">\n<div class=\"wp-block-columns is-layout-flex wp-container-core-columns-is-layout-9d6595d7 wp-block-columns-is-layout-flex\">\n<div class=\"wp-block-column is-layout-flow wp-block-column-is-layout-flow\">\n<h2 class=\"wp-block-heading has-text-color has-link-color wp-elements-a164e6eea5d50bcaa88f482fbe0330a9\" id=\"take-your-ai-startup-to-the-next-level-withfark-labs-x-softtech-ai-accelerator\" style=\"color:#034EA2\">Kentsel Hareketlilik Citythonu Antalya 2025 nedir?<\/h2>\n\n\n\n<p>Citython Antalya, giri\u015fimciler, akademisyenler ve profesyonellerin bir araya gelerek <strong>kentsel ula\u015f\u0131m sorunlar\u0131na yenilik\u00e7i \u00e7\u00f6z\u00fcmler geli\u015ftirdi\u011fi<\/strong> bir inovasyon program\u0131d\u0131r. Kat\u0131l\u0131mc\u0131lar, belirlenen temalar \u00fczerinde \u00e7al\u0131\u015f\u0131r, mentor deste\u011fi al\u0131r ve fikirlerini prototipe d\u00f6n\u00fc\u015ft\u00fcr\u00fcr. Program sonunda, ekipler projelerini j\u00fcriye sunar ve kazanan fikirler \u00f6d\u00fcllendirilir.<\/p>\n\n\n\n<h2 class=\"wp-block-heading has-text-color has-link-color wp-elements-b96adbe7c5d70b8fd93ee0b41a66226d\" id=\"take-your-ai-startup-to-the-next-level-withfark-labs-x-softtech-ai-accelerator\" style=\"color:#034EA2\">Bu Y\u0131l\u0131n Temas\u0131 Nedir?<\/h2>\n\n\n\n<p>2025 y\u0131l\u0131 temas\u0131: <strong>Turizmin Yaratt\u0131\u011f\u0131 Kent \u0130\u00e7i Ula\u015f\u0131m Sorunlar\u0131n\u0131n \u00c7\u00f6z\u00fcm\u00fc<\/strong><\/p>\n\n\n\n<p>Antalya gibi turizmde \u00f6nc\u00fc \u015fehirlerde, mevsimsel yo\u011funluk ve artan turist hareketlili\u011fi kent i\u00e7i trafi\u011fi do\u011frudan etkiler. Citython Antalya 2025, bu sorunlara y\u00f6nelik <strong>ak\u0131ll\u0131, \u00e7evreci ve kullan\u0131c\u0131 dostu \u00e7\u00f6z\u00fcmler<\/strong> \u00fcretmeyi hedefliyor.<\/p>\n<\/div>\n\n\n\n<div class=\"wp-block-column is-layout-flow wp-block-column-is-layout-flow\">\n<h3 class=\"wp-block-heading has-text-color has-link-color wp-elements-2456f715372a9624fcc64c1e50586008\" id=\"h-ekiplerin-odaklanacagi-baslica-alanlar\" style=\"color:#034EA2\">Ekiplerin odaklanaca\u011f\u0131 ba\u015fl\u0131ca alanlar:<\/h3>\n\n\n\n<ul class=\"wp-block-list bullets urban-orange noindent\">\n<li><strong>Trafik y\u00f6netimi ve yo\u011funluk azaltma:<\/strong> Havaliman\u0131\u2013\u015fehir merkezi\u2013oteller hatt\u0131nda ak\u0131ll\u0131 ula\u015f\u0131m \u00e7\u00f6z\u00fcmleri<\/li>\n\n\n\n<li><strong>Toplu ta\u015f\u0131ma eri\u015filebilirli\u011fi:<\/strong> Turistler ve yerel halk i\u00e7in dijital, \u00e7ok dilli sistemler<\/li>\n\n\n\n<li><strong>K\u0131y\u0131 b\u00f6lgeleri\u2013kent merkezi entegrasyonu:<\/strong> \u00c7evreci, \u00e7ok modlu ula\u015f\u0131m senaryolar\u0131<\/li>\n<\/ul>\n\n\n\n<p>Ama\u00e7, dijital uygulamalar, ak\u0131ll\u0131 biletleme ve \u00e7evreci mobilite \u00e7\u00f6z\u00fcmleriyle Antalya\u2019n\u0131n s\u00fcrd\u00fcr\u00fclebilir ula\u015f\u0131m vizyonuna katk\u0131 sunmakt\u0131r.<\/p>\n\n\n\n<div class=\"wp-block-columns are-vertically-aligned-center is-layout-flex wp-container-core-columns-is-layout-9d6595d7 wp-block-columns-is-layout-flex\">\n<div class=\"wp-block-column is-vertically-aligned-center is-layout-flow wp-block-column-is-layout-flow\" style=\"flex-basis:200px\">\n<p class=\"putton urban\"><a href=\"https:\/\/forms.gle\/v4owbXP3MsDkfpKJ6\" target=\"_blank\" rel=\"noreferrer noopener\">HEMEN BA\u015eVUR<\/a><\/p>\n<\/div>\n\n\n\n<div class=\"wp-block-column is-vertically-aligned-center is-layout-flow wp-block-column-is-layout-flow\">\n<p class=\"label urban-orange\"><strong>Son Ba\u015fvuru Tarihi:<\/strong> 10 Aral\u0131k 2025<\/p>\n<\/div>\n<\/div>\n<\/div>\n<\/div>\n\n\n\n<div style=\"height:3rem\" aria-hidden=\"true\" class=\"wp-block-spacer\"><\/div>\n\n\n\n<div class=\"wp-block-group whitebg wide top-left-radius\"><div class=\"wp-block-group__inner-container is-layout-flow wp-block-group-is-layout-flow\">\n<div class=\"wp-block-columns is-layout-flex wp-container-core-columns-is-layout-9d6595d7 wp-block-columns-is-layout-flex\">\n<div class=\"wp-block-column img is-layout-flow wp-block-column-is-layout-flow\">\n<figure class=\"wp-block-image size-full orange left-top\"><img loading=\"lazy\" decoding=\"async\" width=\"1024\" height=\"1024\" src=\"https:\/\/www.farklabs.com\/wp-content\/uploads\/2025\/10\/farklabs-antalya-citython-2.jpg\" alt=\"\" class=\"wp-image-17757\" srcset=\"https:\/\/www.farklabs.com\/wp-content\/uploads\/2025\/10\/farklabs-antalya-citython-2.jpg 1024w, https:\/\/www.farklabs.com\/wp-content\/uploads\/2025\/10\/farklabs-antalya-citython-2-300x300.jpg 300w, https:\/\/www.farklabs.com\/wp-content\/uploads\/2025\/10\/farklabs-antalya-citython-2-150x150.jpg 150w, https:\/\/www.farklabs.com\/wp-content\/uploads\/2025\/10\/farklabs-antalya-citython-2-768x768.jpg 768w\" sizes=\"auto, (max-width: 1024px) 100vw, 1024px\" \/><\/figure>\n<\/div>\n\n\n\n<div class=\"wp-block-column text is-layout-flow wp-block-column-is-layout-flow\">\n<h2 class=\"wp-block-heading has-text-color has-link-color wp-elements-9278aef8c7170ee2bd960b7cb655d403\" id=\"take-your-ai-startup-to-the-next-level-withfark-labs-x-softtech-ai-accelerator\" style=\"color:#034EA2\">Kat\u0131l\u0131mc\u0131lar Hangi F\u0131rsatlar\u0131 Elde Edecek?<\/h2>\n\n\n\n<p class=\"closer\">Citython, kat\u0131l\u0131mc\u0131lara sadece bir yar\u0131\u015fma de\u011fil, <strong>ger\u00e7ek etki yaratma f\u0131rsat\u0131<\/strong> sunar. En ba\u015far\u0131l\u0131 ekipler hem maddi hem de geli\u015fimsel \u00f6d\u00fcller kazan\u0131r:<\/p>\n\n\n\n<ul class=\"wp-block-list bullets urban noindent\">\n<li><strong>Innomotion H\u0131zland\u0131rma Program\u0131<\/strong>\u2019na do\u011frudan kat\u0131l\u0131m hakk\u0131<\/li>\n\n\n\n<li><strong>EIT Urban Mobility<\/strong> fonlar\u0131 ve yat\u0131r\u0131m f\u0131rsatlar\u0131na ba\u015fvuru imk\u00e2n\u0131<\/li>\n\n\n\n<li><strong>T\u00dcB\u0130TAK 1812 B\u0130GG Program\u0131<\/strong>\u2019na (Y\u0131ld\u0131z Teknik \u00dcniversitesi, Sabanc\u0131 \u00dcniversitesi, Fark Labs ortakl\u0131\u011f\u0131yla) do\u011frudan kat\u0131l\u0131m<\/li>\n\n\n\n<li>Geli\u015ftirilen \u00e7\u00f6z\u00fcm\u00fcn Citython partnerleriyle birlikte <strong>uygulamaya al\u0131nma f\u0131rsat\u0131<\/strong><\/li>\n<\/ul>\n\n\n\n<h3 class=\"wp-block-heading has-text-color has-link-color wp-elements-913b71012d3a3da720a51431823bbd0b\" id=\"h-oduller\" style=\"color:#034EA2\">\u00d6d\u00fcller<\/h3>\n\n\n\n<div class=\"wp-block-columns is-layout-flex wp-container-core-columns-is-layout-9d6595d7 wp-block-columns-is-layout-flex\">\n<div class=\"wp-block-column is-layout-flow wp-block-column-is-layout-flow\">\n<p class=\"has-text-color has-link-color wp-elements-ae618aaf5bd9bab593da80d51cbc687f\" style=\"color:#034EA2\"><em>1. Grup <\/em><\/p>\n\n\n\n<p class=\"closer\"><strong>30.000 TL<\/strong><\/p>\n<\/div>\n\n\n\n<div class=\"wp-block-column is-layout-flow wp-block-column-is-layout-flow\">\n<p class=\"has-text-color has-link-color wp-elements-a121f54ed05013f7f44813d7666765fe\" style=\"color:#034EA2\"><em>2. Grup<\/em><\/p>\n\n\n\n<p class=\"closer\"><strong>20.000 TL<\/strong><\/p>\n<\/div>\n\n\n\n<div class=\"wp-block-column is-layout-flow wp-block-column-is-layout-flow\">\n<p class=\"has-text-color has-link-color wp-elements-fb0295870758a2e3d60439f393a8b25a\" style=\"color:#034EA2\"><em>3. Grup<\/em><\/p>\n\n\n\n<p class=\"closer\"><strong>10.000 TL<\/strong><\/p>\n<\/div>\n<\/div>\n<\/div>\n<\/div>\n<\/div><\/div>\n\n\n\n<div style=\"height:3rem\" aria-hidden=\"true\" class=\"wp-block-spacer\"><\/div>\n\n\n\n<div class=\"wp-block-columns is-layout-flex wp-container-core-columns-is-layout-9d6595d7 wp-block-columns-is-layout-flex\">\n<div class=\"wp-block-column is-layout-flow wp-block-column-is-layout-flow\">\n<h2 class=\"wp-block-heading has-text-color has-link-color wp-elements-6b033afea4cb5fe3f4625e96418545b4\" id=\"who-can-apply\" style=\"color:#034EA2\">Kimler Ba\u015fvurabilir?<\/h2>\n\n\n\n<p>Citython Antalya 2025, kentsel hareketlilik alan\u0131nda fark yaratmak isteyen herkese a\u00e7\u0131kt\u0131r.<\/p>\n\n\n\n<p>Kat\u0131l\u0131m i\u00e7in uygun profiller:<\/p>\n\n\n\n<ul class=\"wp-block-list bullets urban-orange noindent\">\n<li>Ula\u015f\u0131m, \u015fehir planlama, turizm ve teknoloji alanlar\u0131nda \u00e7al\u0131\u015fan profesyoneller<\/li>\n\n\n\n<li>Akademisyenler, ara\u015ft\u0131rmac\u0131lar ve \u00f6\u011frenciler<\/li>\n\n\n\n<li>Giri\u015fimciler ve yenilik\u00e7i \u00e7\u00f6z\u00fcm \u00fcretmek isteyen bireyler<\/li>\n<\/ul>\n\n\n\n<p>Kat\u0131l\u0131mc\u0131lar farkl\u0131 disiplinlerden olu\u015fturulacak ekiplerde \u00e7al\u0131\u015farak Antalya\u2019n\u0131n ula\u015f\u0131m gelece\u011fine katk\u0131 sunacaklard\u0131r.<\/p>\n\n\n\n<div class=\"wp-block-columns are-vertically-aligned-center is-layout-flex wp-container-core-columns-is-layout-9d6595d7 wp-block-columns-is-layout-flex\">\n<div class=\"wp-block-column is-vertically-aligned-center is-layout-flow wp-block-column-is-layout-flow\" style=\"flex-basis:200px\">\n<p class=\"putton urban\"><a href=\"https:\/\/forms.gle\/v4owbXP3MsDkfpKJ6\" target=\"_blank\" rel=\"noreferrer noopener\">HEMEN BA\u015eVUR<\/a><\/p>\n<\/div>\n\n\n\n<div class=\"wp-block-column is-vertically-aligned-center is-layout-flow wp-block-column-is-layout-flow\">\n<p class=\"label urban-orange\"><strong>Son Ba\u015fvuru Tarihi:<\/strong> 10 Aral\u0131k 2025<\/p>\n<\/div>\n<\/div>\n<\/div>\n\n\n\n<div class=\"wp-block-column is-layout-flow wp-block-column-is-layout-flow\">\n<figure class=\"wp-block-image size-full zero is-style-default left-bottom orange\"><img loading=\"lazy\" decoding=\"async\" width=\"1024\" height=\"1024\" src=\"https:\/\/www.farklabs.com\/wp-content\/uploads\/2025\/10\/farklabs-antalya-citython-1.jpg\" alt=\"\" class=\"wp-image-17753\" title=\"\" srcset=\"https:\/\/www.farklabs.com\/wp-content\/uploads\/2025\/10\/farklabs-antalya-citython-1.jpg 1024w, https:\/\/www.farklabs.com\/wp-content\/uploads\/2025\/10\/farklabs-antalya-citython-1-300x300.jpg 300w, https:\/\/www.farklabs.com\/wp-content\/uploads\/2025\/10\/farklabs-antalya-citython-1-150x150.jpg 150w, https:\/\/www.farklabs.com\/wp-content\/uploads\/2025\/10\/farklabs-antalya-citython-1-768x768.jpg 768w\" sizes=\"auto, (max-width: 1024px) 100vw, 1024px\" \/><\/figure>\n<\/div>\n<\/div>\n<\/div><\/div>\n\n\n\n<div class=\"wp-block-group bottom-credits urban-zone small closer\"><div class=\"wp-block-group__inner-container is-layout-flow wp-block-group-is-layout-flow\">\n<div id=\"program-timeline\" class=\"wp-block-group whitebg mini wide\"><div class=\"wp-block-group__inner-container is-layout-flow wp-block-group-is-layout-flow\">\n<div class=\"wp-block-columns is-layout-flex wp-container-core-columns-is-layout-9d6595d7 wp-block-columns-is-layout-flex\">\n<div class=\"wp-block-column text is-layout-flow wp-block-column-is-layout-flow\" style=\"flex-basis:36%\">\n<h2 class=\"wp-block-heading has-text-color has-link-color wp-elements-00c178619de185e36c12489ca9679b5c\" id=\"h-program-takvimi\" style=\"color:#034EA2\">Program Takvimi<\/h2>\n<\/div>\n\n\n\n<div class=\"wp-block-column text is-layout-flow wp-block-column-is-layout-flow\">\n<ul class=\"wp-block-list bullets urban noindent numbers\">\n<li class=\"number\">Son ba\u015fvuru:<br><strong>10 Aral\u0131k 2025<\/strong><\/li>\n\n\n\n<li>Sonu\u00e7 duyurusu:<br><strong>15 Aral\u0131k 2025<\/strong><\/li>\n\n\n\n<li>\u00c7evrimi\u00e7i s\u00fcre\u00e7:<br><strong>18\u201319 Aral\u0131k 2025<\/strong><\/li>\n\n\n\n<li>Fiziksel final:<br><strong>20 Aral\u0131k 2025 <\/strong><br>Antalya (konum kat\u0131l\u0131mc\u0131lara ayr\u0131ca bildirilecektir)<\/li>\n<\/ul>\n<\/div>\n<\/div>\n<\/div><\/div>\n\n\n\n<div style=\"height:3rem\" aria-hidden=\"true\" class=\"wp-block-spacer\"><\/div>\n\n\n\n<h2 class=\"wp-block-heading has-text-align-center has-text-color has-link-color wp-elements-00942f5944d2ff87cdb7b50199f0dc11\" id=\"take-your-ai-startup-to-the-next-level-withfark-labs-x-softtech-ai-accelerator\" style=\"color:#034EA2\">PROGRAM ORTAKLARI<\/h2>\n\n\n<figure class=\"wp-block-gallery has-nested-images columns-4 logo-grid wp-block-gallery-1 is-layout-flex wp-block-gallery-is-layout-flex\">\n<!-- SIPA Content Start :simple-content --><!-- wp:image {\"lightbox\":{\"enabled\":false},\"id\":16784,\"sizeSlug\":\"full\",\"linkDestination\":\"custom\"} -->\n<figure class=\"wp-block-image size-full\"><a href=\"https:\/\/www.eiturbanmobility.eu\/\" target=\"_blank\" rel=\" noreferrer noopener\"><img loading=\"lazy\" decoding=\"async\" width=\"3279\" height=\"426\" src=\"https:\/\/www.farklabs.com\/wp-content\/uploads\/2025\/05\/logo-eit-urban-mobility-2025.png\" alt=\"EIT Urban Mobility Logo\" class=\"wp-image-16784\" srcset=\"https:\/\/www.farklabs.com\/wp-content\/uploads\/2025\/05\/logo-eit-urban-mobility-2025.png 3279w, https:\/\/www.farklabs.com\/wp-content\/uploads\/2025\/05\/logo-eit-urban-mobility-2025-300x39.png 300w, https:\/\/www.farklabs.com\/wp-content\/uploads\/2025\/05\/logo-eit-urban-mobility-2025-1024x133.png 1024w, https:\/\/www.farklabs.com\/wp-content\/uploads\/2025\/05\/logo-eit-urban-mobility-2025-768x100.png 768w, https:\/\/www.farklabs.com\/wp-content\/uploads\/2025\/05\/logo-eit-urban-mobility-2025-1536x200.png 1536w, https:\/\/www.farklabs.com\/wp-content\/uploads\/2025\/05\/logo-eit-urban-mobility-2025-2048x266.png 2048w, https:\/\/www.farklabs.com\/wp-content\/uploads\/2025\/05\/logo-eit-urban-mobility-2025-1568x204.png 1568w\" sizes=\"auto, (max-width: 3279px) 100vw, 3279px\" \/><\/a><\/figure>\n<!-- \/wp:image --><!-- wp:image {\"lightbox\":{\"enabled\":false},\"id\":17738,\"sizeSlug\":\"full\",\"linkDestination\":\"custom\"} -->\n<figure class=\"wp-block-image size-full\"><a href=\"https:\/\/www.antalya.bel.tr\/\" target=\"_blank\" rel=\" noreferrer noopener\"><img loading=\"lazy\" decoding=\"async\" width=\"275\" height=\"93\" src=\"https:\/\/www.farklabs.com\/wp-content\/uploads\/2025\/10\/logo-antalya-belediyesi-.png\" alt=\"\" class=\"wp-image-17738\"\/><\/a><\/figure>\n<!-- \/wp:image --><!-- wp:image {\"id\":15841,\"sizeSlug\":\"medium\",\"linkDestination\":\"none\"} -->\n<figure class=\"wp-block-image size-medium\"><img loading=\"lazy\" decoding=\"async\" width=\"300\" height=\"129\" src=\"https:\/\/www.farklabs.com\/wp-content\/uploads\/2025\/02\/logo-farklabs-300x129.png\" alt=\"FARKLABS\" class=\"wp-image-15841\" srcset=\"https:\/\/www.farklabs.com\/wp-content\/uploads\/2025\/02\/logo-farklabs-300x129.png 300w, https:\/\/www.farklabs.com\/wp-content\/uploads\/2025\/02\/logo-farklabs-768x329.png 768w, https:\/\/www.farklabs.com\/wp-content\/uploads\/2025\/02\/logo-farklabs.png 1000w\" sizes=\"auto, (max-width: 300px) 100vw, 300px\" \/><\/figure>\n<!-- \/wp:image --><!-- wp:image {\"lightbox\":{\"enabled\":false},\"id\":17726,\"sizeSlug\":\"full\",\"linkDestination\":\"custom\"} -->\n<figure class=\"wp-block-image size-full\"><a href=\"https:\/\/sabanciuniv.edu\/tr\" target=\"_blank\" rel=\" noreferrer noopener\"><img loading=\"lazy\" decoding=\"async\" width=\"229\" height=\"101\" src=\"https:\/\/www.farklabs.com\/wp-content\/uploads\/2025\/10\/logo-sabanci.png\" alt=\"\" class=\"wp-image-17726\"\/><\/a><\/figure>\n<!-- \/wp:image --><!-- wp:image {\"lightbox\":{\"enabled\":false},\"id\":17721,\"sizeSlug\":\"full\",\"linkDestination\":\"custom\"} -->\n<figure class=\"wp-block-image size-full\"><a href=\"https:\/\/mmint.yildiztto.com.tr\/\" target=\"_blank\" rel=\" noreferrer noopener\"><img loading=\"lazy\" decoding=\"async\" width=\"171\" height=\"123\" src=\"https:\/\/www.farklabs.com\/wp-content\/uploads\/2025\/10\/logo-mobilitymint.png\" alt=\"\" class=\"wp-image-17721\"\/><\/a><\/figure>\n<!-- \/wp:image --><!-- wp:image {\"lightbox\":{\"enabled\":false},\"id\":17712,\"sizeSlug\":\"full\",\"linkDestination\":\"custom\"} -->\n<figure class=\"wp-block-image size-full\"><a href=\"https:\/\/factual-academy.com\/home\" target=\"_blank\" rel=\" noreferrer noopener\"><img loading=\"lazy\" decoding=\"async\" width=\"323\" height=\"68\" src=\"https:\/\/www.farklabs.com\/wp-content\/uploads\/2025\/10\/logo-factual.png\" alt=\"\" class=\"wp-image-17712\" srcset=\"https:\/\/www.farklabs.com\/wp-content\/uploads\/2025\/10\/logo-factual.png 323w, https:\/\/www.farklabs.com\/wp-content\/uploads\/2025\/10\/logo-factual-300x63.png 300w\" sizes=\"auto, (max-width: 323px) 100vw, 323px\" \/><\/a><\/figure>\n<!-- \/wp:image --><!-- wp:image {\"lightbox\":{\"enabled\":false},\"id\":17705,\"sizeSlug\":\"full\",\"linkDestination\":\"custom\"} -->\n<figure class=\"wp-block-image size-full\"><a href=\"https:\/\/www.yildizteknopark.com.tr\/\" target=\"_blank\" rel=\" noreferrer noopener\"><img loading=\"lazy\" decoding=\"async\" width=\"347\" height=\"104\" src=\"https:\/\/www.farklabs.com\/wp-content\/uploads\/2025\/10\/logo-yildizteknopark.png\" alt=\"\" class=\"wp-image-17705\" srcset=\"https:\/\/www.farklabs.com\/wp-content\/uploads\/2025\/10\/logo-yildizteknopark.png 347w, https:\/\/www.farklabs.com\/wp-content\/uploads\/2025\/10\/logo-yildizteknopark-300x90.png 300w\" sizes=\"auto, (max-width: 347px) 100vw, 347px\" \/><\/a><\/figure>\n<!-- \/wp:image --><!-- wp:image {\"lightbox\":{\"enabled\":false},\"id\":17698,\"sizeSlug\":\"full\",\"linkDestination\":\"custom\"} -->\n<figure class=\"wp-block-image size-full\"><a href=\"https:\/\/www.antalyaosbteknopark.com\/\" target=\"_blank\" rel=\" noreferrer noopener\"><img loading=\"lazy\" decoding=\"async\" width=\"262\" height=\"103\" src=\"https:\/\/www.farklabs.com\/wp-content\/uploads\/2025\/10\/logo-antalya-osb-teknopark.png\" alt=\"\" class=\"wp-image-17698\"\/><\/a><\/figure>\n<!-- \/wp:image --><!-- wp:image {\"id\":17691,\"sizeSlug\":\"full\",\"linkDestination\":\"none\"} -->\n<figure class=\"wp-block-image size-full\"><img loading=\"lazy\" decoding=\"async\" width=\"251\" height=\"97\" src=\"https:\/\/www.farklabs.com\/wp-content\/uploads\/2025\/10\/logo-hub_antalya.png\" alt=\"\" class=\"wp-image-17691\"\/><\/figure>\n<!-- \/wp:image -->\n<\/figure>\n\n\n\n<div style=\"height:3rem\" aria-hidden=\"true\" class=\"wp-block-spacer\"><\/div>\n\n\n\n<div class=\"wp-block-columns is-layout-flex wp-container-core-columns-is-layout-9d6595d7 wp-block-columns-is-layout-flex\">\n<div class=\"wp-block-column is-layout-flow wp-block-column-is-layout-flow\">\n<h2 class=\"wp-block-heading has-text-color has-link-color wp-elements-d7d69ebf778bf6f4a570368b123cd071\" id=\"h-eit-urban-mobility\" style=\"color:#034EA2\">EIT Urban Mobility<\/h2>\n\n\n\n<p><strong>EIT (European Institute of Innovation and Technology) Urban Mobility<\/strong>, Avrupa \u015fehirlerinde ula\u015f\u0131m sistemlerini daha <strong>eri\u015filebilir, g\u00fcvenli ve s\u00fcrd\u00fcr\u00fclebilir<\/strong> hale getirmeyi ama\u00e7layan bir Avrupa Birli\u011fi giri\u015fimidir.<\/p>\n\n\n\n<p>Avrupa\u2019da karbon emisyonlar\u0131n\u0131n %23\u2019\u00fc ula\u015f\u0131mdan kaynaklanmakta ve kamusal alanlar\u0131n yar\u0131s\u0131 karayollar\u0131na ayr\u0131lmaktad\u0131r. EIT Urban Mobility, bu tabloyu d\u00f6n\u00fc\u015ft\u00fcrmek i\u00e7in yenilik\u00e7i \u00e7\u00f6z\u00fcmler \u00fcretir. Program, kentlerin ya\u015fanabilirli\u011fini art\u0131rmak i\u00e7in <strong>yerel y\u00f6netimler, akademi, ara\u015ft\u0131rma merkezleri, sanayi ve STK\u2019lar<\/strong> aras\u0131nda i\u015f birli\u011fini te\u015fvik eder. Hedefi, Avrupa genelinde <strong>insan odakl\u0131, karbon n\u00f6tr, \u00e7ok modlu ula\u015f\u0131m sistemleri<\/strong> geli\u015ftirmektir.<\/p>\n\n\n\n<p>Daha fazla bilgi i\u00e7in: <a href=\"https:\/\/eiturbanmobility.eu\" target=\"_blank\" rel=\"noreferrer noopener nofollow\">eiturbanmobility.eu<\/a><\/p>\n<\/div>\n\n\n\n<div class=\"wp-block-column is-layout-flow wp-block-column-is-layout-flow\">\n<h2 class=\"wp-block-heading has-text-color has-link-color wp-elements-e2c083c41bb84c379c9c041a32918d6d\" id=\"h-eit-urban-mobility-turkiye-temsilciligi\" style=\"color:#034EA2\">EIT Urban Mobility T\u00fcrkiye Temsilcili\u011fi<\/h2>\n\n\n\n<p><strong>EIT Urban Mobility T\u00fcrkiye Temsilcili\u011fi<\/strong>, 2021 y\u0131l\u0131nda <strong>Fark Labs<\/strong> ve <strong>Sabanc\u0131 \u00dcniversitesi<\/strong> ortakl\u0131\u011f\u0131nda kurulmu\u015ftur. Temsilcilik, T\u00fcrkiye\u2019de kentsel hareketlilik alan\u0131nda fark\u0131ndal\u0131k yaratmak, EIT Urban Mobility\u2019nin g\u00f6r\u00fcn\u00fcrl\u00fc\u011f\u00fcn\u00fc art\u0131rmak ve yerel payda\u015flar\u0131n Avrupa inovasyon ekosistemine entegrasyonunu desteklemek amac\u0131yla faaliyet g\u00f6stermektedir.<\/p>\n\n\n\n<p>T\u00fcrkiye Temsilcili\u011fi, kamu kurumlar\u0131, belediyeler, \u00fcniversiteler, sanayi kurulu\u015flar\u0131 ve giri\u015fimcilik ekosistemi aras\u0131nda k\u00f6pr\u00fc kurarak s\u00fcrd\u00fcr\u00fclebilir ve ak\u0131ll\u0131 ula\u015f\u0131m \u00e7\u00f6z\u00fcmlerinin yayg\u0131nla\u015fmas\u0131na katk\u0131 sunar.<br>Programlar, fark\u0131ndal\u0131k etkinlikleri, h\u0131zland\u0131rma programlar\u0131 ve i\u015f birlikleri yoluyla T\u00fcrkiye\u2019nin mobilite inovasyonu potansiyelini g\u00fc\u00e7lendirir.<\/p>\n\n\n\n<p>Daha fazla bilgi i\u00e7in: <a href=\"https:\/\/farklabs.com\/tr\/eit-urban-mobility\">farklabs.com\/tr\/eit-urban-mobility<\/a><\/p>\n<\/div>\n<\/div>\n\n\n\n<p><\/p>\n<\/div><\/div>\n","protected":false},"excerpt":{"rendered":"<p>Kentsel Hareketlilik Citythonu Antalya 2025, EIT Urban Mobility T\u00fcrkiye Temsilcili\u011fi ve EIT Urban Mobility taraf\u0131ndan desteklenen MobilityMint i\u015f birli\u011fiyle, Antalya B\u00fcy\u00fck\u015fehir Belediyesi ortakl\u0131\u011f\u0131nda d\u00fczenlenmektedir. Program, Antalya\u2019n\u0131n kentsel hareketlilik alan\u0131nda kar\u015f\u0131la\u015ft\u0131\u011f\u0131 zorluklara yenilik\u00e7i, s\u00fcrd\u00fcr\u00fclebilir ve uygulanabilir \u00e7\u00f6z\u00fcmler geli\u015ftirmeyi hedefliyor. 18\u201320 Aral\u0131k 2025 tarihleri aras\u0131nda ger\u00e7ekle\u015fecek Citython\u2019da, kat\u0131l\u0131mc\u0131 ekipler uzman mentorlar\u0131n deste\u011fiyle \u201cTurizmin Yaratt\u0131\u011f\u0131 Kent \u0130\u00e7i Ula\u015f\u0131m&hellip; <a class=\"more-link\" href=\"https:\/\/www.farklabs.com\/tr\/sipaslide\/hub-antalya-logo-link\/\">Continue reading <span class=\"screen-reader-text\">HUB Antalya &#8211; Logo &amp; Link<\/span><\/a><\/p>\n","protected":false},"author":1,"featured_media":0,"parent":7841,"menu_order":0,"comment_status":"closed","ping_status":"closed","template":"page-farplascolor.php","meta":{"_acf_changed":false,"om_disable_all_campaigns":false,"footnotes":""},"class_list":["post-17769","page","type-page","status-publish","hentry","entry"],"acf":[],"yoast_head":"<!-- This site is optimized with the Yoast SEO Premium plugin v27.3 (Yoast SEO v27.3) - https:\/\/yoast.com\/product\/yoast-seo-premium-wordpress\/ -->\n<title>Kentsel Hareketlilik Citythonu Antalya 2025 - Fark Labs<\/title>\n<meta name=\"description\" content=\"Antalya\u2019da turizm kaynakl\u0131 ula\u015f\u0131m sorunlar\u0131na yenilik\u00e7i \u00e7\u00f6z\u00fcmlerle katk\u0131da bulunmaya haz\u0131r m\u0131s\u0131n\u0131z? Citython Antalya 2025, ekiplerin fikirlerini mentorluk deste\u011fiyle projeye veya prototipe d\u00f6n\u00fc\u015ft\u00fcrmesini sa\u011flayan bir inovasyon program\u0131d\u0131r.\" \/>\n<meta name=\"robots\" content=\"index, follow, max-snippet:-1, max-image-preview:large, max-video-preview:-1\" \/>\n<link rel=\"canonical\" href=\"https:\/\/www.farklabs.com\/tr\/odak-alanlari\/mobilite\/eit-urban-mobility-turkiye-temsilcisi\/kentsel-hareketlilik-citythonu-antalya-2025\/\" \/>\n<meta property=\"og:locale\" content=\"tr_TR\" \/>\n<meta property=\"og:type\" content=\"article\" \/>\n<meta property=\"og:title\" content=\"Kentsel Hareketlilik Citythonu Antalya 2025\" \/>\n<meta property=\"og:description\" content=\"Antalya\u2019da turizm kaynakl\u0131 ula\u015f\u0131m sorunlar\u0131na yenilik\u00e7i \u00e7\u00f6z\u00fcmlerle katk\u0131da bulunmaya haz\u0131r m\u0131s\u0131n\u0131z? Citython Antalya 2025, ekiplerin fikirlerini mentorluk deste\u011fiyle projeye veya prototipe d\u00f6n\u00fc\u015ft\u00fcrmesini sa\u011flayan bir inovasyon program\u0131d\u0131r.\" \/>\n<meta property=\"og:url\" content=\"https:\/\/www.farklabs.com\/tr\/odak-alanlari\/mobilite\/eit-urban-mobility-turkiye-temsilcisi\/kentsel-hareketlilik-citythonu-antalya-2025\/\" \/>\n<meta property=\"og:site_name\" content=\"Fark Labs\" \/>\n<meta property=\"article:publisher\" content=\"https:\/\/www.facebook.com\/farklabs\/\" \/>\n<meta property=\"article:modified_time\" content=\"2025-11-10T19:46:56+00:00\" \/>\n<meta property=\"og:image\" content=\"https:\/\/www.farklabs.com\/wp-content\/uploads\/2025\/10\/farklabs-antalya-citython-2.jpg\" \/>\n\t<meta property=\"og:image:width\" content=\"1024\" \/>\n\t<meta property=\"og:image:height\" content=\"1024\" \/>\n\t<meta property=\"og:image:type\" content=\"image\/jpeg\" \/>\n<meta name=\"twitter:card\" content=\"summary_large_image\" \/>\n<meta name=\"twitter:description\" content=\"Antalya\u2019da turizm kaynakl\u0131 ula\u015f\u0131m sorunlar\u0131na yenilik\u00e7i \u00e7\u00f6z\u00fcmlerle katk\u0131da bulunmaya haz\u0131r m\u0131s\u0131n\u0131z? Citython Antalya 2025, ekiplerin fikirlerini mentorluk deste\u011fiyle projeye veya prototipe d\u00f6n\u00fc\u015ft\u00fcrmesini sa\u011flayan bir inovasyon program\u0131d\u0131r.\" \/>\n<meta name=\"twitter:site\" content=\"@farklabs\" \/>\n<meta name=\"twitter:label1\" content=\"Tahmini okuma s\u00fcresi\" \/>\n\t<meta name=\"twitter:data1\" content=\"3 dakika\" \/>\n<script type=\"application\/ld+json\" class=\"yoast-schema-graph\">{\"@context\":\"https:\\\/\\\/schema.org\",\"@graph\":[{\"@type\":\"WebPage\",\"@id\":\"https:\\\/\\\/www.farklabs.com\\\/tr\\\/odak-alanlari\\\/mobilite\\\/eit-urban-mobility-turkiye-temsilcisi\\\/kentsel-hareketlilik-citythonu-antalya-2025\\\/\",\"url\":\"https:\\\/\\\/www.farklabs.com\\\/tr\\\/odak-alanlari\\\/mobilite\\\/eit-urban-mobility-turkiye-temsilcisi\\\/kentsel-hareketlilik-citythonu-antalya-2025\\\/\",\"name\":\"Kentsel Hareketlilik Citythonu Antalya 2025 - Fark Labs\",\"isPartOf\":{\"@id\":\"https:\\\/\\\/www.farklabs.com\\\/#website\"},\"primaryImageOfPage\":{\"@id\":\"https:\\\/\\\/www.farklabs.com\\\/tr\\\/odak-alanlari\\\/mobilite\\\/eit-urban-mobility-turkiye-temsilcisi\\\/kentsel-hareketlilik-citythonu-antalya-2025\\\/#primaryimage\"},\"image\":{\"@id\":\"https:\\\/\\\/www.farklabs.com\\\/tr\\\/odak-alanlari\\\/mobilite\\\/eit-urban-mobility-turkiye-temsilcisi\\\/kentsel-hareketlilik-citythonu-antalya-2025\\\/#primaryimage\"},\"thumbnailUrl\":\"https:\\\/\\\/www.farklabs.com\\\/wp-content\\\/uploads\\\/2025\\\/10\\\/farklabs-antalya-citython-2.jpg\",\"datePublished\":\"2025-10-21T10:51:46+00:00\",\"dateModified\":\"2025-11-10T19:46:56+00:00\",\"description\":\"Antalya\u2019da turizm kaynakl\u0131 ula\u015f\u0131m sorunlar\u0131na yenilik\u00e7i \u00e7\u00f6z\u00fcmlerle katk\u0131da bulunmaya haz\u0131r m\u0131s\u0131n\u0131z? Citython Antalya 2025, ekiplerin fikirlerini mentorluk deste\u011fiyle projeye veya prototipe d\u00f6n\u00fc\u015ft\u00fcrmesini sa\u011flayan bir inovasyon program\u0131d\u0131r.\",\"breadcrumb\":{\"@id\":\"https:\\\/\\\/www.farklabs.com\\\/tr\\\/odak-alanlari\\\/mobilite\\\/eit-urban-mobility-turkiye-temsilcisi\\\/kentsel-hareketlilik-citythonu-antalya-2025\\\/#breadcrumb\"},\"inLanguage\":\"tr\",\"potentialAction\":[{\"@type\":\"ReadAction\",\"target\":[\"https:\\\/\\\/www.farklabs.com\\\/tr\\\/odak-alanlari\\\/mobilite\\\/eit-urban-mobility-turkiye-temsilcisi\\\/kentsel-hareketlilik-citythonu-antalya-2025\\\/\"]}]},{\"@type\":\"ImageObject\",\"inLanguage\":\"tr\",\"@id\":\"https:\\\/\\\/www.farklabs.com\\\/tr\\\/odak-alanlari\\\/mobilite\\\/eit-urban-mobility-turkiye-temsilcisi\\\/kentsel-hareketlilik-citythonu-antalya-2025\\\/#primaryimage\",\"url\":\"https:\\\/\\\/www.farklabs.com\\\/wp-content\\\/uploads\\\/2025\\\/10\\\/farklabs-antalya-citython-2.jpg\",\"contentUrl\":\"https:\\\/\\\/www.farklabs.com\\\/wp-content\\\/uploads\\\/2025\\\/10\\\/farklabs-antalya-citython-2.jpg\"},{\"@type\":\"BreadcrumbList\",\"@id\":\"https:\\\/\\\/www.farklabs.com\\\/tr\\\/odak-alanlari\\\/mobilite\\\/eit-urban-mobility-turkiye-temsilcisi\\\/kentsel-hareketlilik-citythonu-antalya-2025\\\/#breadcrumb\",\"itemListElement\":[{\"@type\":\"ListItem\",\"position\":1,\"name\":\"Home\",\"item\":\"https:\\\/\\\/www.farklabs.com\\\/tr\\\/\"},{\"@type\":\"ListItem\",\"position\":2,\"name\":\"Odak Alanlar\u0131\",\"item\":\"https:\\\/\\\/www.farklabs.com\\\/tr\\\/odak-alanlari\\\/\"},{\"@type\":\"ListItem\",\"position\":3,\"name\":\"Mobilite\",\"item\":\"https:\\\/\\\/www.farklabs.com\\\/tr\\\/odak-alanlari\\\/mobilite\\\/\"},{\"@type\":\"ListItem\",\"position\":4,\"name\":\"EIT Urban Mobility T\u00fcrkiye Temsilcisi\",\"item\":\"https:\\\/\\\/www.farklabs.com\\\/tr\\\/odak-alanlari\\\/mobilite\\\/eit-urban-mobility-turkiye-temsilcisi\\\/\"},{\"@type\":\"ListItem\",\"position\":5,\"name\":\"Kentsel Hareketlilik Citythonu Antalya 2025\"}]},{\"@type\":\"WebSite\",\"@id\":\"https:\\\/\\\/www.farklabs.com\\\/#website\",\"url\":\"https:\\\/\\\/www.farklabs.com\\\/\",\"name\":\"Fark Labs\",\"description\":\"Better. Future. Together.\",\"publisher\":{\"@id\":\"https:\\\/\\\/www.farklabs.com\\\/#organization\"},\"potentialAction\":[{\"@type\":\"SearchAction\",\"target\":{\"@type\":\"EntryPoint\",\"urlTemplate\":\"https:\\\/\\\/www.farklabs.com\\\/?s={search_term_string}\"},\"query-input\":{\"@type\":\"PropertyValueSpecification\",\"valueRequired\":true,\"valueName\":\"search_term_string\"}}],\"inLanguage\":\"tr\"},{\"@type\":\"Organization\",\"@id\":\"https:\\\/\\\/www.farklabs.com\\\/#organization\",\"name\":\"Fark Labs\",\"url\":\"https:\\\/\\\/www.farklabs.com\\\/\",\"logo\":{\"@type\":\"ImageObject\",\"inLanguage\":\"tr\",\"@id\":\"https:\\\/\\\/www.farklabs.com\\\/#\\\/schema\\\/logo\\\/image\\\/\",\"url\":\"https:\\\/\\\/www.farklabs.com\\\/wp-content\\\/uploads\\\/2022\\\/04\\\/1-Fark-Labs-logo1.png\",\"contentUrl\":\"https:\\\/\\\/www.farklabs.com\\\/wp-content\\\/uploads\\\/2022\\\/04\\\/1-Fark-Labs-logo1.png\",\"width\":337,\"height\":150,\"caption\":\"Fark Labs\"},\"image\":{\"@id\":\"https:\\\/\\\/www.farklabs.com\\\/#\\\/schema\\\/logo\\\/image\\\/\"},\"sameAs\":[\"https:\\\/\\\/www.facebook.com\\\/farklabs\\\/\",\"https:\\\/\\\/x.com\\\/farklabs\",\"https:\\\/\\\/www.instagram.com\\\/farklabs\\\/\",\"https:\\\/\\\/www.linkedin.com\\\/company\\\/farklabs\\\/\",\"https:\\\/\\\/www.youtube.com\\\/c\\\/farklabs\"]}]}<\/script>\n<!-- \/ Yoast SEO Premium plugin. -->","yoast_head_json":{"title":"Kentsel Hareketlilik Citythonu Antalya 2025 - Fark Labs","description":"Antalya\u2019da turizm kaynakl\u0131 ula\u015f\u0131m sorunlar\u0131na yenilik\u00e7i \u00e7\u00f6z\u00fcmlerle katk\u0131da bulunmaya haz\u0131r m\u0131s\u0131n\u0131z? Citython Antalya 2025, ekiplerin fikirlerini mentorluk deste\u011fiyle projeye veya prototipe d\u00f6n\u00fc\u015ft\u00fcrmesini sa\u011flayan bir inovasyon program\u0131d\u0131r.","robots":{"index":"index","follow":"follow","max-snippet":"max-snippet:-1","max-image-preview":"max-image-preview:large","max-video-preview":"max-video-preview:-1"},"canonical":"https:\/\/www.farklabs.com\/tr\/odak-alanlari\/mobilite\/eit-urban-mobility-turkiye-temsilcisi\/kentsel-hareketlilik-citythonu-antalya-2025\/","og_locale":"tr_TR","og_type":"article","og_title":"Kentsel Hareketlilik Citythonu Antalya 2025","og_description":"Antalya\u2019da turizm kaynakl\u0131 ula\u015f\u0131m sorunlar\u0131na yenilik\u00e7i \u00e7\u00f6z\u00fcmlerle katk\u0131da bulunmaya haz\u0131r m\u0131s\u0131n\u0131z? Citython Antalya 2025, ekiplerin fikirlerini mentorluk deste\u011fiyle projeye veya prototipe d\u00f6n\u00fc\u015ft\u00fcrmesini sa\u011flayan bir inovasyon program\u0131d\u0131r.","og_url":"https:\/\/www.farklabs.com\/tr\/odak-alanlari\/mobilite\/eit-urban-mobility-turkiye-temsilcisi\/kentsel-hareketlilik-citythonu-antalya-2025\/","og_site_name":"Fark Labs","article_publisher":"https:\/\/www.facebook.com\/farklabs\/","article_modified_time":"2025-11-10T19:46:56+00:00","og_image":[{"width":1024,"height":1024,"url":"https:\/\/www.farklabs.com\/wp-content\/uploads\/2025\/10\/farklabs-antalya-citython-2.jpg","type":"image\/jpeg"}],"twitter_card":"summary_large_image","twitter_description":"Antalya\u2019da turizm kaynakl\u0131 ula\u015f\u0131m sorunlar\u0131na yenilik\u00e7i \u00e7\u00f6z\u00fcmlerle katk\u0131da bulunmaya haz\u0131r m\u0131s\u0131n\u0131z? Citython Antalya 2025, ekiplerin fikirlerini mentorluk deste\u011fiyle projeye veya prototipe d\u00f6n\u00fc\u015ft\u00fcrmesini sa\u011flayan bir inovasyon program\u0131d\u0131r.","twitter_site":"@farklabs","twitter_misc":{"Tahmini okuma s\u00fcresi":"3 dakika"},"schema":{"@context":"https:\/\/schema.org","@graph":[{"@type":"WebPage","@id":"https:\/\/www.farklabs.com\/tr\/odak-alanlari\/mobilite\/eit-urban-mobility-turkiye-temsilcisi\/kentsel-hareketlilik-citythonu-antalya-2025\/","url":"https:\/\/www.farklabs.com\/tr\/odak-alanlari\/mobilite\/eit-urban-mobility-turkiye-temsilcisi\/kentsel-hareketlilik-citythonu-antalya-2025\/","name":"Kentsel Hareketlilik Citythonu Antalya 2025 - Fark Labs","isPartOf":{"@id":"https:\/\/www.farklabs.com\/#website"},"primaryImageOfPage":{"@id":"https:\/\/www.farklabs.com\/tr\/odak-alanlari\/mobilite\/eit-urban-mobility-turkiye-temsilcisi\/kentsel-hareketlilik-citythonu-antalya-2025\/#primaryimage"},"image":{"@id":"https:\/\/www.farklabs.com\/tr\/odak-alanlari\/mobilite\/eit-urban-mobility-turkiye-temsilcisi\/kentsel-hareketlilik-citythonu-antalya-2025\/#primaryimage"},"thumbnailUrl":"https:\/\/www.farklabs.com\/wp-content\/uploads\/2025\/10\/farklabs-antalya-citython-2.jpg","datePublished":"2025-10-21T10:51:46+00:00","dateModified":"2025-11-10T19:46:56+00:00","description":"Antalya\u2019da turizm kaynakl\u0131 ula\u015f\u0131m sorunlar\u0131na yenilik\u00e7i \u00e7\u00f6z\u00fcmlerle katk\u0131da bulunmaya haz\u0131r m\u0131s\u0131n\u0131z? Citython Antalya 2025, ekiplerin fikirlerini mentorluk deste\u011fiyle projeye veya prototipe d\u00f6n\u00fc\u015ft\u00fcrmesini sa\u011flayan bir inovasyon program\u0131d\u0131r.","breadcrumb":{"@id":"https:\/\/www.farklabs.com\/tr\/odak-alanlari\/mobilite\/eit-urban-mobility-turkiye-temsilcisi\/kentsel-hareketlilik-citythonu-antalya-2025\/#breadcrumb"},"inLanguage":"tr","potentialAction":[{"@type":"ReadAction","target":["https:\/\/www.farklabs.com\/tr\/odak-alanlari\/mobilite\/eit-urban-mobility-turkiye-temsilcisi\/kentsel-hareketlilik-citythonu-antalya-2025\/"]}]},{"@type":"ImageObject","inLanguage":"tr","@id":"https:\/\/www.farklabs.com\/tr\/odak-alanlari\/mobilite\/eit-urban-mobility-turkiye-temsilcisi\/kentsel-hareketlilik-citythonu-antalya-2025\/#primaryimage","url":"https:\/\/www.farklabs.com\/wp-content\/uploads\/2025\/10\/farklabs-antalya-citython-2.jpg","contentUrl":"https:\/\/www.farklabs.com\/wp-content\/uploads\/2025\/10\/farklabs-antalya-citython-2.jpg"},{"@type":"BreadcrumbList","@id":"https:\/\/www.farklabs.com\/tr\/odak-alanlari\/mobilite\/eit-urban-mobility-turkiye-temsilcisi\/kentsel-hareketlilik-citythonu-antalya-2025\/#breadcrumb","itemListElement":[{"@type":"ListItem","position":1,"name":"Home","item":"https:\/\/www.farklabs.com\/tr\/"},{"@type":"ListItem","position":2,"name":"Odak Alanlar\u0131","item":"https:\/\/www.farklabs.com\/tr\/odak-alanlari\/"},{"@type":"ListItem","position":3,"name":"Mobilite","item":"https:\/\/www.farklabs.com\/tr\/odak-alanlari\/mobilite\/"},{"@type":"ListItem","position":4,"name":"EIT Urban Mobility T\u00fcrkiye Temsilcisi","item":"https:\/\/www.farklabs.com\/tr\/odak-alanlari\/mobilite\/eit-urban-mobility-turkiye-temsilcisi\/"},{"@type":"ListItem","position":5,"name":"Kentsel Hareketlilik Citythonu Antalya 2025"}]},{"@type":"WebSite","@id":"https:\/\/www.farklabs.com\/#website","url":"https:\/\/www.farklabs.com\/","name":"Fark Labs","description":"Better. Future. Together.","publisher":{"@id":"https:\/\/www.farklabs.com\/#organization"},"potentialAction":[{"@type":"SearchAction","target":{"@type":"EntryPoint","urlTemplate":"https:\/\/www.farklabs.com\/?s={search_term_string}"},"query-input":{"@type":"PropertyValueSpecification","valueRequired":true,"valueName":"search_term_string"}}],"inLanguage":"tr"},{"@type":"Organization","@id":"https:\/\/www.farklabs.com\/#organization","name":"Fark Labs","url":"https:\/\/www.farklabs.com\/","logo":{"@type":"ImageObject","inLanguage":"tr","@id":"https:\/\/www.farklabs.com\/#\/schema\/logo\/image\/","url":"https:\/\/www.farklabs.com\/wp-content\/uploads\/2022\/04\/1-Fark-Labs-logo1.png","contentUrl":"https:\/\/www.farklabs.com\/wp-content\/uploads\/2022\/04\/1-Fark-Labs-logo1.png","width":337,"height":150,"caption":"Fark Labs"},"image":{"@id":"https:\/\/www.farklabs.com\/#\/schema\/logo\/image\/"},"sameAs":["https:\/\/www.facebook.com\/farklabs\/","https:\/\/x.com\/farklabs","https:\/\/www.instagram.com\/farklabs\/","https:\/\/www.linkedin.com\/company\/farklabs\/","https:\/\/www.youtube.com\/c\/farklabs"]}]}},"_links":{"self":[{"href":"https:\/\/www.farklabs.com\/tr\/wp-json\/wp\/v2\/pages\/17769","targetHints":{"allow":["GET"]}}],"collection":[{"href":"https:\/\/www.farklabs.com\/tr\/wp-json\/wp\/v2\/pages"}],"about":[{"href":"https:\/\/www.farklabs.com\/tr\/wp-json\/wp\/v2\/types\/page"}],"author":[{"embeddable":true,"href":"https:\/\/www.farklabs.com\/tr\/wp-json\/wp\/v2\/users\/1"}],"replies":[{"embeddable":true,"href":"https:\/\/www.farklabs.com\/tr\/wp-json\/wp\/v2\/comments?post=17769"}],"version-history":[{"count":16,"href":"https:\/\/www.farklabs.com\/tr\/wp-json\/wp\/v2\/pages\/17769\/revisions"}],"predecessor-version":[{"id":18028,"href":"https:\/\/www.farklabs.com\/tr\/wp-json\/wp\/v2\/pages\/17769\/revisions\/18028"}],"up":[{"embeddable":true,"href":"https:\/\/www.farklabs.com\/tr\/wp-json\/wp\/v2\/pages\/7841"}],"wp:attachment":[{"href":"https:\/\/www.farklabs.com\/tr\/wp-json\/wp\/v2\/media?parent=17769"}],"curies":[{"name":"wp","href":"https:\/\/api.w.org\/{rel}","templated":true}]}}