{"id":8288,"date":"2022-04-06T14:52:50","date_gmt":"2022-04-06T11:52:50","guid":{"rendered":"https:\/\/www.farklabs.com\/?page_id=8288"},"modified":"2022-05-09T13:18:28","modified_gmt":"2022-05-09T10:18:28","slug":"mercedes-benz-turk-ventures-mobilite-hizlandirma-programi","status":"publish","type":"page","link":"https:\/\/www.farklabs.com\/tr\/girisimler-better-future-path\/girisimler-gecmis-programlar\/mercedes-benz-turk-ventures-mobilite-hizlandirma-programi\/","title":{"rendered":"MOB\u0130L\u0130TE HIZLANDIRMA PROGRAMI"},"content":{"rendered":"\n<div class=\"wp-block-group gray-zone small closer\"><div class=\"wp-block-group__inner-container is-layout-flow wp-block-group-is-layout-flow\">\n<h2 class=\"has-text-align-center wp-block-heading\" id=\"h-ilginiz-icin-tesekkur-ederiz-basvurular-sona-erdi\">\u0130lginiz i\u00e7in te\u015fekk\u00fcr ederiz. Ba\u015fvurular sona erdi.<\/h2>\n\n\n\n<p><\/p>\n\n\n\n<h2 class=\"wp-block-heading\" id=\"mercedes-benz-turk-ventures-x-fark-labs-mobilite-dunyasini-degistirecek-girisimleri-ariyor\">MERCEDES-BENZ T\u00dcRK VENTURES x FARK LABS TEKMER <\/h2>\n\n\n\n<h2 class=\"wp-block-heading\" id=\"mercedes-benz-turk-ventures-x-fark-labs-mobilite-dunyasini-degistirecek-girisimleri-ariyor\">MOB\u0130L\u0130TE D\u00dcNYASINI DE\u011e\u0130\u015eT\u0130RECEK G\u0130R\u0130\u015e\u0130MLER\u0130 ARIYOR!<\/h2>\n\n\n\n<p>\u201cMobilite d\u00fcnyas\u0131n\u0131 de\u011fi\u015ftirecek eksik par\u00e7a benim!\u201d diyorsan, giri\u015fimini uluslararas\u0131 seviyeye ta\u015f\u0131mak i\u00e7in Mercedes-Benz T\u00fcrk Ventures ile birlikte ba\u015flatt\u0131\u011f\u0131m\u0131z h\u0131zland\u0131rma ve yat\u0131r\u0131m program\u0131 senin i\u00e7in bi\u00e7ilmi\u015f kaftan!<\/p>\n\n\n\n<p>Mercedes-Benz T\u00fcrk Ventures x Fark Labs Tekmer H\u0131zland\u0131rma ve Yat\u0131r\u0131m program\u0131yla T\u00fcrkiye\u2019den giri\u015fimleri geli\u015ftirmeyi ve k\u00fcresel olarak \u00f6l\u00e7eklenmeleri i\u00e7in desteklemeyi hedefliyoruz. T\u00fcrkiye\u2019nin ve d\u00fcnyan\u0131n s\u00fcrd\u00fcr\u00fclebilir kalk\u0131nmas\u0131n\u0131n, yenilik\u00e7i, teknoloji ile ba\u011f\u0131 olan giri\u015fimlerin geli\u015ftirilmesi ile m\u00fcmk\u00fcn oldu\u011funa inan\u0131yoruz. T\u00fcrkiye\u2019nin gelece\u011fine duydu\u011fumuz bu g\u00fcvenle \u00fclkenin d\u00f6rt bir yan\u0131ndaki yarat\u0131c\u0131 giri\u015fimcileri bu yolculukta bize kat\u0131lmaya \u00e7a\u011f\u0131r\u0131yoruz!<\/p>\n\n\n\n<p>\u0130\u015f fikrini, teknolojini ve finansal kaynaklar\u0131n\u0131 g\u00fc\u00e7lendirmeye, ad\u0131mlar\u0131n\u0131 h\u0131zland\u0131rarak k\u00fcresel ba\u015far\u0131lara imza atmaya haz\u0131rsan haydi ba\u015fvur!<\/p>\n\n\n<h2 id=\"odak-alanlari\">Odak Alanlar\u0131<\/h2>\n<ul class=\"bullets blue noindent\">\n<li>Ba\u011flant\u0131l\u0131 Ara\u00e7lar<\/li>\n<li>Mobilite \u00c7\u00f6z\u00fcmleri<\/li>\n<li>Malzeme Teknolojileri<\/li>\n<li>B\u00fcy\u00fck Veri Analizi<\/li>\n<li>Siber G\u00fcvenlik<\/li>\n<li>Ara\u00e7 Test &amp; Sim\u00fclasyon Sistemleri<\/li>\n<\/ul>\n\n\n\n<h2 class=\"wp-block-heading\" id=\"neden-fark-labs-x-softtech-ai-accelerator-programina-basvurmalisin\">Neden ba\u015fvurmal\u0131s\u0131n?<\/h2>\n\n\n\n<p>Alt\u0131 haftal\u0131k mobilite h\u0131zland\u0131rma program\u0131, mobilite giri\u015fiminin ticari b\u00fcy\u00fcmesini h\u0131zland\u0131rmaya yard\u0131mc\u0131 olurken end\u00fcstriyel tecr\u00fcbemiz, teknik bilgimiz ve d\u00fcnya \u00e7ap\u0131ndaki yat\u0131r\u0131mc\u0131 a\u011f\u0131m\u0131z vizyonunuzu bir sonraki seviyeye ta\u015f\u0131man\u0131 sa\u011fl\u0131yor.<\/p>\n<\/div><\/div>\n\n\n\n<div class=\"wp-block-group softcyan-zone small closer\"><div class=\"wp-block-group__inner-container is-layout-flow wp-block-group-is-layout-flow\">\n<div class=\"wp-block-group whitebg wide\"><div class=\"wp-block-group__inner-container is-layout-flow wp-block-group-is-layout-flow\">\n<div class=\"wp-block-columns is-layout-flex wp-container-core-columns-is-layout-9d6595d7 wp-block-columns-is-layout-flex\">\n<div class=\"wp-block-column text is-layout-flow wp-block-column-is-layout-flow\">\n<h2 class=\"wp-block-heading\" id=\"kimler-basvurmali\">Kimler ba\u015fvurmal\u0131?<\/h2>\n\n\n\n<ul class=\"bullets blue noindent wp-block-list\"><li>Yukar\u0131da belirtilen odak alanlar\u0131nda \u00fcr\u00fcn geli\u015ftirme s\u00fcrecini tamamlam\u0131\u015f, pazara \u00e7\u0131km\u0131\u015f ya da \u00e7\u0131kma a\u015famas\u0131nda olan giri\u015fimler.<\/li><li>Hem g\u00fcn\u00fcm\u00fcz problemlerine odaklanan hem de yar\u0131n\u0131n sorunlar\u0131n\u0131 \u00f6ng\u00f6rerek \u00e7\u00f6zebilecek teknolojik giri\u015fimler.<\/li><li>Y\u00fcksek b\u00fcy\u00fcme ve rekabet edebilme potansiyeline sahip, global olarak \u00f6l\u00e7eklenebilecek olan giri\u015fimler.<\/li><li>Kurucu ekipte en az bir i\u015f insan\u0131n\u0131n ve bir teknik uzman\u0131n bulundu\u011fu giri\u015fimler.<\/li><li>T\u00fcrkiye\u2019de yerle\u015fik, merkezi (ya da \u015fubesi) Teknokent\u2019lerde kurulu giri\u015fimler.<\/li><\/ul>\n\n\n\n<div class=\"wp-block-columns are-vertically-aligned-center is-layout-flex wp-container-core-columns-is-layout-9d6595d7 wp-block-columns-is-layout-flex\">\n<div class=\"wp-block-column is-vertically-aligned-center is-layout-flow wp-block-column-is-layout-flow\" style=\"flex-basis:200px\"><\/div>\n\n\n\n<div class=\"wp-block-column is-vertically-aligned-center is-layout-flow wp-block-column-is-layout-flow\"><\/div>\n<\/div>\n<\/div>\n\n\n\n<div class=\"wp-block-column img is-layout-flow wp-block-column-is-layout-flow\">\n<figure class=\"wp-block-image size-large zero\"><img loading=\"lazy\" decoding=\"async\" width=\"941\" height=\"1024\" src=\"https:\/\/www.farklabs.com\/wp-content\/uploads\/2022\/04\/mercedes-benz-turk-ventures-fark-labs-tekmer-mobilite-hizlandirma-programi-1-1-941x1024.png\" alt=\"\" class=\"wp-image-8797\" srcset=\"https:\/\/www.farklabs.com\/wp-content\/uploads\/2022\/04\/mercedes-benz-turk-ventures-fark-labs-tekmer-mobilite-hizlandirma-programi-1-1-941x1024.png 941w, https:\/\/www.farklabs.com\/wp-content\/uploads\/2022\/04\/mercedes-benz-turk-ventures-fark-labs-tekmer-mobilite-hizlandirma-programi-1-1-276x300.png 276w, https:\/\/www.farklabs.com\/wp-content\/uploads\/2022\/04\/mercedes-benz-turk-ventures-fark-labs-tekmer-mobilite-hizlandirma-programi-1-1-768x836.png 768w, https:\/\/www.farklabs.com\/wp-content\/uploads\/2022\/04\/mercedes-benz-turk-ventures-fark-labs-tekmer-mobilite-hizlandirma-programi-1-1.png 1084w\" sizes=\"auto, (max-width: 941px) 100vw, 941px\" \/><\/figure>\n<\/div>\n<\/div>\n<\/div><\/div>\n\n\n\n<h2 class=\"wp-block-heading\" id=\"fark-labs-x-softtech-ai-accelerator-programi-ne-sunuyor\">Program neler sunuyor?<\/h2>\n\n\n\n<ul class=\"bullets blue noindent wp-block-list\"><li>Mercedes-Benz T\u00fcrk\u2019\u00fcn end\u00fcstriyel tecr\u00fcbesine, teknik bilgi birikimine ve global a\u011f\u0131na eri\u015fim<\/li><li>Fark Labs\u2019in akademisyenler, kamu kurumlar\u0131, VC ve melek yat\u0131r\u0131mc\u0131lardan olu\u015fan global a\u011f\u0131na eri\u015fim<\/li><li>Fark Labs\u2019in global ofislerine ve ortak \u00e7al\u0131\u015fma alanlar\u0131na eri\u015fim<\/li><li>Fark Labs Tekmer\u2019de ofis imk\u00e2n\u0131<\/li><li>\u0130\u015f geli\u015ftirme ve uluslararas\u0131 b\u00fcy\u00fcme alanlar\u0131nda destek<\/li><li>Ba\u015far\u0131l\u0131 giri\u015fimcilerden veya sekt\u00f6rel uzmanlardan mentorluk deste\u011fi<\/li><li>Yat\u0131r\u0131mc\u0131lardan mentorluk deste\u011fi<\/li><li>Yerel ve global finansman f\u0131rsatlar\u0131na eri\u015fim<\/li><li>Demo g\u00fcnlerinde ve yat\u0131r\u0131mc\u0131 g\u00fcnlerinde \u00e7ok say\u0131da yat\u0131r\u0131mc\u0131 ile tan\u0131\u015fma f\u0131rsat\u0131<\/li><\/ul>\n\n\n\n<h2 class=\"wp-block-heading\" id=\"ai-accelerator-programinin-sonunda-bunlari-yapabiliyor-olacaksiniz\">Program\u0131n sonunda kazan\u0131mlar\u0131n\u0131z:<\/h2>\n\n\n\n<ul class=\"bullets blue noindent wp-block-list\"><li>Teknolojinizi ticari olarak test edebilecek ve do\u011frulayabileceksiniz.<\/li><li>Hedef pazar\u0131n\u0131z\u0131 ilk eri\u015fim i\u00e7in network deste\u011fine ula\u015fabileceksiniz<\/li><li>Teknolojinizi yat\u0131r\u0131mc\u0131lara ve m\u00fc\u015fterilere tan\u0131tabileceksiniz.<\/li><li>\u00dcr\u00fcn\u00fcn\u00fcz\u00fc pazara sunma s\u00fcrenizi k\u0131saltabileceksiniz.<\/li><\/ul>\n<\/div><\/div>\n\n\n\n<div class=\"wp-block-group whitebg join-our-ai closer full\"><div class=\"wp-block-group__inner-container is-layout-flow wp-block-group-is-layout-flow\">\n<div class=\"wp-block-columns are-vertically-aligned-center is-layout-flex wp-container-core-columns-is-layout-9d6595d7 wp-block-columns-is-layout-flex\">\n<div class=\"wp-block-column is-vertically-aligned-center img is-layout-flow wp-block-column-is-layout-flow\">\n<figure class=\"wp-block-image size-large zero\"><img loading=\"lazy\" decoding=\"async\" width=\"941\" height=\"1024\" src=\"https:\/\/www.farklabs.com\/wp-content\/uploads\/2022\/04\/mercedes-benz-turk-ventures-fark-labs-tekmer-mobilite-hizlandirma-programi-2-1-941x1024.png\" alt=\"\" class=\"wp-image-8801\" srcset=\"https:\/\/www.farklabs.com\/wp-content\/uploads\/2022\/04\/mercedes-benz-turk-ventures-fark-labs-tekmer-mobilite-hizlandirma-programi-2-1-941x1024.png 941w, https:\/\/www.farklabs.com\/wp-content\/uploads\/2022\/04\/mercedes-benz-turk-ventures-fark-labs-tekmer-mobilite-hizlandirma-programi-2-1-276x300.png 276w, https:\/\/www.farklabs.com\/wp-content\/uploads\/2022\/04\/mercedes-benz-turk-ventures-fark-labs-tekmer-mobilite-hizlandirma-programi-2-1-768x836.png 768w, https:\/\/www.farklabs.com\/wp-content\/uploads\/2022\/04\/mercedes-benz-turk-ventures-fark-labs-tekmer-mobilite-hizlandirma-programi-2-1.png 1084w\" sizes=\"auto, (max-width: 941px) 100vw, 941px\" \/><\/figure>\n<\/div>\n\n\n\n<div class=\"wp-block-column is-vertically-aligned-center text is-layout-flow wp-block-column-is-layout-flow\">\n<h2 class=\"wp-block-heading\" id=\"zaman-plani\">ZAMAN PLANI<\/h2>\n\n\n\n<ul class=\"bullets numbers purple noindent wp-block-list\"><li>Son Ba\u015fvuru Tarihi: <strong>8 May\u0131s 2022<\/strong><\/li><li>Giri\u015fiminiz \u00f6n de\u011ferlendirmeye al\u0131n\u0131r.<\/li><li>Fark Labs Tekmer sizinle ileti\u015fime ge\u00e7er.<\/li><li>Program Ba\u015flang\u0131c\u0131<strong>:<\/strong> <strong><strong>16 May\u0131s<\/strong> 2022<\/strong><\/li><li>Bire bir mentorluk deste\u011fi<\/li><li>Son De\u011ferlendirme: \u0130\u015f plan\u0131n\u0131n (Pitch Deck) haz\u0131rlanmas\u0131<\/li><li>Fark Labs Tekmer &amp; Mercedes komitesine projenin sunulmas\u0131<\/li><li>Demo G\u00fcn\u00fc: <strong>1 Temmuz 2022<\/strong><\/li><\/ul>\n\n\n\n<div class=\"wp-block-columns are-vertically-aligned-center is-layout-flex wp-container-core-columns-is-layout-9d6595d7 wp-block-columns-is-layout-flex\">\n<div class=\"wp-block-column is-vertically-aligned-center is-layout-flow wp-block-column-is-layout-flow\" style=\"flex-basis:200px\"><\/div>\n\n\n\n<div class=\"wp-block-column is-vertically-aligned-center is-layout-flow wp-block-column-is-layout-flow\"><\/div>\n<\/div>\n<\/div>\n<\/div>\n<\/div><\/div>\n","protected":false},"excerpt":{"rendered":"<p>\u0130lginiz i\u00e7in te\u015fekk\u00fcr ederiz. Ba\u015fvurular sona erdi. MERCEDES-BENZ T\u00dcRK VENTURES x FARK LABS TEKMER MOB\u0130L\u0130TE D\u00dcNYASINI DE\u011e\u0130\u015eT\u0130RECEK G\u0130R\u0130\u015e\u0130MLER\u0130 ARIYOR! \u201cMobilite d\u00fcnyas\u0131n\u0131 de\u011fi\u015ftirecek eksik par\u00e7a benim!\u201d diyorsan, giri\u015fimini uluslararas\u0131 seviyeye ta\u015f\u0131mak i\u00e7in Mercedes-Benz T\u00fcrk Ventures ile birlikte ba\u015flatt\u0131\u011f\u0131m\u0131z h\u0131zland\u0131rma ve yat\u0131r\u0131m program\u0131 senin i\u00e7in bi\u00e7ilmi\u015f kaftan! Mercedes-Benz T\u00fcrk Ventures x Fark Labs Tekmer H\u0131zland\u0131rma ve Yat\u0131r\u0131m&hellip; <a class=\"more-link\" href=\"https:\/\/www.farklabs.com\/tr\/girisimler-better-future-path\/girisimler-gecmis-programlar\/mercedes-benz-turk-ventures-mobilite-hizlandirma-programi\/\">Continue reading <span class=\"screen-reader-text\">MOB\u0130L\u0130TE HIZLANDIRMA PROGRAMI<\/span><\/a><\/p>\n","protected":false},"author":1,"featured_media":8355,"parent":14237,"menu_order":0,"comment_status":"closed","ping_status":"closed","template":"page-farplascolor.php","meta":{"_acf_changed":false,"om_disable_all_campaigns":false,"footnotes":""},"class_list":["post-8288","page","type-page","status-publish","has-post-thumbnail","hentry","entry"],"acf":[],"yoast_head":"<!-- This site is optimized with the Yoast SEO Premium plugin v27.3 (Yoast SEO v27.3) - https:\/\/yoast.com\/product\/yoast-seo-premium-wordpress\/ -->\n<title>Mercedes-Benz T\u00fcrk Ventures x Fark Labs Tekmer Mobilite Program\u0131<\/title>\n<meta name=\"description\" content=\"\u201cMobilite d\u00fcnyas\u0131n\u0131 de\u011fi\u015ftirecek eksik par\u00e7a benim!\u201d diyorsan, i\u015f fikrini, teknolojini ve finansal kaynaklar\u0131n\u0131 g\u00fc\u00e7lendirmeye haz\u0131rsan haydi ba\u015fvur!\" \/>\n<meta name=\"robots\" content=\"index, follow, max-snippet:-1, max-image-preview:large, max-video-preview:-1\" \/>\n<link rel=\"canonical\" href=\"https:\/\/www.farklabs.com\/tr\/girisimler-better-future-path\/mercedes-benz-turk-ventures-mobilite-hizlandirma-programi\/\" \/>\n<meta property=\"og:locale\" content=\"tr_TR\" \/>\n<meta property=\"og:type\" content=\"article\" \/>\n<meta property=\"og:title\" content=\"Mercedes-Benz T\u00fcrk Ventures x Fark Labs Tekmer Mobilite H\u0131zland\u0131rma Program\u0131\" \/>\n<meta property=\"og:description\" content=\"\u201cMobilite d\u00fcnyas\u0131n\u0131 de\u011fi\u015ftirecek eksik par\u00e7a benim!\u201d diyorsan, i\u015f fikrini, teknolojini ve finansal kaynaklar\u0131n\u0131 g\u00fc\u00e7lendirmeye, ad\u0131mlar\u0131n\u0131 h\u0131zland\u0131rarak k\u00fcresel ba\u015far\u0131lara imza atmaya haz\u0131rsan haydi ba\u015fvur!\" \/>\n<meta property=\"og:url\" content=\"https:\/\/www.farklabs.com\/tr\/girisimler-better-future-path\/mercedes-benz-turk-ventures-mobilite-hizlandirma-programi\/\" \/>\n<meta property=\"og:site_name\" content=\"Fark Labs\" \/>\n<meta property=\"article:publisher\" content=\"https:\/\/www.facebook.com\/farklabs\/\" \/>\n<meta property=\"article:modified_time\" content=\"2022-05-09T10:18:28+00:00\" \/>\n<meta property=\"og:image\" content=\"https:\/\/www.farklabs.com\/wp-content\/uploads\/2022\/04\/ProgramAnn.png\" \/>\n\t<meta property=\"og:image:width\" content=\"1000\" \/>\n\t<meta property=\"og:image:height\" content=\"508\" \/>\n\t<meta property=\"og:image:type\" content=\"image\/png\" \/>\n<meta name=\"twitter:card\" content=\"summary_large_image\" \/>\n<meta name=\"twitter:title\" content=\"Mercedes-Benz T\u00fcrk Ventures x Fark Labs Tekmer Mobilite H\u0131zland\u0131rma Program\u0131\" \/>\n<meta name=\"twitter:description\" content=\"\u201cMobilite d\u00fcnyas\u0131n\u0131 de\u011fi\u015ftirecek eksik par\u00e7a benim!\u201d diyorsan, i\u015f fikrini, teknolojini ve finansal kaynaklar\u0131n\u0131 g\u00fc\u00e7lendirmeye, ad\u0131mlar\u0131n\u0131 h\u0131zland\u0131rarak k\u00fcresel ba\u015far\u0131lara imza atmaya haz\u0131rsan haydi ba\u015fvur!\" \/>\n<meta name=\"twitter:site\" content=\"@farklabs\" \/>\n<meta name=\"twitter:label1\" content=\"Tahmini okuma s\u00fcresi\" \/>\n\t<meta name=\"twitter:data1\" content=\"3 dakika\" \/>\n<script type=\"application\/ld+json\" class=\"yoast-schema-graph\">{\"@context\":\"https:\\\/\\\/schema.org\",\"@graph\":[{\"@type\":\"WebPage\",\"@id\":\"https:\\\/\\\/www.farklabs.com\\\/tr\\\/girisimler-better-future-path\\\/mercedes-benz-turk-ventures-mobilite-hizlandirma-programi\\\/\",\"url\":\"https:\\\/\\\/www.farklabs.com\\\/tr\\\/girisimler-better-future-path\\\/mercedes-benz-turk-ventures-mobilite-hizlandirma-programi\\\/\",\"name\":\"Mercedes-Benz T\u00fcrk Ventures x Fark Labs Tekmer Mobilite Program\u0131\",\"isPartOf\":{\"@id\":\"https:\\\/\\\/www.farklabs.com\\\/#website\"},\"primaryImageOfPage\":{\"@id\":\"https:\\\/\\\/www.farklabs.com\\\/tr\\\/girisimler-better-future-path\\\/mercedes-benz-turk-ventures-mobilite-hizlandirma-programi\\\/#primaryimage\"},\"image\":{\"@id\":\"https:\\\/\\\/www.farklabs.com\\\/tr\\\/girisimler-better-future-path\\\/mercedes-benz-turk-ventures-mobilite-hizlandirma-programi\\\/#primaryimage\"},\"thumbnailUrl\":\"https:\\\/\\\/www.farklabs.com\\\/wp-content\\\/uploads\\\/2022\\\/04\\\/ProgramAnn.png\",\"datePublished\":\"2022-04-06T11:52:50+00:00\",\"dateModified\":\"2022-05-09T10:18:28+00:00\",\"description\":\"\u201cMobilite d\u00fcnyas\u0131n\u0131 de\u011fi\u015ftirecek eksik par\u00e7a benim!\u201d diyorsan, i\u015f fikrini, teknolojini ve finansal kaynaklar\u0131n\u0131 g\u00fc\u00e7lendirmeye haz\u0131rsan haydi ba\u015fvur!\",\"breadcrumb\":{\"@id\":\"https:\\\/\\\/www.farklabs.com\\\/tr\\\/girisimler-better-future-path\\\/mercedes-benz-turk-ventures-mobilite-hizlandirma-programi\\\/#breadcrumb\"},\"inLanguage\":\"tr\",\"potentialAction\":[{\"@type\":\"ReadAction\",\"target\":[\"https:\\\/\\\/www.farklabs.com\\\/tr\\\/girisimler-better-future-path\\\/mercedes-benz-turk-ventures-mobilite-hizlandirma-programi\\\/\"]}]},{\"@type\":\"ImageObject\",\"inLanguage\":\"tr\",\"@id\":\"https:\\\/\\\/www.farklabs.com\\\/tr\\\/girisimler-better-future-path\\\/mercedes-benz-turk-ventures-mobilite-hizlandirma-programi\\\/#primaryimage\",\"url\":\"https:\\\/\\\/www.farklabs.com\\\/wp-content\\\/uploads\\\/2022\\\/04\\\/ProgramAnn.png\",\"contentUrl\":\"https:\\\/\\\/www.farklabs.com\\\/wp-content\\\/uploads\\\/2022\\\/04\\\/ProgramAnn.png\",\"width\":1000,\"height\":508},{\"@type\":\"BreadcrumbList\",\"@id\":\"https:\\\/\\\/www.farklabs.com\\\/tr\\\/girisimler-better-future-path\\\/mercedes-benz-turk-ventures-mobilite-hizlandirma-programi\\\/#breadcrumb\",\"itemListElement\":[{\"@type\":\"ListItem\",\"position\":1,\"name\":\"Home\",\"item\":\"https:\\\/\\\/www.farklabs.com\\\/tr\\\/\"},{\"@type\":\"ListItem\",\"position\":2,\"name\":\"G\u0130R\u0130\u015e\u0130MLER\",\"item\":\"https:\\\/\\\/www.farklabs.com\\\/tr\\\/girisimler-better-future-path\\\/\"},{\"@type\":\"ListItem\",\"position\":3,\"name\":\"MOB\u0130L\u0130TE HIZLANDIRMA PROGRAMI\"}]},{\"@type\":\"WebSite\",\"@id\":\"https:\\\/\\\/www.farklabs.com\\\/#website\",\"url\":\"https:\\\/\\\/www.farklabs.com\\\/\",\"name\":\"Fark Labs\",\"description\":\"Better. Future. Together.\",\"publisher\":{\"@id\":\"https:\\\/\\\/www.farklabs.com\\\/#organization\"},\"potentialAction\":[{\"@type\":\"SearchAction\",\"target\":{\"@type\":\"EntryPoint\",\"urlTemplate\":\"https:\\\/\\\/www.farklabs.com\\\/?s={search_term_string}\"},\"query-input\":{\"@type\":\"PropertyValueSpecification\",\"valueRequired\":true,\"valueName\":\"search_term_string\"}}],\"inLanguage\":\"tr\"},{\"@type\":\"Organization\",\"@id\":\"https:\\\/\\\/www.farklabs.com\\\/#organization\",\"name\":\"Fark Labs\",\"url\":\"https:\\\/\\\/www.farklabs.com\\\/\",\"logo\":{\"@type\":\"ImageObject\",\"inLanguage\":\"tr\",\"@id\":\"https:\\\/\\\/www.farklabs.com\\\/#\\\/schema\\\/logo\\\/image\\\/\",\"url\":\"https:\\\/\\\/www.farklabs.com\\\/wp-content\\\/uploads\\\/2022\\\/04\\\/1-Fark-Labs-logo1.png\",\"contentUrl\":\"https:\\\/\\\/www.farklabs.com\\\/wp-content\\\/uploads\\\/2022\\\/04\\\/1-Fark-Labs-logo1.png\",\"width\":337,\"height\":150,\"caption\":\"Fark Labs\"},\"image\":{\"@id\":\"https:\\\/\\\/www.farklabs.com\\\/#\\\/schema\\\/logo\\\/image\\\/\"},\"sameAs\":[\"https:\\\/\\\/www.facebook.com\\\/farklabs\\\/\",\"https:\\\/\\\/x.com\\\/farklabs\",\"https:\\\/\\\/www.instagram.com\\\/farklabs\\\/\",\"https:\\\/\\\/www.linkedin.com\\\/company\\\/farklabs\\\/\",\"https:\\\/\\\/www.youtube.com\\\/c\\\/farklabs\"]}]}<\/script>\n<!-- \/ Yoast SEO Premium plugin. -->","yoast_head_json":{"title":"Mercedes-Benz T\u00fcrk Ventures x Fark Labs Tekmer Mobilite Program\u0131","description":"\u201cMobilite d\u00fcnyas\u0131n\u0131 de\u011fi\u015ftirecek eksik par\u00e7a benim!\u201d diyorsan, i\u015f fikrini, teknolojini ve finansal kaynaklar\u0131n\u0131 g\u00fc\u00e7lendirmeye haz\u0131rsan haydi ba\u015fvur!","robots":{"index":"index","follow":"follow","max-snippet":"max-snippet:-1","max-image-preview":"max-image-preview:large","max-video-preview":"max-video-preview:-1"},"canonical":"https:\/\/www.farklabs.com\/tr\/girisimler-better-future-path\/mercedes-benz-turk-ventures-mobilite-hizlandirma-programi\/","og_locale":"tr_TR","og_type":"article","og_title":"Mercedes-Benz T\u00fcrk Ventures x Fark Labs Tekmer Mobilite H\u0131zland\u0131rma Program\u0131","og_description":"\u201cMobilite d\u00fcnyas\u0131n\u0131 de\u011fi\u015ftirecek eksik par\u00e7a benim!\u201d diyorsan, i\u015f fikrini, teknolojini ve finansal kaynaklar\u0131n\u0131 g\u00fc\u00e7lendirmeye, ad\u0131mlar\u0131n\u0131 h\u0131zland\u0131rarak k\u00fcresel ba\u015far\u0131lara imza atmaya haz\u0131rsan haydi ba\u015fvur!","og_url":"https:\/\/www.farklabs.com\/tr\/girisimler-better-future-path\/mercedes-benz-turk-ventures-mobilite-hizlandirma-programi\/","og_site_name":"Fark Labs","article_publisher":"https:\/\/www.facebook.com\/farklabs\/","article_modified_time":"2022-05-09T10:18:28+00:00","og_image":[{"width":1000,"height":508,"url":"https:\/\/www.farklabs.com\/wp-content\/uploads\/2022\/04\/ProgramAnn.png","type":"image\/png"}],"twitter_card":"summary_large_image","twitter_title":"Mercedes-Benz T\u00fcrk Ventures x Fark Labs Tekmer Mobilite H\u0131zland\u0131rma Program\u0131","twitter_description":"\u201cMobilite d\u00fcnyas\u0131n\u0131 de\u011fi\u015ftirecek eksik par\u00e7a benim!\u201d diyorsan, i\u015f fikrini, teknolojini ve finansal kaynaklar\u0131n\u0131 g\u00fc\u00e7lendirmeye, ad\u0131mlar\u0131n\u0131 h\u0131zland\u0131rarak k\u00fcresel ba\u015far\u0131lara imza atmaya haz\u0131rsan haydi ba\u015fvur!","twitter_site":"@farklabs","twitter_misc":{"Tahmini okuma s\u00fcresi":"3 dakika"},"schema":{"@context":"https:\/\/schema.org","@graph":[{"@type":"WebPage","@id":"https:\/\/www.farklabs.com\/tr\/girisimler-better-future-path\/mercedes-benz-turk-ventures-mobilite-hizlandirma-programi\/","url":"https:\/\/www.farklabs.com\/tr\/girisimler-better-future-path\/mercedes-benz-turk-ventures-mobilite-hizlandirma-programi\/","name":"Mercedes-Benz T\u00fcrk Ventures x Fark Labs Tekmer Mobilite Program\u0131","isPartOf":{"@id":"https:\/\/www.farklabs.com\/#website"},"primaryImageOfPage":{"@id":"https:\/\/www.farklabs.com\/tr\/girisimler-better-future-path\/mercedes-benz-turk-ventures-mobilite-hizlandirma-programi\/#primaryimage"},"image":{"@id":"https:\/\/www.farklabs.com\/tr\/girisimler-better-future-path\/mercedes-benz-turk-ventures-mobilite-hizlandirma-programi\/#primaryimage"},"thumbnailUrl":"https:\/\/www.farklabs.com\/wp-content\/uploads\/2022\/04\/ProgramAnn.png","datePublished":"2022-04-06T11:52:50+00:00","dateModified":"2022-05-09T10:18:28+00:00","description":"\u201cMobilite d\u00fcnyas\u0131n\u0131 de\u011fi\u015ftirecek eksik par\u00e7a benim!\u201d diyorsan, i\u015f fikrini, teknolojini ve finansal kaynaklar\u0131n\u0131 g\u00fc\u00e7lendirmeye haz\u0131rsan haydi ba\u015fvur!","breadcrumb":{"@id":"https:\/\/www.farklabs.com\/tr\/girisimler-better-future-path\/mercedes-benz-turk-ventures-mobilite-hizlandirma-programi\/#breadcrumb"},"inLanguage":"tr","potentialAction":[{"@type":"ReadAction","target":["https:\/\/www.farklabs.com\/tr\/girisimler-better-future-path\/mercedes-benz-turk-ventures-mobilite-hizlandirma-programi\/"]}]},{"@type":"ImageObject","inLanguage":"tr","@id":"https:\/\/www.farklabs.com\/tr\/girisimler-better-future-path\/mercedes-benz-turk-ventures-mobilite-hizlandirma-programi\/#primaryimage","url":"https:\/\/www.farklabs.com\/wp-content\/uploads\/2022\/04\/ProgramAnn.png","contentUrl":"https:\/\/www.farklabs.com\/wp-content\/uploads\/2022\/04\/ProgramAnn.png","width":1000,"height":508},{"@type":"BreadcrumbList","@id":"https:\/\/www.farklabs.com\/tr\/girisimler-better-future-path\/mercedes-benz-turk-ventures-mobilite-hizlandirma-programi\/#breadcrumb","itemListElement":[{"@type":"ListItem","position":1,"name":"Home","item":"https:\/\/www.farklabs.com\/tr\/"},{"@type":"ListItem","position":2,"name":"G\u0130R\u0130\u015e\u0130MLER","item":"https:\/\/www.farklabs.com\/tr\/girisimler-better-future-path\/"},{"@type":"ListItem","position":3,"name":"MOB\u0130L\u0130TE HIZLANDIRMA PROGRAMI"}]},{"@type":"WebSite","@id":"https:\/\/www.farklabs.com\/#website","url":"https:\/\/www.farklabs.com\/","name":"Fark Labs","description":"Better. Future. Together.","publisher":{"@id":"https:\/\/www.farklabs.com\/#organization"},"potentialAction":[{"@type":"SearchAction","target":{"@type":"EntryPoint","urlTemplate":"https:\/\/www.farklabs.com\/?s={search_term_string}"},"query-input":{"@type":"PropertyValueSpecification","valueRequired":true,"valueName":"search_term_string"}}],"inLanguage":"tr"},{"@type":"Organization","@id":"https:\/\/www.farklabs.com\/#organization","name":"Fark Labs","url":"https:\/\/www.farklabs.com\/","logo":{"@type":"ImageObject","inLanguage":"tr","@id":"https:\/\/www.farklabs.com\/#\/schema\/logo\/image\/","url":"https:\/\/www.farklabs.com\/wp-content\/uploads\/2022\/04\/1-Fark-Labs-logo1.png","contentUrl":"https:\/\/www.farklabs.com\/wp-content\/uploads\/2022\/04\/1-Fark-Labs-logo1.png","width":337,"height":150,"caption":"Fark Labs"},"image":{"@id":"https:\/\/www.farklabs.com\/#\/schema\/logo\/image\/"},"sameAs":["https:\/\/www.facebook.com\/farklabs\/","https:\/\/x.com\/farklabs","https:\/\/www.instagram.com\/farklabs\/","https:\/\/www.linkedin.com\/company\/farklabs\/","https:\/\/www.youtube.com\/c\/farklabs"]}]}},"_links":{"self":[{"href":"https:\/\/www.farklabs.com\/tr\/wp-json\/wp\/v2\/pages\/8288","targetHints":{"allow":["GET"]}}],"collection":[{"href":"https:\/\/www.farklabs.com\/tr\/wp-json\/wp\/v2\/pages"}],"about":[{"href":"https:\/\/www.farklabs.com\/tr\/wp-json\/wp\/v2\/types\/page"}],"author":[{"embeddable":true,"href":"https:\/\/www.farklabs.com\/tr\/wp-json\/wp\/v2\/users\/1"}],"replies":[{"embeddable":true,"href":"https:\/\/www.farklabs.com\/tr\/wp-json\/wp\/v2\/comments?post=8288"}],"version-history":[{"count":42,"href":"https:\/\/www.farklabs.com\/tr\/wp-json\/wp\/v2\/pages\/8288\/revisions"}],"predecessor-version":[{"id":9124,"href":"https:\/\/www.farklabs.com\/tr\/wp-json\/wp\/v2\/pages\/8288\/revisions\/9124"}],"up":[{"embeddable":true,"href":"https:\/\/www.farklabs.com\/tr\/wp-json\/wp\/v2\/pages\/14237"}],"wp:featuredmedia":[{"embeddable":true,"href":"https:\/\/www.farklabs.com\/tr\/wp-json\/wp\/v2\/media\/8355"}],"wp:attachment":[{"href":"https:\/\/www.farklabs.com\/tr\/wp-json\/wp\/v2\/media?parent=8288"}],"curies":[{"name":"wp","href":"https:\/\/api.w.org\/{rel}","templated":true}]}}